{"id":11965,"date":"2023-07-07T11:20:47","date_gmt":"2023-07-07T09:20:47","guid":{"rendered":"https:\/\/lentrouvert.com\/?page_id=11965"},"modified":"2023-07-10T11:34:17","modified_gmt":"2023-07-10T09:34:17","slug":"remember-2","status":"publish","type":"page","link":"https:\/\/lentrouvert.com\/en\/remember-2\/","title":{"rendered":"RE:MEMBER #2"},"content":{"rendered":"<p>[et_pb_section fb_built=&#8221;1&#8243; admin_label=&#8221;section&#8221; _builder_version=&#8221;4.21.0&#8243; background_image=&#8221;https:\/\/lentrouvert.com\/wp-content\/uploads\/2022\/10\/remember_\u00a9Joachim-Fleischer-2-1-scaled.jpg&#8221; parallax=&#8221;on&#8221; parallax_method=&#8221;off&#8221; custom_margin=&#8221;0px||||false|false&#8221; custom_padding=&#8221;64vh|||10vw|false|false&#8221; background_color_tablet=&#8221;#e3eef2&#8243; background_color_phone=&#8221;rgba(93,118,119,0.12)&#8221; background_last_edited=&#8221;on|phone&#8221; background_enable_color_tablet=&#8221;on&#8221; background_enable_color_phone=&#8221;on&#8221; background_image_tablet=&#8221;https:\/\/lentrouvert.com\/wp-content\/uploads\/2021\/06\/\u00a9-Ingo-Potrykus.jpg&#8221; background_enable_image_tablet=&#8221;on&#8221; background_enable_image_phone=&#8221;off&#8221; locked=&#8221;off&#8221; global_colors_info=&#8221;{}&#8221; alt_tablet=&#8221;Lands&#8221; title_text_tablet=&#8221;Lands&#8221;][et_pb_row use_custom_gutter=&#8221;on&#8221; custom_padding_last_edited=&#8221;off|desktop&#8221; admin_label=&#8221;descriptif&#8221; _builder_version=&#8221;4.21.0&#8243; background_size=&#8221;initial&#8221; background_position=&#8221;top_left&#8221; background_repeat=&#8221;repeat&#8221; width=&#8221;60%&#8221; width_tablet=&#8221;auto&#8221; width_phone=&#8221;85vw&#8221; width_last_edited=&#8221;on|desktop&#8221; module_alignment=&#8221;left&#8221; custom_margin=&#8221;||0px||false|false&#8221; custom_margin_tablet=&#8221;100px|||50px|false|false&#8221; custom_margin_phone=&#8221;20px|||25px|false|false&#8221; custom_margin_last_edited=&#8221;off|desktop&#8221; custom_padding=&#8221;0px||0px||false|false&#8221; animation_direction=&#8221;bottom&#8221; global_colors_info=&#8221;{}&#8221;][et_pb_column type=&#8221;4_4&#8243; _builder_version=&#8221;4.16&#8243; background_enable_color=&#8221;off&#8221; border_radii=&#8221;off||10px||&#8221; global_colors_info=&#8221;{}&#8221; custom_padding__hover=&#8221;|||&#8221;][et_pb_icon font_icon=&#8221;&#x22;||divi||400&#8243; icon_color=&#8221;#FFFFFF&#8221; icon_width=&#8221;56px&#8221; url=&#8221;#content&#8221; align=&#8221;left&#8221; _builder_version=&#8221;4.21.0&#8243; _module_preset=&#8221;default&#8221; global_colors_info=&#8221;{}&#8221;][\/et_pb_icon][et_pb_text content_tablet=&#8221;<\/p>\n<h1>RE-MEMBER ENSEMBLE<\/h1>\n<h2>Cr\u00e9ation franco-allemande<\/h2>\n<p>&#8221; content_phone=&#8221;<\/p>\n<h1>RE-MEMBER ENSEMBLE<\/h1>\n<h2>Cr\u00e9ation franco-allemande<\/h2>\n<p>&#8221; content_last_edited=&#8221;on|phone&#8221; _builder_version=&#8221;4.21.0&#8243; header_font=&#8221;Work Sans|100||on|||||&#8221; header_text_color=&#8221;#ffffff&#8221; header_font_size=&#8221;150px&#8221; header_letter_spacing=&#8221;-2px&#8221; header_line_height=&#8221;0.9em&#8221; header_2_font=&#8221;Work Sans|100||on|||||&#8221; header_2_text_align=&#8221;left&#8221; header_2_text_color=&#8221;#FFFFFF&#8221; header_2_font_size=&#8221;10vw&#8221; header_2_letter_spacing=&#8221;-2px&#8221; header_2_line_height=&#8221;0.9em&#8221; header_3_font=&#8221;Mulish|300|||||||&#8221; header_3_text_color=&#8221;#FFFFFF&#8221; header_3_font_size=&#8221;2em&#8221; header_4_font=&#8221;||||||||&#8221; header_6_font=&#8221;|500|||||||&#8221; background_enable_color=&#8221;off&#8221; custom_margin=&#8221;||10px||false|false&#8221; header_text_color_tablet=&#8221;&#8221; header_text_color_phone=&#8221;#666666&#8243; header_text_color_last_edited=&#8221;on|phone&#8221; header_font_size_tablet=&#8221;&#8221; header_font_size_phone=&#8221;60px&#8221; header_font_size_last_edited=&#8221;on|phone&#8221; header_2_font_tablet=&#8221;&#8221; header_2_font_phone=&#8221;&#8221; header_2_font_last_edited=&#8221;on|phone&#8221; header_2_text_color_tablet=&#8221;&#8221; header_2_text_color_phone=&#8221;#333333&#8243; header_2_text_color_last_edited=&#8221;on|desktop&#8221; global_colors_info=&#8221;{}&#8221;]<\/p>\n<h2>RE:MEMBER<\/h2>\n<h3>Cr\u00e9ation franco-allemande<\/h3>\n<p>[\/et_pb_text][\/et_pb_column][\/et_pb_row][et_pb_row column_structure=&#8221;2_3,1_3&#8243; use_custom_gutter=&#8221;on&#8221; custom_padding_last_edited=&#8221;off|desktop&#8221; admin_label=&#8221;descriptif&#8221; module_id=&#8221;content&#8221; _builder_version=&#8221;4.21.0&#8243; background_size=&#8221;initial&#8221; background_position=&#8221;top_left&#8221; background_repeat=&#8221;repeat&#8221; width=&#8221;60%&#8221; width_tablet=&#8221;auto&#8221; width_phone=&#8221;85vw&#8221; width_last_edited=&#8221;on|desktop&#8221; module_alignment=&#8221;left&#8221; custom_margin=&#8221;0px||||false|false&#8221; custom_margin_tablet=&#8221;100px|||50px|false|false&#8221; custom_margin_phone=&#8221;20px|||25px|false|false&#8221; custom_margin_last_edited=&#8221;off|desktop&#8221; custom_padding=&#8221;0px||||false|false&#8221; animation_direction=&#8221;bottom&#8221; global_colors_info=&#8221;{}&#8221;][et_pb_column type=&#8221;2_3&#8243; _builder_version=&#8221;4.21.0&#8243; background_enable_color=&#8221;off&#8221; global_colors_info=&#8221;{}&#8221; custom_padding__hover=&#8221;|||&#8221;][et_pb_text quote_border_color=&#8221;rgba(102,102,102,0.5)&#8221; content_tablet=&#8221;&#8221; content_phone=&#8221;&#8221; content_last_edited=&#8221;on|phone&#8221; admin_label=&#8221;Text&#8221; _builder_version=&#8221;4.21.0&#8243; text_font=&#8221;||||||||&#8221; text_text_color=&#8221;#666666&#8243; text_font_size=&#8221;16px&#8221; text_line_height=&#8221;1.6em&#8221; quote_text_color=&#8221;#666666&#8243; header_font=&#8221;|100|||||||&#8221; header_line_height=&#8221;1.1em&#8221; header_2_font=&#8221;|300||||||#f2e200|&#8221; header_2_font_size=&#8221;23px&#8221; header_3_font=&#8221;|300|||||||&#8221; header_3_font_size=&#8221;21px&#8221; header_3_line_height=&#8221;1.2em&#8221; header_4_font=&#8221;|||on|||||&#8221; header_4_font_size=&#8221;15px&#8221; header_4_line_height=&#8221;1.3em&#8221; header_5_font=&#8221;|||on|||||&#8221; header_5_font_size=&#8221;13px&#8221; header_5_line_height=&#8221;1.6em&#8221; header_6_font=&#8221;|500|||||||&#8221; header_6_text_color=&#8221;#666666&#8243; header_6_font_size=&#8221;13px&#8221; header_6_line_height=&#8221;1.3em&#8221; background_color=&#8221;rgba(255,255,255,0.9)&#8221; background_size=&#8221;initial&#8221; background_position=&#8221;top_left&#8221; background_repeat=&#8221;repeat&#8221; width_tablet=&#8221;70vw&#8221; width_phone=&#8221;90vw&#8221; width_last_edited=&#8221;on|phone&#8221; module_alignment=&#8221;left&#8221; custom_margin=&#8221;0px||10px||false|false&#8221; custom_margin_phone=&#8221;|15px||15px|false|false&#8221; custom_margin_last_edited=&#8221;off|desktop&#8221; custom_padding=&#8221;20px|20px|20px|20px|true|false&#8221; custom_padding_phone=&#8221;|30px||15px|true|false&#8221; custom_padding_last_edited=&#8221;off|desktop&#8221; header_font_tablet=&#8221;&#8221; header_font_phone=&#8221;&#8221; header_font_last_edited=&#8221;on|phone&#8221; header_2_font_tablet=&#8221;&#8221; header_2_font_phone=&#8221;&#8221; header_2_font_last_edited=&#8221;on|desktop&#8221; border_radii_last_edited=&#8221;off|desktop&#8221; global_colors_info=&#8221;{}&#8221;]<\/p>\n<h4>cr\u00e9ation mars 2023<\/h4>\n<h5>Tout public<\/h5>\n<div class=\"page\" title=\"Page 3\">\n<div class=\"layoutArea\">\n<div class=\"column\">\n<div class=\"page\" title=\"Page 3\">\n<div class=\"layoutArea\">\n<h3><span>\u00c0 l\u2019initiative de Frank Bernhardt, directeur artistique du Th\u00e9\u00e2tre de Marionnette historique de Magdeburg, ce projet est n\u00e9e de la rencontre des deux metteuses en sc\u00e8nes et marionnettistes, Julika Mayer et Elise Vigneron et une partie des interpr\u00e8tes de l\u2019Ensemble\/ \u00e9quipe permanente du th\u00e9\u00e2tre de marionnette.<\/span><\/h3>\n<p><span>A l\u2019image des jeux de ficelles de Donna Haraway, cette rencontre se tisse autour de notre pratique, historique et contemporaine, celle du \u00a0marionnettiste. A<\/span><span>\u00a0travers le prisme de l\u2019animation\u00a0<\/span>\u00a0nous questionnons notre relation au monde , nous explorons le fait d\u2019\u00eatre\u00a0reli\u00e9.e.s, \u00a0connect\u00e9.e.s, le d\u00e9sir de l\u2019\u00eatre, et l\u2019effort pour le rester.<\/p>\n<p>Emergent de cette qu\u00eate des portraits individuels et collectifs, un ch\u0153ur compos\u00e9 de marionnettes \u00e0 fils, d\u2019humains et de v\u00e9g\u00e9taux.<\/p>\n<h5><\/h5>\n<h5><\/h5>\n<h5>Projet laur\u00e9at Fonds Transfabrik 2022.<\/h5>\n<\/div>\n<\/div>\n<\/div>\n<div>\n<div class=\"font_preload\" style=\"opacity: 0;\"><span style=\"font-family: Tropiline, Verdana, Geneva, sans-serif;\"><\/span><span style=\"font-family: Inter,;\" sf=\"\" ui=\"\" text=\"\" system=\"\" -apple-system=\"\" sfnsdisplay-regular=\"\" sfprotext-regular=\"\" blinkmacsystemfont=\"\" segoe=\"\" roboto=\"\" oxygen=\"\" ubuntu=\"\" cantarell=\"\" fira=\"\" sans=\"\" droid=\"\" helvetica=\"\" neue=\"\" sans-serif=\"\"><\/span><\/div>\n<\/div>\n<\/div>\n<\/div>\n<p>[\/et_pb_text][et_pb_toggle title=&#8221;distribution&#8221; open_toggle_text_color=&#8221;#333333&#8243; open_toggle_background_color=&#8221;rgba(255,255,255,0.9)&#8221; closed_toggle_text_color=&#8221;#333333&#8243; closed_toggle_background_color=&#8221;rgba(255,255,255,0.89)&#8221; icon_color=&#8221;#333333&#8243; admin_label=&#8221;distribution&#8221; _builder_version=&#8221;4.21.0&#8243; title_text_color=&#8221;#333333&#8243; title_level=&#8221;h3&#8243; body_font_size=&#8221;14px&#8221; body_line_height=&#8221;1.6em&#8221; width_phone=&#8221;85vw&#8221; custom_padding=&#8221;3px|15px|3px|17px|false|false&#8221; custom_padding_tablet=&#8221;&#8221; custom_padding_phone=&#8221;|30px||15px|false|false&#8221; custom_padding_last_edited=&#8221;on|phone&#8221; global_colors_info=&#8221;{}&#8221;]<\/p>\n<p><strong>Conception, mise en sc\u00e8ne, sc\u00e8nographie et costumes<\/strong> \u00c9lise Vigneron et Julika Mayer<br \/><strong>Cr\u00e9ation musicale<\/strong> Ensemble Shan (Ariel Tessier, Julien Pontvianne, Pascal Charrier et Cati Delolme \u2013 Compagnie Na\u00ef No Production).<br \/><strong>Dramaturgie et production<\/strong> Petra Szemacha<br \/><strong>Avec les marionnettistes de l\u2019ensemble du Puppentheater de Magdeburg<\/strong> Luisa Gr\u00fcning, Annima Mosimann, Freda Winter, Leonhard Schubert, Kaspar Weith<br \/><strong>Participation \u00e0 la cr\u00e9ation<\/strong> Jana Weichelt<br \/><strong>Regard ext\u00e9rieur<\/strong>\u00a0 Frank Bernhardt, Charlot Lemoine<br \/><strong>Lumi\u00e8re et r\u00e9gie g\u00e9n\u00e9rale <\/strong>Joachim Fleischer (Allemagne)<br \/><strong>R\u00e9gie plateau <\/strong>Samson Milcent (France) et Oliver Freund (Allemagne)<br \/><strong>Prise de son<\/strong> Fran\u00e7ois Charrier (Compagnie Na\u00ef No Production)<br \/><strong>Ateliers de construction<\/strong> Puppentheater de Magdeburg avec Christian Sasse (responsable) et Tobias K\u00f6rner (directeur technique)<br \/><strong>Traductrice<\/strong> Marie Yan<\/p>\n<p>[\/et_pb_toggle][et_pb_toggle title=&#8221;Production &#038; soutiens&#8221; open_toggle_text_color=&#8221;#333333&#8243; open_toggle_background_color=&#8221;rgba(255,255,255,0.9)&#8221; closed_toggle_text_color=&#8221;#333333&#8243; closed_toggle_background_color=&#8221;rgba(255,255,255,0.89)&#8221; icon_color=&#8221;#333333&#8243; admin_label=&#8221;Production &#038; soutiens&#8221; _builder_version=&#8221;4.21.0&#8243; title_text_color=&#8221;#333333&#8243; title_level=&#8221;h3&#8243; body_font_size=&#8221;14px&#8221; body_line_height=&#8221;1.6em&#8221; custom_margin=&#8221;1px|||0px|false|false&#8221; custom_margin_last_edited=&#8221;off|desktop&#8221; custom_padding=&#8221;3px|15px|3px|17px|false|false&#8221; custom_padding_tablet=&#8221;&#8221; custom_padding_phone=&#8221;|30px||15px|false|false&#8221; custom_padding_last_edited=&#8221;on|phone&#8221; global_colors_info=&#8221;{}&#8221;]<\/p>\n<p><strong>Production<\/strong> Th\u00e9\u00e2tre de Magdebourg, Allemagne<br \/><strong>Coproduction<\/strong> Th\u00e9\u00e2tre de l\u2019Entrouvert, Apt (84) ; Velo Th\u00e9\u00e2tre, sc\u00e8ne conventionn\u00e9e, Apt (84)\u00a0; Th\u00e9\u00e2tre Export Deutschland &#8211; Objets &amp; Marionnettes\u00a0; FOKUS 20.21\u00a0; Fonds Transfabrik \u2013 Fonds franco-allemand pour le spectacle vivant<br \/><strong>Soutiens<\/strong> Minist\u00e8re de la Culture \u2013 DGCA\u00a0; Institut Fran\u00e7ais\u00a0; financ\u00e9 avec les fonds du prix f\u00e9d\u00e9ral du Th\u00e9\u00e2tre 2019 du centre de la R\u00e9publique f\u00e9d\u00e9rale d\u2019Allemagne de l\u2019IIT<br \/><strong>Cr\u00e9ation<\/strong> au V\u00e9lo Th\u00e9\u00e2tre d\u2019Apt, au Th\u00e9\u00e2tre de Marionnettes de Magdebourg et \u00e0 Sc\u00e8ne 55 \u00e0 Mougins.<\/p>\n<p>Ce projet est laur\u00e9at 2022 du Fonds TRANSFABRIK, fonds franco- allemand pour le spectacle vivant<\/p>\n<p>[\/et_pb_toggle][et_pb_toggle title=&#8221;t\u00e9l\u00e9chargement&#8221; open_toggle_text_color=&#8221;#333333&#8243; open_toggle_background_color=&#8221;rgba(255,255,255,0.9)&#8221; closed_toggle_text_color=&#8221;#333333&#8243; closed_toggle_background_color=&#8221;rgba(255,255,255,0.89)&#8221; icon_color=&#8221;#333333&#8243; admin_label=&#8221;t\u00e9l\u00e9chargement&#8221; _builder_version=&#8221;4.21.0&#8243; title_text_color=&#8221;#333333&#8243; title_level=&#8221;h3&#8243; body_font_size=&#8221;14px&#8221; body_line_height=&#8221;1.6em&#8221; custom_margin=&#8221;1px|||0px|false|false&#8221; custom_margin_last_edited=&#8221;off|desktop&#8221; custom_padding=&#8221;3px|15px|3px|17px|false|false&#8221; custom_padding_tablet=&#8221;&#8221; custom_padding_phone=&#8221;|30px||15px|false|false&#8221; custom_padding_last_edited=&#8221;on|phone&#8221; global_colors_info=&#8221;{}&#8221;][\/et_pb_toggle][et_pb_gallery gallery_ids=&#8221;11607,11609,11611,11613,11615&#8243; fullwidth=&#8221;on&#8221; _builder_version=&#8221;4.18.0&#8243; background_layout=&#8221;dark&#8221; width=&#8221;100%&#8221; width_tablet=&#8221;75%&#8221; width_phone=&#8221;100%&#8221; width_last_edited=&#8221;on|phone&#8221; custom_margin=&#8221;||12px|0px|false|false&#8221; custom_margin_tablet=&#8221;&#8221; custom_margin_phone=&#8221;&#8221; custom_margin_last_edited=&#8221;on|tablet&#8221; custom_padding=&#8221;11px|0px||0px|false|false&#8221; border_radii=&#8221;on|1px|1px|1px|1px&#8221; border_radii_tablet=&#8221;&#8221; border_radii_phone=&#8221;&#8221; border_radii_last_edited=&#8221;on|phone&#8221; global_colors_info=&#8221;{}&#8221; width__hover_enabled=&#8221;off|desktop&#8221;][\/et_pb_gallery][\/et_pb_column][et_pb_column type=&#8221;1_3&#8243; _builder_version=&#8221;4.21.0&#8243; background_enable_color=&#8221;off&#8221; custom_padding=&#8221;0px|0px|0px|0px|true|true&#8221; global_colors_info=&#8221;{}&#8221; custom_padding__hover=&#8221;|||&#8221;][et_pb_sidebar area=&#8221;et_pb_widget_area_3&#8243; _builder_version=&#8221;4.21.0&#8243; _module_preset=&#8221;default&#8221; header_font=&#8221;Mulish|600|||||||&#8221; header_text_color=&#8221;#FFFFFF&#8221; header_font_size=&#8221;0.9em&#8221; body_font=&#8221;Mulish||||||||&#8221; body_text_color=&#8221;#FFFFFF&#8221; body_font_size=&#8221;1em&#8221; body_line_height=&#8221;1.5em&#8221; background_color=&#8221;rgba(0,35,38,0.81)&#8221; background_layout=&#8221;dark&#8221; custom_padding=&#8221;20px|20px|20px|20px|false|false&#8221; hover_enabled=&#8221;0&#8243; global_colors_info=&#8221;{}&#8221; sticky_enabled=&#8221;0&#8243;][\/et_pb_sidebar][\/et_pb_column][\/et_pb_row][\/et_pb_section]<\/p>\n","protected":false},"excerpt":{"rendered":"<p>RE:MEMBER Cr\u00e9ation franco-allemandecr\u00e9ation mars 2023 Tout public \u00c0 l\u2019initiative de Frank Bernhardt, directeur artistique du Th\u00e9\u00e2tre de Marionnette historique de Magdeburg, ce projet est n\u00e9e de la rencontre des deux [&hellip;]<\/p>\n","protected":false},"author":3,"featured_media":11609,"parent":0,"menu_order":0,"comment_status":"closed","ping_status":"closed","template":"","meta":{"_et_pb_use_builder":"on","_et_pb_old_content":"[et_pb_section fb_built=\"1\" admin_label=\"section\" _builder_version=\"4.18.0\" background_image=\"https:\/\/lentrouvert.com\/wp-content\/uploads\/2022\/10\/remember_\u00a9Joachim-Fleischer-2-1-scaled.jpg\" parallax=\"on\" parallax_method=\"off\" custom_margin=\"0px||||false|false\" custom_padding=\"20px||||false|false\" background_color_tablet=\"#e3eef2\" background_color_phone=\"rgba(93,118,119,0.12)\" background_last_edited=\"on|phone\" background_enable_color_tablet=\"on\" background_enable_color_phone=\"on\" background_image_tablet=\"https:\/\/lentrouvert.com\/wp-content\/uploads\/2021\/06\/\u00a9-Ingo-Potrykus.jpg\" background_enable_image_tablet=\"on\" background_enable_image_phone=\"off\" locked=\"off\" global_colors_info=\"{}\" alt_tablet=\"Lands\" title_text_tablet=\"Lands\"][et_pb_row column_structure=\"1_2,1_4,1_4\" custom_padding_last_edited=\"on|phone\" admin_label=\"descriptif\" _builder_version=\"4.16\" background_size=\"initial\" background_position=\"top_left\" background_repeat=\"repeat\" width=\"auto\" width_tablet=\"auto\" width_phone=\"85vw\" width_last_edited=\"on|desktop\" custom_margin=\"200px|||150px|false|false\" custom_margin_tablet=\"100px|||50px|false|false\" custom_margin_phone=\"20px|||25px|false|false\" custom_margin_last_edited=\"on|phone\" custom_padding=\"88px||||false|false\" custom_padding_tablet=\"\" custom_padding_phone=\"\" animation_direction=\"bottom\" global_colors_info=\"{}\"][et_pb_column type=\"1_2\" _builder_version=\"4.16\" background_enable_color=\"off\" border_radii=\"off||10px||\" global_colors_info=\"{}\" custom_padding__hover=\"|||\"][et_pb_text content_tablet=\"\n<h1>RE-MEMBER ENSEMBLE<\/h1>\n<h2>Cr\u00e9ation franco-allemande<\/h2>\n\" content_phone=\"\n<h1>RE-MEMBER ENSEMBLE<\/h1>\n<h2>Cr\u00e9ation franco-allemande<\/h2>\n\" content_last_edited=\"on|phone\" _builder_version=\"4.17.6\" header_font=\"lentrouvert|||on|||||\" header_text_color=\"#ffffff\" header_font_size=\"90px\" header_letter_spacing=\"-2px\" header_line_height=\"0.9em\" header_2_font=\"|300|||||||\" header_2_text_color=\"#ffffff\" header_2_font_size=\"25px\" header_3_font=\"||||||||\" header_4_font=\"||||||||\" header_6_font=\"|500|||||||\" background_color=\"rgba(51,51,51,0.46)\" custom_margin=\"||10px||false|false\" header_font_tablet=\"\" header_font_phone=\"Muli|200||on|||||\" header_font_last_edited=\"on|phone\" header_text_color_tablet=\"\" header_text_color_phone=\"#666666\" header_text_color_last_edited=\"on|phone\" header_font_size_tablet=\"\" header_font_size_phone=\"60px\" header_font_size_last_edited=\"on|phone\" header_2_font_tablet=\"\" header_2_font_phone=\"\" header_2_font_last_edited=\"on|phone\" header_2_text_color_tablet=\"\" header_2_text_color_phone=\"#333333\" header_2_text_color_last_edited=\"on|desktop\" global_colors_info=\"{}\"]\n<h1>RE:MEMBER<\/h1>\n<h2>Cr\u00e9ation franco-allemande<\/h2>\n[\/et_pb_text][et_pb_text quote_border_color=\"rgba(102,102,102,0.5)\" content_tablet=\"\n<h4>cr\u00e9ation mars 2023<\/h4>\n<h5>Tout public<\/h5>\n<div class=\"%22page%22\" title=\"%22Page\" 3%22=\"\">\n<div class=\"%22layoutArea%22\">\n<div class=\"%22column%22\">\n<div class=\"%22page%22\" title=\"%22Page\" 3%22=\"\">\n<h3 class=\"%22layoutArea%22\">Ce projet est une invitation faite \u00e0 Elise Vigneron et Julika Mayer de la part de Frank Bernhardt, directeur et metteur en sc\u00e8ne du th\u00e9\u00e2tre de marionnettes de Magdeburg (Allemagne) \u00e0 cr\u00e9er un spectacle avec  son ensemble, troupe permanente compos\u00e9e d\u2019une dizaine de com\u00e9diens-marionnettistes.<\/h3>\n<div class=\"%22layoutArea%22\">\n\nSi la th\u00e9matique et la forme vont se construire lors des premiers temps de rencontres avec les acteurs marionnettistes de l\u2019Ensemble, Elise et Julika souhaitent, en s\u2019appuyant sur le roman de H\u00e9l\u00e8ne Giannecchini, \u00ab Voir de ses propres yeux \u00bb, les et se questionner sur leur pratique de marionnettiste pour aborder une question plus universelle et collective qui est \u00ab comment vivre avec nos morts ? \u00bb\n\n<\/div>\n<\/div>\n<\/div>\n<div>\n<div class=\"%22font_preload%22\" style=\"%22opacity:\" 0;%22=\"\"><\/div>\n<\/div>\n<\/div>\n<\/div>\n\" content_phone=\"\n<h4>cr\u00e9ation mars 2023<\/h4>\n<h5>Tout public<\/h5>\n<div class=\"%22page%22\" title=\"%22Page\" 3%22=\"\">\n<div class=\"%22layoutArea%22\">\n<div class=\"%22column%22\">\n<div class=\"%22page%22\" title=\"%22Page\" 3%22=\"\">\n<h3 class=\"%22layoutArea%22\">Ce projet est une invitation faite \u00e0 Elise Vigneron et Julika Mayer de la part de Frank Bernhardt, directeur et metteur en sc\u00e8ne du th\u00e9\u00e2tre de marionnettes de Magdeburg (Allemagne) \u00e0 cr\u00e9er un spectacle avec  son ensemble, troupe permanente compos\u00e9e d\u2019une dizaine de com\u00e9diens-marionnettistes.<\/h3>\n<div class=\"%22layoutArea%22\">\n\nSi la th\u00e9matique et la forme vont se construire lors des premiers temps de rencontres avec les acteurs marionnettistes de l\u2019Ensemble, Elise et Julika souhaitent, en s\u2019appuyant sur le roman de H\u00e9l\u00e8ne Giannecchini, \u00ab Voir de ses propres yeux \u00bb, les et se questionner sur leur pratique de marionnettiste pour aborder une question plus universelle et collective qui est \u00ab comment vivre avec nos morts ? \u00bb\n\n<\/div>\n<\/div>\n<\/div>\n<div>\n<div class=\"%22font_preload%22\" style=\"%22opacity:\" 0;%22=\"\"><\/div>\n<\/div>\n<\/div>\n<\/div>\n\" content_last_edited=\"on|phone\" admin_label=\"Text\" _builder_version=\"4.20.0\" text_font=\"||||||||\" text_text_color=\"#666666\" text_font_size=\"16px\" text_line_height=\"1.6em\" quote_text_color=\"#666666\" header_font=\"|100|||||||\" header_line_height=\"1.1em\" header_2_font=\"|300||||||#f2e200|\" header_2_font_size=\"23px\" header_3_font=\"|300|||||||\" header_3_font_size=\"21px\" header_3_line_height=\"1.2em\" header_4_font=\"|||on|||||\" header_4_font_size=\"15px\" header_4_line_height=\"1.3em\" header_5_font=\"|||on|||||\" header_5_font_size=\"13px\" header_5_line_height=\"1.6em\" header_6_font=\"|500|||||||\" header_6_text_color=\"#666666\" header_6_font_size=\"13px\" header_6_line_height=\"1.3em\" background_color=\"rgba(255,255,255,0.7)\" background_size=\"initial\" background_position=\"top_left\" background_repeat=\"repeat\" width_tablet=\"70vw\" width_phone=\"90vw\" width_last_edited=\"on|phone\" module_alignment=\"left\" custom_margin=\"15px||||false|false\" custom_margin_tablet=\"\" custom_margin_phone=\"|15px||15px|false|false\" custom_margin_last_edited=\"on|phone\" custom_padding=\"15px|15px|15px|15px|true|false\" custom_padding_tablet=\"\" custom_padding_phone=\"|30px||15px|true|false\" custom_padding_last_edited=\"on|phone\" hover_enabled=\"0\" header_font_tablet=\"\" header_font_phone=\"\" header_font_last_edited=\"on|phone\" header_2_font_tablet=\"\" header_2_font_phone=\"\" header_2_font_last_edited=\"on|desktop\" border_radii_tablet=\"\" border_radii_phone=\"\" border_radii_last_edited=\"on|desktop\" global_colors_info=\"{}\" sticky_enabled=\"0\"]\n<h4>cr\u00e9ation mars 2023<\/h4>\n<h5>Tout public<\/h5>\n<div class=\"page\" title=\"Page 3\">\n<div class=\"layoutArea\">\n<div class=\"column\">\n<div class=\"page\" title=\"Page 3\">\n<div class=\"layoutArea\">\n<h3><span>\u00c0 l\u2019initiative de Frank Bernhardt, directeur artistique du Th\u00e9\u00e2tre de Marionnette historique de Magdeburg, ce projet est n\u00e9e de la rencontre des deux metteuses en sc\u00e8nes et marionnettistes, Julika Mayer et Elise Vigneron et une partie des interpr\u00e8tes de l\u2019Ensemble\/ \u00e9quipe permanente du th\u00e9\u00e2tre de marionnette.<\/span><\/h3>\n<span>A l\u2019image des jeux de ficelles de Donna Haraway, cette rencontre se tisse autour de notre pratique, historique et contemporaine, celle du &nbsp;marionnettiste. A<\/span><span>&nbsp;travers le prisme de l\u2019animation&nbsp;<\/span>&nbsp;nous questionnons notre relation au monde , nous explorons le fait d\u2019\u00eatre&nbsp;reli\u00e9.e.s, &nbsp;connect\u00e9.e.s, le d\u00e9sir de l\u2019\u00eatre, et l\u2019effort pour le rester.\n\nEmergent de cette qu\u00eate des portraits individuels et collectifs, un ch\u0153ur compos\u00e9 de marionnettes \u00e0 fils, d\u2019humains et de v\u00e9g\u00e9taux.\n<h5><\/h5>\n<h5><\/h5>\n<h5>Projet laur\u00e9at Fonds Transfabrik 2022.<\/h5>\n<\/div>\n<\/div>\n<\/div>\n<div>\n<div class=\"font_preload\" style=\"opacity: 0;\"><span style=\"font-family: Tropiline, Verdana, Geneva, sans-serif;\"><\/span><span style=\"font-family: Inter,;\" sf=\"\" ui=\"\" text=\"\" system=\"\" -apple-system=\"\" sfnsdisplay-regular=\"\" sfprotext-regular=\"\" blinkmacsystemfont=\"\" segoe=\"\" roboto=\"\" oxygen=\"\" ubuntu=\"\" cantarell=\"\" fira=\"\" sans=\"\" droid=\"\" helvetica=\"\" neue=\"\" sans-serif=\"\"><\/span><\/div>\n<\/div>\n<\/div>\n<\/div>\n[\/et_pb_text][et_pb_toggle title=\"distribution\" closed_toggle_background_color=\"rgba(255,255,255,0.7)\" admin_label=\"distribution\" _builder_version=\"4.20.0\" title_level=\"h3\" body_font_size=\"14px\" body_line_height=\"1.6em\" width_phone=\"85vw\" custom_padding=\"3px|15px|3px|17px|false|false\" custom_padding_tablet=\"\" custom_padding_phone=\"|30px||15px|false|false\" custom_padding_last_edited=\"on|phone\" global_colors_info=\"{}\"]\n\n<strong>Conception, mise en sc\u00e8ne, sc\u00e8nographie et costumes<\/strong> \u00c9lise Vigneron et Julika Mayer\n<strong>Cr\u00e9ation musicale<\/strong> Ensemble Shan (Ariel Tessier, Julien Pontvianne, Pascal Charrier et Cati Delolme \u2013 Compagnie Na\u00ef No Production).\n<strong>Dramaturgie et production<\/strong> Petra Szemacha\n<strong>Avec les marionnettistes de l\u2019ensemble du Puppentheater de Magdeburg<\/strong> Luisa Gr\u00fcning, Annima Mosimann, Freda Winter, Leonhard Schubert, Kaspar Weith\n<strong>Participation \u00e0 la cr\u00e9ation<\/strong> Jana Weichelt\n<strong>Regard ext\u00e9rieur<\/strong>&nbsp; Frank Bernhardt, Charlot Lemoine\n<strong>Lumi\u00e8re et r\u00e9gie g\u00e9n\u00e9rale <\/strong>Joachim Fleischer (Allemagne)\n<strong>R\u00e9gie plateau <\/strong>Samson Milcent (France) et Oliver Freund (Allemagne)\n<strong>Prise de son<\/strong> Fran\u00e7ois Charrier (Compagnie Na\u00ef No Production)\n<strong>Ateliers de construction<\/strong> Puppentheater de Magdeburg avec Christian Sasse (responsable) et Tobias K\u00f6rner (directeur technique)\n<strong>Traductrice<\/strong> Marie Yan\n\n[\/et_pb_toggle][et_pb_toggle title=\"Production &amp; soutiens\" closed_toggle_background_color=\"rgba(255,255,255,0.7)\" admin_label=\"Production &amp; soutiens\" _builder_version=\"4.20.0\" title_level=\"h3\" body_font_size=\"14px\" body_line_height=\"1.6em\" width_phone=\"85vw\" custom_margin_tablet=\"\" custom_margin_phone=\"\" custom_margin_last_edited=\"on|phone\" custom_padding=\"3px|15px|3px|17px|false|false\" custom_padding_tablet=\"\" custom_padding_phone=\"|30px||15px|false|false\" custom_padding_last_edited=\"on|phone\" global_colors_info=\"{}\"]\n\n<strong>Production<\/strong> Th\u00e9\u00e2tre de Magdebourg, Allemagne\n<strong>Coproduction<\/strong> Th\u00e9\u00e2tre de l\u2019Entrouvert, Apt (84) ; Velo Th\u00e9\u00e2tre, sc\u00e8ne conventionn\u00e9e, Apt (84)&nbsp;; Th\u00e9\u00e2tre Export Deutschland - Objets &amp; Marionnettes&nbsp;; FOKUS 20.21&nbsp;; Fonds Transfabrik \u2013 Fonds franco-allemand pour le spectacle vivant\n<strong>Soutiens<\/strong> Minist\u00e8re de la Culture \u2013 DGCA&nbsp;; Institut Fran\u00e7ais&nbsp;; financ\u00e9 avec les fonds du prix f\u00e9d\u00e9ral du Th\u00e9\u00e2tre 2019 du centre de la R\u00e9publique f\u00e9d\u00e9rale d\u2019Allemagne de l\u2019IIT\n<strong>Cr\u00e9ation<\/strong> au V\u00e9lo Th\u00e9\u00e2tre d\u2019Apt, au Th\u00e9\u00e2tre de Marionnettes de Magdebourg et \u00e0 Sc\u00e8ne 55 \u00e0 Mougins.\n\nCe projet est laur\u00e9at 2022 du Fonds TRANSFABRIK, fonds franco- allemand pour le spectacle vivant\n\n[\/et_pb_toggle][et_pb_toggle title=\"t\u00e9l\u00e9chargement\" closed_toggle_background_color=\"rgba(255,255,255,0.7)\" admin_label=\"t\u00e9l\u00e9chargement\" _builder_version=\"4.16\" title_level=\"h3\" body_font_size=\"14px\" body_line_height=\"1.6em\" width_phone=\"85vw\" custom_padding_tablet=\"\" custom_padding_phone=\"|30px||15px|false|false\" custom_padding_last_edited=\"on|phone\" global_colors_info=\"{}\"][\/et_pb_toggle][et_pb_gallery gallery_ids=\"11607,11609,11611,11613,11615\" fullwidth=\"on\" _builder_version=\"4.18.0\" background_layout=\"dark\" width=\"100%\" width_tablet=\"75%\" width_phone=\"100%\" width_last_edited=\"on|phone\" custom_margin=\"||12px|0px|false|false\" custom_margin_tablet=\"\" custom_margin_phone=\"\" custom_margin_last_edited=\"on|tablet\" custom_padding=\"11px|0px||0px|false|false\" border_radii=\"on|1px|1px|1px|1px\" border_radii_tablet=\"\" border_radii_phone=\"\" border_radii_last_edited=\"on|phone\" global_colors_info=\"{}\" width__hover_enabled=\"off|desktop\"][\/et_pb_gallery][\/et_pb_column][et_pb_column type=\"1_4\" _builder_version=\"4.16\" background_enable_color=\"off\" custom_padding=\"20px|20px|20px|20px|true|true\" border_radii=\"off||10px||\" global_colors_info=\"{}\" custom_padding__hover=\"|||\"][\/et_pb_column][et_pb_column type=\"1_4\" _builder_version=\"4.16\" background_enable_color=\"off\" custom_padding=\"20px|20px|20px|20px|true|true\" border_radii=\"off||10px||\" global_colors_info=\"{}\" custom_padding__hover=\"|||\"][et_pb_text _builder_version=\"4.17.6\" _module_preset=\"default\" text_font=\"|||on|||||\" background_color=\"rgba(0,62,63,0.85)\" text_orientation=\"center\" background_layout=\"dark\" global_colors_info=\"{}\"]\n<h2>Prochaines dates :<\/h2>\n[\/et_pb_text][et_pb_sidebar area=\"et_pb_widget_area_11\" _builder_version=\"4.17.6\" _module_preset=\"default\" header_text_align=\"center\" header_text_color=\"RGBA(255,255,255,0)\" header_font_size=\"1px\" background_color=\"rgba(0,62,63,0.87)\" text_orientation=\"center\" background_layout=\"dark\" global_colors_info=\"{}\"][\/et_pb_sidebar][\/et_pb_column][\/et_pb_row][\/et_pb_section]","_et_gb_content_width":"","footnotes":""},"class_list":["post-11965","page","type-page","status-publish","has-post-thumbnail","hentry"],"yoast_head":"<!-- This site is optimized with the Yoast SEO plugin v27.5 - https:\/\/yoast.com\/product\/yoast-seo-wordpress\/ -->\n<title>RE:MEMBER #2 - Th\u00e9\u00e2tre de l&#039;Entrouvert<\/title>\n<meta name=\"robots\" content=\"index, follow, max-snippet:-1, max-image-preview:large, max-video-preview:-1\" \/>\n<link rel=\"canonical\" href=\"https:\/\/lentrouvert.com\/en\/remember-2\/\" \/>\n<meta property=\"og:locale\" content=\"en_US\" \/>\n<meta property=\"og:type\" content=\"article\" \/>\n<meta property=\"og:title\" content=\"RE:MEMBER #2 - Th\u00e9\u00e2tre de l&#039;Entrouvert\" \/>\n<meta property=\"og:description\" content=\"RE:MEMBER Cr\u00e9ation franco-allemandecr\u00e9ation mars 2023 Tout public \u00c0 l\u2019initiative de Frank Bernhardt, directeur artistique du Th\u00e9\u00e2tre de Marionnette historique de Magdeburg, ce projet est n\u00e9e de la rencontre des deux [&hellip;]\" \/>\n<meta property=\"og:url\" content=\"https:\/\/lentrouvert.com\/en\/remember-2\/\" \/>\n<meta property=\"og:site_name\" content=\"Th\u00e9\u00e2tre de l&#039;Entrouvert\" \/>\n<meta property=\"article:modified_time\" content=\"2023-07-10T09:34:17+00:00\" \/>\n<meta property=\"og:image\" content=\"https:\/\/lentrouvert.com\/wp-content\/uploads\/2022\/10\/remember_\u00a9Joachim-Fleischer-2-2-scaled.jpg\" \/>\n\t<meta property=\"og:image:width\" content=\"2560\" \/>\n\t<meta property=\"og:image:height\" content=\"1706\" \/>\n\t<meta property=\"og:image:type\" content=\"image\/jpeg\" \/>\n<meta name=\"twitter:card\" content=\"summary_large_image\" \/>\n<meta name=\"twitter:label1\" content=\"Est. reading time\" \/>\n\t<meta name=\"twitter:data1\" content=\"4 minutes\" \/>\n<script type=\"application\/ld+json\" class=\"yoast-schema-graph\">{\"@context\":\"https:\\\/\\\/schema.org\",\"@graph\":[{\"@type\":\"WebPage\",\"@id\":\"https:\\\/\\\/lentrouvert.com\\\/en\\\/remember-2\\\/\",\"url\":\"https:\\\/\\\/lentrouvert.com\\\/en\\\/remember-2\\\/\",\"name\":\"RE:MEMBER #2 - Th\u00e9\u00e2tre de l&#039;Entrouvert\",\"isPartOf\":{\"@id\":\"https:\\\/\\\/lentrouvert.com\\\/en\\\/#website\"},\"primaryImageOfPage\":{\"@id\":\"https:\\\/\\\/lentrouvert.com\\\/en\\\/remember-2\\\/#primaryimage\"},\"image\":{\"@id\":\"https:\\\/\\\/lentrouvert.com\\\/en\\\/remember-2\\\/#primaryimage\"},\"thumbnailUrl\":\"https:\\\/\\\/lentrouvert.com\\\/wp-content\\\/uploads\\\/2022\\\/10\\\/remember_\u00a9Joachim-Fleischer-2-2-scaled.jpg\",\"datePublished\":\"2023-07-07T09:20:47+00:00\",\"dateModified\":\"2023-07-10T09:34:17+00:00\",\"breadcrumb\":{\"@id\":\"https:\\\/\\\/lentrouvert.com\\\/en\\\/remember-2\\\/#breadcrumb\"},\"inLanguage\":\"en-US\",\"potentialAction\":[{\"@type\":\"ReadAction\",\"target\":[\"https:\\\/\\\/lentrouvert.com\\\/en\\\/remember-2\\\/\"]}]},{\"@type\":\"ImageObject\",\"inLanguage\":\"en-US\",\"@id\":\"https:\\\/\\\/lentrouvert.com\\\/en\\\/remember-2\\\/#primaryimage\",\"url\":\"https:\\\/\\\/lentrouvert.com\\\/wp-content\\\/uploads\\\/2022\\\/10\\\/remember_\u00a9Joachim-Fleischer-2-2-scaled.jpg\",\"contentUrl\":\"https:\\\/\\\/lentrouvert.com\\\/wp-content\\\/uploads\\\/2022\\\/10\\\/remember_\u00a9Joachim-Fleischer-2-2-scaled.jpg\",\"width\":2560,\"height\":1706},{\"@type\":\"BreadcrumbList\",\"@id\":\"https:\\\/\\\/lentrouvert.com\\\/en\\\/remember-2\\\/#breadcrumb\",\"itemListElement\":[{\"@type\":\"ListItem\",\"position\":1,\"name\":\"Accueil\",\"item\":\"https:\\\/\\\/lentrouvert.com\\\/en\\\/spectacle-de-marionnette-contemporaine\\\/\"},{\"@type\":\"ListItem\",\"position\":2,\"name\":\"RE:MEMBER #2\"}]},{\"@type\":\"WebSite\",\"@id\":\"https:\\\/\\\/lentrouvert.com\\\/en\\\/#website\",\"url\":\"https:\\\/\\\/lentrouvert.com\\\/en\\\/\",\"name\":\"Th\u00e9\u00e2tre de l&#039;Entrouvert\",\"description\":\"Elise Vigneron\",\"publisher\":{\"@id\":\"https:\\\/\\\/lentrouvert.com\\\/en\\\/#organization\"},\"potentialAction\":[{\"@type\":\"SearchAction\",\"target\":{\"@type\":\"EntryPoint\",\"urlTemplate\":\"https:\\\/\\\/lentrouvert.com\\\/en\\\/?s={search_term_string}\"},\"query-input\":{\"@type\":\"PropertyValueSpecification\",\"valueRequired\":true,\"valueName\":\"search_term_string\"}}],\"inLanguage\":\"en-US\"},{\"@type\":\"Organization\",\"@id\":\"https:\\\/\\\/lentrouvert.com\\\/en\\\/#organization\",\"name\":\"Th\u00e9\u00e2tre de l\u2019Entrouvert\",\"url\":\"https:\\\/\\\/lentrouvert.com\\\/en\\\/\",\"logo\":{\"@type\":\"ImageObject\",\"inLanguage\":\"en-US\",\"@id\":\"https:\\\/\\\/lentrouvert.com\\\/en\\\/#\\\/schema\\\/logo\\\/image\\\/\",\"url\":\"\",\"contentUrl\":\"\",\"caption\":\"Th\u00e9\u00e2tre de l\u2019Entrouvert\"},\"image\":{\"@id\":\"https:\\\/\\\/lentrouvert.com\\\/en\\\/#\\\/schema\\\/logo\\\/image\\\/\"}}]}<\/script>\n<!-- \/ Yoast SEO plugin. -->","yoast_head_json":{"title":"RE:MEMBER #2 - Th\u00e9\u00e2tre de l&#039;Entrouvert","robots":{"index":"index","follow":"follow","max-snippet":"max-snippet:-1","max-image-preview":"max-image-preview:large","max-video-preview":"max-video-preview:-1"},"canonical":"https:\/\/lentrouvert.com\/en\/remember-2\/","og_locale":"en_US","og_type":"article","og_title":"RE:MEMBER #2 - Th\u00e9\u00e2tre de l&#039;Entrouvert","og_description":"RE:MEMBER Cr\u00e9ation franco-allemandecr\u00e9ation mars 2023 Tout public \u00c0 l\u2019initiative de Frank Bernhardt, directeur artistique du Th\u00e9\u00e2tre de Marionnette historique de Magdeburg, ce projet est n\u00e9e de la rencontre des deux [&hellip;]","og_url":"https:\/\/lentrouvert.com\/en\/remember-2\/","og_site_name":"Th\u00e9\u00e2tre de l&#039;Entrouvert","article_modified_time":"2023-07-10T09:34:17+00:00","og_image":[{"width":2560,"height":1706,"url":"https:\/\/lentrouvert.com\/wp-content\/uploads\/2022\/10\/remember_\u00a9Joachim-Fleischer-2-2-scaled.jpg","type":"image\/jpeg"}],"twitter_card":"summary_large_image","twitter_misc":{"Est. reading time":"4 minutes"},"schema":{"@context":"https:\/\/schema.org","@graph":[{"@type":"WebPage","@id":"https:\/\/lentrouvert.com\/en\/remember-2\/","url":"https:\/\/lentrouvert.com\/en\/remember-2\/","name":"RE:MEMBER #2 - Th\u00e9\u00e2tre de l&#039;Entrouvert","isPartOf":{"@id":"https:\/\/lentrouvert.com\/en\/#website"},"primaryImageOfPage":{"@id":"https:\/\/lentrouvert.com\/en\/remember-2\/#primaryimage"},"image":{"@id":"https:\/\/lentrouvert.com\/en\/remember-2\/#primaryimage"},"thumbnailUrl":"https:\/\/lentrouvert.com\/wp-content\/uploads\/2022\/10\/remember_\u00a9Joachim-Fleischer-2-2-scaled.jpg","datePublished":"2023-07-07T09:20:47+00:00","dateModified":"2023-07-10T09:34:17+00:00","breadcrumb":{"@id":"https:\/\/lentrouvert.com\/en\/remember-2\/#breadcrumb"},"inLanguage":"en-US","potentialAction":[{"@type":"ReadAction","target":["https:\/\/lentrouvert.com\/en\/remember-2\/"]}]},{"@type":"ImageObject","inLanguage":"en-US","@id":"https:\/\/lentrouvert.com\/en\/remember-2\/#primaryimage","url":"https:\/\/lentrouvert.com\/wp-content\/uploads\/2022\/10\/remember_\u00a9Joachim-Fleischer-2-2-scaled.jpg","contentUrl":"https:\/\/lentrouvert.com\/wp-content\/uploads\/2022\/10\/remember_\u00a9Joachim-Fleischer-2-2-scaled.jpg","width":2560,"height":1706},{"@type":"BreadcrumbList","@id":"https:\/\/lentrouvert.com\/en\/remember-2\/#breadcrumb","itemListElement":[{"@type":"ListItem","position":1,"name":"Accueil","item":"https:\/\/lentrouvert.com\/en\/spectacle-de-marionnette-contemporaine\/"},{"@type":"ListItem","position":2,"name":"RE:MEMBER #2"}]},{"@type":"WebSite","@id":"https:\/\/lentrouvert.com\/en\/#website","url":"https:\/\/lentrouvert.com\/en\/","name":"Th\u00e9\u00e2tre de l&#039;Entrouvert","description":"Elise Vigneron","publisher":{"@id":"https:\/\/lentrouvert.com\/en\/#organization"},"potentialAction":[{"@type":"SearchAction","target":{"@type":"EntryPoint","urlTemplate":"https:\/\/lentrouvert.com\/en\/?s={search_term_string}"},"query-input":{"@type":"PropertyValueSpecification","valueRequired":true,"valueName":"search_term_string"}}],"inLanguage":"en-US"},{"@type":"Organization","@id":"https:\/\/lentrouvert.com\/en\/#organization","name":"Th\u00e9\u00e2tre de l\u2019Entrouvert","url":"https:\/\/lentrouvert.com\/en\/","logo":{"@type":"ImageObject","inLanguage":"en-US","@id":"https:\/\/lentrouvert.com\/en\/#\/schema\/logo\/image\/","url":"","contentUrl":"","caption":"Th\u00e9\u00e2tre de l\u2019Entrouvert"},"image":{"@id":"https:\/\/lentrouvert.com\/en\/#\/schema\/logo\/image\/"}}]}},"_links":{"self":[{"href":"https:\/\/lentrouvert.com\/en\/wp-json\/wp\/v2\/pages\/11965","targetHints":{"allow":["GET"]}}],"collection":[{"href":"https:\/\/lentrouvert.com\/en\/wp-json\/wp\/v2\/pages"}],"about":[{"href":"https:\/\/lentrouvert.com\/en\/wp-json\/wp\/v2\/types\/page"}],"author":[{"embeddable":true,"href":"https:\/\/lentrouvert.com\/en\/wp-json\/wp\/v2\/users\/3"}],"replies":[{"embeddable":true,"href":"https:\/\/lentrouvert.com\/en\/wp-json\/wp\/v2\/comments?post=11965"}],"version-history":[{"count":0,"href":"https:\/\/lentrouvert.com\/en\/wp-json\/wp\/v2\/pages\/11965\/revisions"}],"wp:featuredmedia":[{"embeddable":true,"href":"https:\/\/lentrouvert.com\/en\/wp-json\/wp\/v2\/media\/11609"}],"wp:attachment":[{"href":"https:\/\/lentrouvert.com\/en\/wp-json\/wp\/v2\/media?parent=11965"}],"curies":[{"name":"wp","href":"https:\/\/api.w.org\/{rel}","templated":true}]}}