{"id":6232,"date":"2020-02-13T15:02:13","date_gmt":"2020-02-13T14:02:13","guid":{"rendered":"http:\/\/test.lentrouvert.com\/la-tournee-19-20\/"},"modified":"2020-08-18T10:38:25","modified_gmt":"2020-08-18T09:38:25","slug":"agenda","status":"publish","type":"page","link":"https:\/\/lentrouvert.com\/en\/agenda\/","title":{"rendered":"2019 &#8211; 2020"},"content":{"rendered":"\n[et_pb_section fb_built=&#8221;1&#8243; _builder_version=&#8221;4.4.1&#8243; background_image=&#8221;https:\/\/lentrouvert.com\/wp-content\/uploads\/2020\/01\/contact.jpg&#8221; parallax=&#8221;on&#8221; parallax_method=&#8221;off&#8221; custom_padding=&#8221;||16px|||&#8221;][\/et_pb_section][et_pb_section fb_built=&#8221;1&#8243; admin_label=&#8221;section g\u00e9n\u00e9rale&#8221; _builder_version=&#8221;4.4.1&#8243; background_image=&#8221;https:\/\/lentrouvert.com\/wp-content\/uploads\/2020\/01\/contact.jpg&#8221; parallax=&#8221;on&#8221; parallax_method=&#8221;off&#8221; collapsed=&#8221;off&#8221;][et_pb_row column_structure=&#8221;2_3,1_3&#8243; use_custom_gutter=&#8221;on&#8221; gutter_width=&#8221;3&#8243; admin_label=&#8221;row&#8221; _builder_version=&#8221;4.4.7&#8243; background_color=&#8221;rgba(255,255,255,0.85)&#8221; background_size=&#8221;initial&#8221; background_position=&#8221;top_left&#8221; background_repeat=&#8221;repeat&#8221; custom_padding=&#8221;5px|5px|5px|5px|false|false&#8221; locked=&#8221;off&#8221;][et_pb_column type=&#8221;2_3&#8243; _builder_version=&#8221;3.25&#8243; custom_padding=&#8221;|||&#8221; custom_padding__hover=&#8221;|||&#8221;][et_pb_text admin_label=&#8221;Titre de page&#8221; _builder_version=&#8221;4.4.7&#8243; header_font=&#8221;Muli|200|||||||&#8221; header_text_color=&#8221;#666666&#8243; header_font_size=&#8221;60px&#8221; header_5_font=&#8221;Muli|600||on|||||&#8221; header_5_text_color=&#8221;#666666&#8243; header_5_font_size=&#8221;14px&#8221; header_5_line_height=&#8221;1.4em&#8221; background_enable_color=&#8221;off&#8221; custom_margin=&#8221;||0px||false|false&#8221; custom_padding=&#8221;15px|15px|15px|15px|false|false&#8221; header_font_size_tablet=&#8221;50px&#8221; header_font_size_phone=&#8221;&#8221; header_font_size_last_edited=&#8221;on|phone&#8221;]<h1>Agenda 2019 \u2013 2020<\/h1>[\/et_pb_text][\/et_pb_column][et_pb_column type=&#8221;1_3&#8243; _builder_version=&#8221;3.25&#8243; custom_padding=&#8221;|||&#8221; custom_padding__hover=&#8221;|||&#8221;][\/et_pb_column][\/et_pb_row][et_pb_row admin_label=&#8221;L&#8217;enfant titre&#8221; _builder_version=&#8221;4.2.2&#8243; custom_margin=&#8221;||0px||false|false&#8221; custom_padding=&#8221;||0px||false|false&#8221;][et_pb_column type=&#8221;4_4&#8243; _builder_version=&#8221;4.2.2&#8243;][et_pb_text _builder_version=&#8221;4.4.0&#8243; header_2_font=&#8221;Muli|200||on|||||&#8221; header_2_text_color=&#8221;#666666&#8243; header_2_font_size=&#8221;55px&#8221; background_color=&#8221;rgba(255,255,255,0.85)&#8221; custom_padding=&#8221;15px|15px|0px|15px|false|false&#8221;]<h2>l&#8217;enfant &#8211; the child<\/h2>[\/et_pb_text][et_pb_text _builder_version=&#8221;4.4.6&#8243; header_2_font=&#8221;Muli|200||on|||||&#8221; header_2_text_color=&#8221;#666666&#8243; header_2_font_size=&#8221;55px&#8221; header_5_text_color=&#8221;#666666&#8243; background_color=&#8221;rgba(255,255,255,0.85)&#8221; min_height=&#8221;39px&#8221; custom_margin=&#8221;||||false|false&#8221; custom_padding=&#8221;15px|15px|0px|15px|false|false&#8221; locked=&#8221;off&#8221;]<h5>Performances<\/h5>[\/et_pb_text][\/et_pb_column][\/et_pb_row][et_pb_row column_structure=&#8221;1_5,3_5,1_5&#8243; _builder_version=&#8221;4.2.2&#8243; background_color=&#8221;rgba(255,255,255,0.85)&#8221; custom_margin=&#8221;0px||||false|false&#8221; custom_padding=&#8221;15px|15px|15px|15px|false|false&#8221; border_width_top=&#8221;1px&#8221; border_color_top=&#8221;#919191&#8243; border_style_top=&#8221;dotted&#8221; locked=&#8221;off&#8221;][et_pb_column type=&#8221;1_5&#8243; _builder_version=&#8221;4.2.2&#8243; background_enable_color=&#8221;off&#8221;][et_pb_text admin_label=&#8221;date&#8221; _builder_version=&#8221;4.4.6&#8243; text_font=&#8221;Muli|300|||||||&#8221; text_font_size=&#8221;13px&#8221; text_line_height=&#8221;1.1em&#8221; custom_margin=&#8221;||10px||false|false&#8221;]<p><span class=\"dates\">20 sep <\/span>18:00<br \/> <span class=\"dates\">21 sep<\/span> 14:00<br \/> <span class=\"dates\">21 sep<\/span> 19:00<br \/> <span class=\"dates\">22 sep<\/span> 12:00<br \/> <span class=\"dates\">22 sep<\/span> 16:00<br \/> <span class=\"dates\">22 sep<\/span> 20:00<\/p>[\/et_pb_text][\/et_pb_column][et_pb_column type=&#8221;3_5&#8243; _builder_version=&#8221;4.2.2&#8243;][et_pb_text content_tablet=&#8221;<p><a href=%22http:\/\/www.festival-marionnette.com\/fr\/%22 data-et-target-link=%22_blank%22 rel=%22noopener noreferrer%22><span style=%22color: #000000;%22><\/span>FESTIVAL MONDIAL DES TH\u00c9\u00c2TRES DE MARIONNETTES<\/a><\/p>\n&#8221; content_phone=&#8221;<a href=%22http:\/\/www.festival-marionnette.com\/fr\/%22 data-et-target-link=%22_blank%22 rel=%22noopener noreferrer%22>FESTIVAL MONDIAL DES TH\u00c9\u00c2TRES DE MARIONNETTES<\/a>&#8221; content_last_edited=&#8221;on|tablet&#8221; disabled_on=&#8221;off|off|off&#8221; admin_label=&#8221;Lieu&#8221; _builder_version=&#8221;4.3.4&#8243; text_font=&#8221;Muli|300|||||||&#8221; text_text_color=&#8221;#666666&#8243; text_font_size=&#8221;14px&#8221; text_line_height=&#8221;1.1em&#8221; link_text_color=&#8221;#333333&#8243; background_layout=&#8221;dark&#8221; width=&#8221;100%&#8221;]<p><a href=\"http:\/\/www.festival-marionnette.com\/fr\/\" target=\"_blank\" rel=\"noopener noreferrer\">FESTIVAL MONDIAL DES TH\u00c9\u00c2TRES DE MARIONNETTES<\/a><br \/> <span style=\"color: #999999;\"> FESTIVAL MONDIAL DES TH\u00c9\u00c2TRES DE MARIONNETTES<\/span><br \/> <span style=\"color: #999999;\"> FESTIVAL MONDIAL DES TH\u00c9\u00c2TRES DE MARIONNETTES<\/span><br \/> <span style=\"color: #999999;\"> FESTIVAL MONDIAL DES TH\u00c9\u00c2TRES DE MARIONNETTES<\/span><br \/> <span style=\"color: #999999;\"> FESTIVAL MONDIAL DES TH\u00c9\u00c2TRES DE MARIONNETTES<\/span><br \/> <span style=\"color: #999999;\"> FESTIVAL MONDIAL DES TH\u00c9\u00c2TRES DE MARIONNETTES<\/span><\/p>[\/et_pb_text][\/et_pb_column][et_pb_column type=&#8221;1_5&#8243; _builder_version=&#8221;4.2.2&#8243;][et_pb_text admin_label=&#8221;Pays + ville &#8221; _builder_version=&#8221;4.3.2&#8243; text_font=&#8221;Muli|600|||||||&#8221; text_line_height=&#8221;1.1em&#8221;]<p>Charleville M\u00e9zi\u00e8res (08)<\/p>[\/et_pb_text][\/et_pb_column][\/et_pb_row][et_pb_row column_structure=&#8221;1_5,3_5,1_5&#8243; _builder_version=&#8221;4.2.2&#8243; background_color=&#8221;rgba(255,255,255,0.85)&#8221; custom_margin=&#8221;0px||||false|false&#8221; custom_padding=&#8221;15px|15px|15px|15px|false|false&#8221; border_width_top=&#8221;1px&#8221; border_color_top=&#8221;#919191&#8243; border_style_top=&#8221;dotted&#8221; locked=&#8221;off&#8221;][et_pb_column type=&#8221;1_5&#8243; _builder_version=&#8221;4.2.2&#8243; background_enable_color=&#8221;off&#8221;][et_pb_text admin_label=&#8221;date&#8221; _builder_version=&#8221;4.4.0&#8243; text_font=&#8221;Muli|300|||||||&#8221; text_font_size=&#8221;13px&#8221; text_line_height=&#8221;1.1em&#8221; custom_margin=&#8221;||10px||false|false&#8221;]<p><span class=\"dates\">25 jun<\/span><br \/> <span class=\"dates\">26 jun<\/span><\/p>[\/et_pb_text][\/et_pb_column][et_pb_column type=&#8221;3_5&#8243; _builder_version=&#8221;4.2.2&#8243;][et_pb_text content_tablet=&#8221;<p><a href=%22https:\/\/www.puppentheater-magdeburg.de\/blickwechsel\/%22><span style=%22color: #000000;%22>BLICK WECHSEL FESTIVAL<\/span><\/a><\/p>\n&#8221; content_phone=&#8221;<a href=%22https:\/\/www.puppentheater-magdeburg.de\/blickwechsel\/%22><span style=%22color: #000000;%22>BLICK WECHSEL FESTIVAL<\/span><\/a>&#8221; content_last_edited=&#8221;on|phone&#8221; disabled_on=&#8221;off|off|off&#8221; admin_label=&#8221;Lieu&#8221; _builder_version=&#8221;4.4.6&#8243; text_font=&#8221;Muli|300|||||||&#8221; text_text_color=&#8221;#1a1a1a&#8221; text_font_size=&#8221;14px&#8221; text_line_height=&#8221;1.1em&#8221; background_layout=&#8221;dark&#8221; width=&#8221;100%&#8221; text_font_tablet=&#8221;&#8221; text_font_phone=&#8221;&#8221; text_font_last_edited=&#8221;on|phone&#8221;]<p><a href=\"https:\/\/www.puppentheater-magdeburg.de\/blickwechsel\/\"><span style=\"color: #333333;\">BLICK WECHSEL FESTIVAL [POSTPONED]<\/span><\/a><br \/> <span style=\"color: #999999;\">BLICK WECHSEL FESTIVAL [POSTPONED]<br \/><\/span><\/p>[\/et_pb_text][\/et_pb_column][et_pb_column type=&#8221;1_5&#8243; _builder_version=&#8221;4.2.2&#8243;][et_pb_text admin_label=&#8221;Pays + ville &#8221; _builder_version=&#8221;4.3.2&#8243; text_font=&#8221;Muli|600|||||||&#8221; text_line_height=&#8221;1.1em&#8221;]<p>Magdeburg (All)<\/p>[\/et_pb_text][\/et_pb_column][\/et_pb_row][et_pb_row admin_label=&#8221;Anywhere titre&#8221; _builder_version=&#8221;4.2.2&#8243; custom_margin=&#8221;||0px||false|false&#8221; custom_padding=&#8221;||0px||false|false&#8221;][et_pb_column type=&#8221;4_4&#8243; _builder_version=&#8221;4.2.2&#8243;][et_pb_text _builder_version=&#8221;4.2.2&#8243; header_2_font=&#8221;Muli|200||on|||||&#8221; header_2_text_color=&#8221;#666666&#8243; header_2_font_size=&#8221;55px&#8221; background_color=&#8221;rgba(255,255,255,0.85)&#8221; custom_padding=&#8221;15px|15px|0px|15px|false|false&#8221;]<h2>anywhere<\/h2>[\/et_pb_text][et_pb_text _builder_version=&#8221;4.4.6&#8243; header_2_font=&#8221;Muli|200||on|||||&#8221; header_2_text_color=&#8221;#666666&#8243; header_2_font_size=&#8221;55px&#8221; header_5_text_color=&#8221;#666666&#8243; background_color=&#8221;rgba(255,255,255,0.85)&#8221; min_height=&#8221;39px&#8221; custom_margin=&#8221;||||false|false&#8221; custom_padding=&#8221;15px|15px|0px|15px|false|false&#8221; locked=&#8221;off&#8221;]<h5>Performances<\/h5>[\/et_pb_text][\/et_pb_column][\/et_pb_row][et_pb_row column_structure=&#8221;1_5,3_5,1_5&#8243; _builder_version=&#8221;4.3.4&#8243; background_color=&#8221;rgba(255,255,255,0.85)&#8221; custom_margin=&#8221;0px||||false|false&#8221; custom_padding=&#8221;15px|15px|15px|15px|false|false&#8221; border_width_top=&#8221;1px&#8221; border_color_top=&#8221;#919191&#8243; border_style_top=&#8221;dotted&#8221; locked=&#8221;off&#8221;][et_pb_column type=&#8221;1_5&#8243; _builder_version=&#8221;4.2.2&#8243;][et_pb_text admin_label=&#8221;date&#8221; _builder_version=&#8221;4.3.4&#8243; text_font=&#8221;Muli|300|||||||&#8221; text_font_size=&#8221;13px&#8221; text_line_height=&#8221;1.1em&#8221; custom_margin=&#8221;||10px||false|false&#8221; custom_padding=&#8221;0px||||false|false&#8221;]<span class=\"dates\">19 oct<\/span> 20:00[\/et_pb_text][\/et_pb_column][et_pb_column type=&#8221;3_5&#8243; _builder_version=&#8221;4.2.2&#8243;][et_pb_text content_tablet=&#8221;<p><a href=%22https:\/\/weitblick.fadenschein.de\/%22><span style=%22color: #333333;%22>WEITBLICK THEATER FESTIVAL<\/span><\/a><\/p>\n&#8221; content_phone=&#8221;<p><a href=%22https:\/\/weitblick.fadenschein.de\/%22><span style=%22color: #333333;%22>WEITBLICK THEATER FESTIVAL<\/span><\/a><\/p>\n&#8221; content_last_edited=&#8221;on|phone&#8221; admin_label=&#8221;Lieu&#8221; _builder_version=&#8221;4.3.4&#8243; text_font=&#8221;Muli|300|||||||&#8221; text_text_color=&#8221;#666666&#8243; text_font_size=&#8221;14px&#8221; text_line_height=&#8221;1.1em&#8221; background_layout=&#8221;dark&#8221; width=&#8221;100%&#8221;]<p><a href=\"https:\/\/weitblick.fadenschein.de\/\"><span style=\"color: #333333;\">WEITBLICK THEATER FESTIVAL<\/span><\/a><\/p>[\/et_pb_text][\/et_pb_column][et_pb_column type=&#8221;1_5&#8243; _builder_version=&#8221;4.2.2&#8243;][et_pb_text admin_label=&#8221;Pays + ville &#8221; _builder_version=&#8221;4.3.4&#8243; text_font=&#8221;Muli|600|||||||&#8221;]<p>Braunschweig (All)<\/p>[\/et_pb_text][\/et_pb_column][\/et_pb_row][et_pb_row column_structure=&#8221;1_5,3_5,1_5&#8243; _builder_version=&#8221;4.2.2&#8243; background_color=&#8221;rgba(255,255,255,0.85)&#8221; custom_margin=&#8221;0px||||false|false&#8221; custom_padding=&#8221;15px|15px|15px|15px|false|false&#8221; border_width_top=&#8221;1px&#8221; border_color_top=&#8221;#919191&#8243; border_style_top=&#8221;dotted&#8221; locked=&#8221;off&#8221;][et_pb_column type=&#8221;1_5&#8243; _builder_version=&#8221;4.2.2&#8243;][et_pb_text admin_label=&#8221;date&#8221; _builder_version=&#8221;4.3.2&#8243; text_font=&#8221;Muli|300|||||||&#8221; text_font_size=&#8221;13px&#8221; text_line_height=&#8221;1.1em&#8221; custom_margin=&#8221;||10px||false|false&#8221;]<p><span class=\"dates\">02 Nov<\/span> 21:45<\/p>[\/et_pb_text][\/et_pb_column][et_pb_column type=&#8221;3_5&#8243; _builder_version=&#8221;4.2.2&#8243;][et_pb_text admin_label=&#8221;Lieu&#8221; _builder_version=&#8221;4.3.4&#8243; text_font=&#8221;Muli|300|||||||&#8221; text_text_color=&#8221;#666666&#8243; text_font_size=&#8221;14px&#8221; text_line_height=&#8221;1.1em&#8221; background_layout=&#8221;dark&#8221; width=&#8221;100%&#8221;]<p><a href=\"https:\/\/www.unidram.de\/\"><span style=\"color: #333333;\">UNIDRAM FESTIVAL<\/span><\/a><\/p>[\/et_pb_text][\/et_pb_column][et_pb_column type=&#8221;1_5&#8243; _builder_version=&#8221;4.2.2&#8243;][et_pb_text admin_label=&#8221;Pays + ville &#8221; _builder_version=&#8221;4.3.2&#8243; text_font=&#8221;Muli|600|||||||&#8221;]<p>Potsdam (All)<\/p>[\/et_pb_text][\/et_pb_column][\/et_pb_row][et_pb_row column_structure=&#8221;1_5,3_5,1_5&#8243; _builder_version=&#8221;4.2.2&#8243; background_color=&#8221;rgba(255,255,255,0.85)&#8221; custom_margin=&#8221;0px||||false|false&#8221; custom_padding=&#8221;15px|15px|15px|15px|false|false&#8221; border_width_top=&#8221;1px&#8221; border_color_top=&#8221;#919191&#8243; border_style_top=&#8221;dotted&#8221; locked=&#8221;off&#8221;][et_pb_column type=&#8221;1_5&#8243; _builder_version=&#8221;4.2.2&#8243;][et_pb_text admin_label=&#8221;date&#8221; _builder_version=&#8221;4.3.4&#8243; text_font=&#8221;Muli|300|||||||&#8221; text_font_size=&#8221;13px&#8221; text_line_height=&#8221;1.1em&#8221; custom_margin=&#8221;||10px||false|false&#8221;]<p><span class=\"dates\">22 NOV<\/span> 19:30<span class=\"dates\"><\/span><br \/> <span class=\"dates\">23 NOV<\/span> 19:30<br \/> <span class=\"dates\">24 NOV<\/span> 16:30<\/p>[\/et_pb_text][\/et_pb_column][et_pb_column type=&#8221;3_5&#8243; _builder_version=&#8221;4.2.2&#8243;][et_pb_text content_tablet=&#8221;<p><a href=%22http:\/\/www.dlsfestival.com\/?lang=en-us%22><span style=%22color: #333333;%22>DALIANGSHAN INTERNATIONAL THEATER FESTIVAL<\/span><\/a><\/p>\n&#8221; content_phone=&#8221;<p><a href=%22http:\/\/www.dlsfestival.com\/?lang=en-us%22><span style=%22color: #333333;%22>DALIANGSHAN INTERNATIONAL THEATER FESTIVAL<\/span><\/a><\/p>\n&#8221; content_last_edited=&#8221;on|desktop&#8221; admin_label=&#8221;Lieu&#8221; _builder_version=&#8221;4.3.4&#8243; text_font=&#8221;Muli|300|||||||&#8221; text_text_color=&#8221;#666666&#8243; text_font_size=&#8221;14px&#8221; text_line_height=&#8221;1.1em&#8221; link_text_color=&#8221;#333333&#8243; background_layout=&#8221;dark&#8221; width=&#8221;100%&#8221;]<p><span style=\"color: #333333;\"><a href=\"http:\/\/www.dlsfestival.com\/?lang=en-us\">DALIANGSHAN INTERNATIONAL THEATER FESTIVAL<\/a><br \/> <span style=\"color: #999999;\">DALIANGSHAN INTERNATIONAL THEATER FESTIVAL<\/span><br \/> <span style=\"color: #999999;\"> DALIANGSHAN INTERNATIONAL THEATER FESTIVAL<\/span><br \/> <\/span><\/p>[\/et_pb_text][\/et_pb_column][et_pb_column type=&#8221;1_5&#8243; _builder_version=&#8221;4.2.2&#8243;][et_pb_text admin_label=&#8221;Pays + ville &#8221; _builder_version=&#8221;4.3.4&#8243; text_font=&#8221;Muli|600|||||||&#8221;]<p>Xichang (China)<\/p>[\/et_pb_text][\/et_pb_column][\/et_pb_row][et_pb_row column_structure=&#8221;1_5,3_5,1_5&#8243; _builder_version=&#8221;4.2.2&#8243; background_color=&#8221;rgba(255,255,255,0.85)&#8221; custom_margin=&#8221;0px||||false|false&#8221; custom_padding=&#8221;15px|15px|15px|15px|false|false&#8221; border_width_top=&#8221;1px&#8221; border_color_top=&#8221;#919191&#8243; border_style_top=&#8221;dotted&#8221; locked=&#8221;off&#8221;][et_pb_column type=&#8221;1_5&#8243; _builder_version=&#8221;4.2.2&#8243;][et_pb_text admin_label=&#8221;date&#8221; _builder_version=&#8221;4.3.2&#8243; text_font=&#8221;Muli|300|||||||&#8221; text_font_size=&#8221;13px&#8221; text_line_height=&#8221;1.1em&#8221; custom_margin=&#8221;||10px||false|false&#8221;]<p><span class=\"dates\">03 DEC<\/span> 20:30<span class=\"dates\"><\/span><br \/> <span class=\"dates\">04 DEC<\/span> 19:00<br \/> <span class=\"dates\">05 DEC<\/span> 10:00<br \/><span class=\"dates\">05 DEC<\/span> 20:30<br \/><span class=\"dates\">06 DEC<\/span> 10:00<\/p>[\/et_pb_text][\/et_pb_column][et_pb_column type=&#8221;3_5&#8243; _builder_version=&#8221;4.2.2&#8243;][et_pb_text content_tablet=&#8221;<span style=%22color: #333333;%22><a href=%22https:\/\/www.le140.be\/%22>LE 140<\/a><\/span>&#8221; content_phone=&#8221;<span style=%22color: #333333;%22><a href=%22https:\/\/www.le140.be\/%22>LE 140<\/a><\/span>&#8221; content_last_edited=&#8221;on|phone&#8221; admin_label=&#8221;Lieu&#8221; _builder_version=&#8221;4.3.4&#8243; text_font=&#8221;Muli|300|||||||&#8221; text_text_color=&#8221;#666666&#8243; text_font_size=&#8221;14px&#8221; text_line_height=&#8221;1.1em&#8221; link_text_color=&#8221;#333333&#8243; background_layout=&#8221;dark&#8221; width=&#8221;100%&#8221;]<p><span style=\"color: #333333;\"><a href=\"https:\/\/www.le140.be\/\">LE 140<\/a><br \/> <span style=\"color: #999999;\">LE 140<\/span><br \/> <span style=\"color: #999999;\"> LE 140<\/span><br \/> <span style=\"color: #999999;\"> LE 140<\/span><br \/> <span style=\"color: #999999;\"> LE 140<\/span><br \/> <\/span><\/p>[\/et_pb_text][\/et_pb_column][et_pb_column type=&#8221;1_5&#8243; _builder_version=&#8221;4.2.2&#8243;][et_pb_text admin_label=&#8221;Pays + ville &#8221; _builder_version=&#8221;4.3.2&#8243; text_font=&#8221;Muli|600|||||||&#8221;]<p>Bruxelles (BL)<\/p>[\/et_pb_text][\/et_pb_column][\/et_pb_row][et_pb_row column_structure=&#8221;1_5,3_5,1_5&#8243; _builder_version=&#8221;4.2.2&#8243; background_color=&#8221;rgba(255,255,255,0.85)&#8221; custom_margin=&#8221;0px||||false|false&#8221; custom_padding=&#8221;15px|15px|15px|15px|false|false&#8221; border_width_top=&#8221;1px&#8221; border_color_top=&#8221;#919191&#8243; border_style_top=&#8221;dotted&#8221; locked=&#8221;off&#8221;][et_pb_column type=&#8221;1_5&#8243; _builder_version=&#8221;4.2.2&#8243;][et_pb_text admin_label=&#8221;date&#8221; _builder_version=&#8221;4.3.4&#8243; text_font=&#8221;Muli|300|||||||&#8221; text_font_size=&#8221;13px&#8221; text_line_height=&#8221;1.1em&#8221; custom_margin=&#8221;||10px||false|false&#8221;]<span class=\"dates\">07 MAR<\/span> 20:30\n <span class=\"dates\">08 MAR<\/span> 13:30[\/et_pb_text][\/et_pb_column][et_pb_column type=&#8221;3_5&#8243; _builder_version=&#8221;4.2.2&#8243;][et_pb_text content_tablet=&#8221;<p><a href=%22https:\/\/festival.casteliers.ca\/%22><span style=%22color: #333333;%22>FESTIVAL DE CASTELIERS<\/span><\/a><\/p>\n&#8221; content_phone=&#8221;<a href=%22https:\/\/festival.casteliers.ca\/%22><span style=%22color: #333333;%22>FESTIVAL DE CASTELIERS<\/span><\/a>&#8221; content_last_edited=&#8221;on|phone&#8221; admin_label=&#8221;Lieu&#8221; _builder_version=&#8221;4.3.4&#8243; text_font=&#8221;Muli|300|||||||&#8221; text_text_color=&#8221;#666666&#8243; text_font_size=&#8221;14px&#8221; text_line_height=&#8221;1.1em&#8221; link_text_color=&#8221;#333333&#8243; background_layout=&#8221;dark&#8221; width=&#8221;100%&#8221;]<p><span style=\"color: #333333;\"><a href=\"https:\/\/festival.casteliers.ca\/\">FESTIVAL DE CASTELIERS<\/a><br \/> <span style=\"color: #999999;\">FESTIVAL DE CASTELIERS<\/span><br \/> <\/span><\/p>[\/et_pb_text][\/et_pb_column][et_pb_column type=&#8221;1_5&#8243; _builder_version=&#8221;4.2.2&#8243;][et_pb_text admin_label=&#8221;Pays + ville &#8221; _builder_version=&#8221;4.3.2&#8243; text_font=&#8221;Muli|600|||||||&#8221;]<p>Montr\u00e9al (CA)<\/p>[\/et_pb_text][\/et_pb_column][\/et_pb_row][et_pb_row column_structure=&#8221;1_5,3_5,1_5&#8243; _builder_version=&#8221;4.2.2&#8243; background_color=&#8221;rgba(255,255,255,0.85)&#8221; custom_margin=&#8221;0px||||false|false&#8221; custom_padding=&#8221;15px|15px|15px|15px|false|false&#8221; border_width_top=&#8221;1px&#8221; border_color_top=&#8221;#919191&#8243; border_style_top=&#8221;dotted&#8221; locked=&#8221;off&#8221;][et_pb_column type=&#8221;1_5&#8243; _builder_version=&#8221;4.2.2&#8243;][et_pb_text admin_label=&#8221;date&#8221; _builder_version=&#8221;4.3.4&#8243; text_font=&#8221;Muli|300|||||||&#8221; text_font_size=&#8221;13px&#8221; text_line_height=&#8221;1.1em&#8221; header_font=&#8221;Muli|300|||||||&#8221; custom_margin=&#8221;||10px||false|false&#8221;]<p><span class=\"dates\">11 mar<\/span> 20:30<br \/> <span class=\"dates\">12 mar<\/span> 13:30<br \/> <span class=\"dates\">13 mar <\/span>20:30<br \/> <span class=\"dates\">14 mar <\/span>20:30<br \/> <span class=\"dates\">15 mar <\/span> 16:30<\/p>[\/et_pb_text][\/et_pb_column][et_pb_column type=&#8221;3_5&#8243; _builder_version=&#8221;4.2.2&#8243;][et_pb_text content_tablet=&#8221;<p><a href=%22https:\/\/here.org\/%22><span style=%22color: #333333;%22>HERE<\/span><\/a><\/p>\n&#8221; content_phone=&#8221;<a href=%22https:\/\/here.org\/%22><span style=%22color: #333333;%22>HERE<\/span><\/a>&#8221; content_last_edited=&#8221;on|phone&#8221; admin_label=&#8221;Lieu&#8221; _builder_version=&#8221;4.4.1&#8243; text_font=&#8221;Muli|300|||||||&#8221; text_text_color=&#8221;#999999&#8243; text_font_size=&#8221;14px&#8221; text_line_height=&#8221;1.1em&#8221; link_text_color=&#8221;#333333&#8243; background_layout=&#8221;dark&#8221; width=&#8221;100%&#8221;]<p><span style=\"color: #333333;\"><a href=\"https:\/\/here.org\/\">HERE<\/a><br \/> <span style=\"color: #999999;\">HERE <\/span><br \/> <span style=\"color: #999999;\"> HERE <\/span><span style=\"color: #999999;\">[CANCELED]<\/span><br \/> <span style=\"color: #999999;\"> HERE <\/span><span style=\"color: #999999;\">[CANCELED]<\/span><br \/> <span style=\"color: #999999;\"> HERE <\/span><span style=\"color: #999999;\">[CANCELED]<\/span><br \/> <\/span><\/p>[\/et_pb_text][\/et_pb_column][et_pb_column type=&#8221;1_5&#8243; _builder_version=&#8221;4.2.2&#8243;][et_pb_text admin_label=&#8221;Pays + ville &#8221; _builder_version=&#8221;4.3.2&#8243; text_font=&#8221;Muli|600|||||||&#8221;]<p>New-York (USA)<\/p>[\/et_pb_text][\/et_pb_column][\/et_pb_row][et_pb_row column_structure=&#8221;1_5,3_5,1_5&#8243; _builder_version=&#8221;4.2.2&#8243; background_color=&#8221;rgba(255,255,255,0.85)&#8221; custom_margin=&#8221;0px||||false|false&#8221; custom_padding=&#8221;15px|15px|15px|15px|false|false&#8221; border_width_top=&#8221;1px&#8221; border_color_top=&#8221;#919191&#8243; border_style_top=&#8221;dotted&#8221; locked=&#8221;off&#8221;][et_pb_column type=&#8221;1_5&#8243; _builder_version=&#8221;4.2.2&#8243;][et_pb_text admin_label=&#8221;date&#8221; _builder_version=&#8221;4.4.0&#8243; text_font=&#8221;Muli|300|||||||&#8221; text_font_size=&#8221;13px&#8221; text_line_height=&#8221;1.1em&#8221; header_font=&#8221;Muli|300|||||||&#8221; custom_margin=&#8221;||10px||false|false&#8221;]<p><span class=\"dates\">26 may<\/span> 14:00<br \/> <span class=\"dates\">26 may<\/span> 17:00<\/p>[\/et_pb_text][\/et_pb_column][et_pb_column type=&#8221;3_5&#8243; _builder_version=&#8221;4.2.2&#8243;][et_pb_text admin_label=&#8221;Lieu&#8221; _builder_version=&#8221;4.4.6&#8243; text_font=&#8221;Muli|300|||||||&#8221; text_text_color=&#8221;#666666&#8243; text_font_size=&#8221;14px&#8221; text_line_height=&#8221;1.1em&#8221; link_text_color=&#8221;#333333&#8243; background_layout=&#8221;dark&#8221; width=&#8221;100%&#8221;]<p><span style=\"color: #333333;\"><a href=\"https:\/\/www.banialuka.pl\/\">29TH INTERNATIONAL FESTIVAL OF PUPPETRY ART [POSTPONED]<\/a><br \/><span style=\"color: #999999;\">29TH INTERNATIONALE FESTIVAL OF PUPPETRY ART [POSTPONED]<\/span><br \/><\/span><\/p>[\/et_pb_text][\/et_pb_column][et_pb_column type=&#8221;1_5&#8243; _builder_version=&#8221;4.2.2&#8243;][et_pb_text admin_label=&#8221;Pays + ville &#8221; _builder_version=&#8221;4.3.2&#8243; text_font=&#8221;Muli|600|||||||&#8221;]<p>Bielsko Biala (Pl)<\/p>[\/et_pb_text][\/et_pb_column][\/et_pb_row][et_pb_row _builder_version=&#8221;4.2.2&#8243; custom_padding=&#8221;||0px|||&#8221;][et_pb_column type=&#8221;4_4&#8243; _builder_version=&#8221;4.2.2&#8243;][et_pb_text _builder_version=&#8221;4.4.6&#8243; header_2_font=&#8221;Muli|200||on|||||&#8221; header_2_text_color=&#8221;#666666&#8243; header_2_font_size=&#8221;55px&#8221; background_color=&#8221;rgba(255,255,255,0.85)&#8221; custom_padding=&#8221;15px|15px|0px|15px|false|false&#8221;]<h2>TRAVERS\u00c9ES<br \/>OUTDOOR FORM CREATION<\/h2>[\/et_pb_text][et_pb_text _builder_version=&#8221;4.4.6&#8243; header_2_font=&#8221;Muli|200||on|||||&#8221; header_2_text_color=&#8221;#666666&#8243; header_2_font_size=&#8221;55px&#8221; header_5_text_color=&#8221;#666666&#8243; background_color=&#8221;rgba(255,255,255,0.85)&#8221; min_height=&#8221;39px&#8221; custom_margin=&#8221;||||false|false&#8221; custom_padding=&#8221;15px|15px|0px|15px|false|false&#8221; locked=&#8221;off&#8221;]<h5>Residencies<\/h5>[\/et_pb_text][\/et_pb_column][\/et_pb_row][et_pb_row column_structure=&#8221;1_5,3_5,1_5&#8243; _builder_version=&#8221;4.2.2&#8243; background_color=&#8221;rgba(255,255,255,0.85)&#8221; custom_margin=&#8221;0px||||false|false&#8221; custom_padding=&#8221;15px|15px|15px|15px|false|false&#8221; border_width_top=&#8221;1px&#8221; border_color_top=&#8221;#919191&#8243; border_style_top=&#8221;dotted&#8221; locked=&#8221;off&#8221;][et_pb_column type=&#8221;1_5&#8243; _builder_version=&#8221;4.2.2&#8243; background_enable_color=&#8221;off&#8221;][et_pb_text admin_label=&#8221;date&#8221; _builder_version=&#8221;4.4.6&#8243; text_font=&#8221;Muli|300|||||||&#8221; text_font_size=&#8221;13px&#8221; text_line_height=&#8221;1.1em&#8221; header_font=&#8221;Muli|300|||||||&#8221; custom_margin=&#8221;||10px||false|false&#8221;]<p><span class=\"dates\">9th \u2192 17th May<br \/><\/span><\/p>[\/et_pb_text][\/et_pb_column][et_pb_column type=&#8221;3_5&#8243; _builder_version=&#8221;4.2.2&#8243;][et_pb_text admin_label=&#8221;Lieu&#8221; _builder_version=&#8221;4.4.6&#8243; text_font=&#8221;Muli|300|||||||&#8221; text_text_color=&#8221;#1a1a1a&#8221; text_font_size=&#8221;14px&#8221; text_line_height=&#8221;1.1em&#8221; link_text_color=&#8221;#333333&#8243; background_layout=&#8221;dark&#8221; width=&#8221;100%&#8221;]<p>P\u00c9PINI\u00c8RE D&#8217;ENTREPRISES<br \/><span style=\"color: #999999;\">REHEARSAL WITH KRISTINA DEMENTEVA<\/span><\/p>[\/et_pb_text][\/et_pb_column][et_pb_column type=&#8221;1_5&#8243; _builder_version=&#8221;4.2.2&#8243;][et_pb_text admin_label=&#8221;Pays + ville &#8221; _builder_version=&#8221;4.4.6&#8243; text_font=&#8221;Muli|600|||||||&#8221; text_line_height=&#8221;1.1em&#8221; header_font=&#8221;Muli|100|||||||&#8221;]<p>Apt (84)<\/p>[\/et_pb_text][\/et_pb_column][\/et_pb_row][et_pb_row column_structure=&#8221;1_5,3_5,1_5&#8243; _builder_version=&#8221;4.2.2&#8243; background_color=&#8221;rgba(255,255,255,0.85)&#8221; custom_margin=&#8221;0px||||false|false&#8221; custom_padding=&#8221;15px|15px|15px|15px|false|false&#8221; border_width_top=&#8221;1px&#8221; border_color_top=&#8221;#919191&#8243; border_style_top=&#8221;dotted&#8221; locked=&#8221;off&#8221;][et_pb_column type=&#8221;1_5&#8243; _builder_version=&#8221;4.2.2&#8243; background_enable_color=&#8221;off&#8221;][et_pb_text admin_label=&#8221;date&#8221; _builder_version=&#8221;4.4.6&#8243; text_font=&#8221;Muli|300|||||||&#8221; text_font_size=&#8221;13px&#8221; text_line_height=&#8221;1.1em&#8221; header_font=&#8221;Muli|300|||||||&#8221; custom_margin=&#8221;||10px||false|false&#8221;]<p><span class=\"dates\">3rd &amp; 4th Jun<br \/> <\/span><\/p>[\/et_pb_text][\/et_pb_column][et_pb_column type=&#8221;3_5&#8243; _builder_version=&#8221;4.2.2&#8243;][et_pb_text admin_label=&#8221;Lieu&#8221; _builder_version=&#8221;4.4.6&#8243; text_font=&#8221;Muli|300|||||||&#8221; text_text_color=&#8221;#1a1a1a&#8221; text_font_size=&#8221;14px&#8221; text_line_height=&#8221;1.1em&#8221; link_text_color=&#8221;#333333&#8243; background_layout=&#8221;dark&#8221; width=&#8221;100%&#8221;]<p>GMEM CENTRE NATIONAL DE CR\u00c9ATION MUSICALE<br \/> <span style=\"color: #999999;\">SOUND TRACK CREATION<br \/><\/span><\/p>[\/et_pb_text][\/et_pb_column][et_pb_column type=&#8221;1_5&#8243; _builder_version=&#8221;4.2.2&#8243;][et_pb_text admin_label=&#8221;Pays + ville &#8221; _builder_version=&#8221;4.4.6&#8243; text_font=&#8221;Muli|600|||||||&#8221; text_line_height=&#8221;1.1em&#8221; header_font=&#8221;Muli|100|||||||&#8221;]<p>Marseille (13)<\/p>[\/et_pb_text][\/et_pb_column][\/et_pb_row][et_pb_row column_structure=&#8221;1_5,3_5,1_5&#8243; _builder_version=&#8221;4.2.2&#8243; background_color=&#8221;rgba(255,255,255,0.85)&#8221; custom_margin=&#8221;0px||||false|false&#8221; custom_padding=&#8221;15px|15px|15px|15px|false|false&#8221; border_width_top=&#8221;1px&#8221; border_color_top=&#8221;#919191&#8243; border_style_top=&#8221;dotted&#8221; locked=&#8221;off&#8221;][et_pb_column type=&#8221;1_5&#8243; _builder_version=&#8221;4.2.2&#8243; background_enable_color=&#8221;off&#8221;][et_pb_text admin_label=&#8221;date&#8221; _builder_version=&#8221;4.4.6&#8243; text_font=&#8221;Muli|300|||||||&#8221; text_font_size=&#8221;13px&#8221; text_line_height=&#8221;1.1em&#8221; header_font=&#8221;Muli|300|||||||&#8221; custom_margin=&#8221;||10px||false|false&#8221;]<p><span class=\"dates\">13th \u2192 18th Jul<br \/> <\/span><\/p>[\/et_pb_text][\/et_pb_column][et_pb_column type=&#8221;3_5&#8243; _builder_version=&#8221;4.2.2&#8243;][et_pb_text admin_label=&#8221;Lieu&#8221; _builder_version=&#8221;4.4.6&#8243; text_font=&#8221;Muli|300|||||||&#8221; text_text_color=&#8221;#1a1a1a&#8221; text_font_size=&#8221;14px&#8221; text_line_height=&#8221;1.1em&#8221; link_text_color=&#8221;#333333&#8243; background_layout=&#8221;dark&#8221; width=&#8221;100%&#8221;]<p>LA PASSERELLE, SC\u00c8NE NATIONALE<br \/> <span style=\"color: #999999;\">REHEARSAL<br \/> <\/span><\/p>[\/et_pb_text][\/et_pb_column][et_pb_column type=&#8221;1_5&#8243; _builder_version=&#8221;4.2.2&#8243;][et_pb_text admin_label=&#8221;Pays + ville &#8221; _builder_version=&#8221;4.4.6&#8243; text_font=&#8221;Muli|600|||||||&#8221; text_line_height=&#8221;1.1em&#8221; header_font=&#8221;Muli|100|||||||&#8221;]<p>Gap (05)<\/p>[\/et_pb_text][\/et_pb_column][\/et_pb_row][et_pb_row _builder_version=&#8221;4.2.2&#8243; custom_padding=&#8221;||0px|||&#8221;][et_pb_column type=&#8221;4_4&#8243; _builder_version=&#8221;4.2.2&#8243;][et_pb_text _builder_version=&#8221;4.2.2&#8243; header_2_font=&#8221;Muli|200||on|||||&#8221; header_2_text_color=&#8221;#666666&#8243; header_2_font_size=&#8221;55px&#8221; background_color=&#8221;rgba(255,255,255,0.85)&#8221; custom_padding=&#8221;15px|15px|0px|15px|false|false&#8221;]<h2>AXIS MUNDI<\/h2>[\/et_pb_text][et_pb_text _builder_version=&#8221;4.4.6&#8243; header_2_font=&#8221;Muli|200||on|||||&#8221; header_2_text_color=&#8221;#666666&#8243; header_2_font_size=&#8221;55px&#8221; header_5_text_color=&#8221;#666666&#8243; background_color=&#8221;rgba(255,255,255,0.85)&#8221; min_height=&#8221;39px&#8221; custom_margin=&#8221;||||false|false&#8221; custom_padding=&#8221;15px|15px|0px|15px|false|false&#8221; locked=&#8221;off&#8221;]<h5>Performances<\/h5>[\/et_pb_text][\/et_pb_column][\/et_pb_row][et_pb_row column_structure=&#8221;1_5,3_5,1_5&#8243; _builder_version=&#8221;4.2.2&#8243; background_color=&#8221;rgba(255,255,255,0.85)&#8221; custom_margin=&#8221;0px||||false|false&#8221; custom_padding=&#8221;15px|15px|15px|15px|false|false&#8221; border_width_top=&#8221;1px&#8221; border_color_top=&#8221;#919191&#8243; border_style_top=&#8221;dotted&#8221; locked=&#8221;off&#8221;][et_pb_column type=&#8221;1_5&#8243; _builder_version=&#8221;4.2.2&#8243; background_enable_color=&#8221;off&#8221;][et_pb_text admin_label=&#8221;date&#8221; _builder_version=&#8221;4.4.0&#8243; text_font=&#8221;Muli|300|||||||&#8221; text_font_size=&#8221;13px&#8221; text_line_height=&#8221;1.1em&#8221; header_font=&#8221;Muli|300|||||||&#8221; custom_margin=&#8221;||10px||false|false&#8221;]<p><span class=\"dates\">30 may<\/span>\u00a0<\/p>[\/et_pb_text][\/et_pb_column][et_pb_column type=&#8221;3_5&#8243; _builder_version=&#8221;4.2.2&#8243;][et_pb_text admin_label=&#8221;Lieu&#8221; _builder_version=&#8221;4.4.6&#8243; text_font=&#8221;Muli|300|||||||&#8221; text_text_color=&#8221;#1a1a1a&#8221; text_font_size=&#8221;14px&#8221; text_line_height=&#8221;1.1em&#8221; link_text_color=&#8221;#333333&#8243; background_layout=&#8221;dark&#8221; width=&#8221;100%&#8221;]<p><a href=\"https:\/\/www.theatrelouisaragon.fr\/2019-2020-la-belle-saison-1523.html\">LA BELLE SAISON, A LA POUDRERIE<\/a> [POSTPONED]<\/p>[\/et_pb_text][\/et_pb_column][et_pb_column type=&#8221;1_5&#8243; _builder_version=&#8221;4.2.2&#8243;][et_pb_text admin_label=&#8221;Pays + ville &#8221; _builder_version=&#8221;4.3.2&#8243; text_font=&#8221;Muli|600|||||||&#8221; text_line_height=&#8221;1.1em&#8221; header_font=&#8221;Muli|100|||||||&#8221;]Tremblay-en-France (93) [\/et_pb_text][\/et_pb_column][\/et_pb_row][et_pb_row admin_label=&#8221;Transmission&#8221; _builder_version=&#8221;4.2.2&#8243; custom_margin=&#8221;||0px||false|false&#8221; custom_padding=&#8221;||0px||false|false&#8221; locked=&#8221;off&#8221;][et_pb_column type=&#8221;4_4&#8243; _builder_version=&#8221;4.2.2&#8243;][et_pb_text _builder_version=&#8221;4.4.9&#8243; header_2_font=&#8221;Muli|200||on|||||&#8221; header_2_text_color=&#8221;#666666&#8243; header_2_font_size=&#8221;55px&#8221; background_color=&#8221;rgba(255,255,255,0.85)&#8221; custom_margin=&#8221;20px||||false|false&#8221; custom_padding=&#8221;15px|15px|0px|15px|false|false&#8221; hover_enabled=&#8221;0&#8243;]<h2>BEFORE LANDS<\/h2>\n[\/et_pb_text][et_pb_text _builder_version=&#8221;4.4.9&#8243; header_2_font=&#8221;Muli|200||on|||||&#8221; header_2_text_color=&#8221;#666666&#8243; header_2_font_size=&#8221;55px&#8221; header_5_text_color=&#8221;#666666&#8243; background_color=&#8221;rgba(255,255,255,0.85)&#8221; min_height=&#8221;39px&#8221; custom_margin=&#8221;||||false|false&#8221; custom_padding=&#8221;15px|15px|0px|15px|false|false&#8221; hover_enabled=&#8221;0&#8243; locked=&#8221;off&#8221;]<h5>Ephemeral and participatory installation<\/h5>\n[\/et_pb_text][\/et_pb_column][\/et_pb_row][et_pb_row column_structure=&#8221;1_5,3_5,1_5&#8243; _builder_version=&#8221;4.2.2&#8243; background_color=&#8221;rgba(255,255,255,0.85)&#8221; custom_margin=&#8221;0px||||false|false&#8221; custom_padding=&#8221;15px|15px|15px|15px|false|false&#8221; border_width_top=&#8221;1px&#8221; border_color_top=&#8221;#919191&#8243; border_style_top=&#8221;dotted&#8221; locked=&#8221;off&#8221;][et_pb_column type=&#8221;1_5&#8243; _builder_version=&#8221;4.2.2&#8243; background_enable_color=&#8221;off&#8221;][et_pb_text admin_label=&#8221;date&#8221; _builder_version=&#8221;4.4.9&#8243; text_font=&#8221;Muli|300|||||||&#8221; text_font_size=&#8221;13px&#8221; text_line_height=&#8221;1.1em&#8221; header_font=&#8221;Muli|300|||||||&#8221; custom_margin=&#8221;||10px||false|false&#8221; hover_enabled=&#8221;0&#8243;]<p><span class=\"dates\">06, 07, 09 &amp; 20 jul<br \/><\/span><\/p>\n[\/et_pb_text][\/et_pb_column][et_pb_column type=&#8221;3_5&#8243; _builder_version=&#8221;4.2.2&#8243;][et_pb_text admin_label=&#8221;Lieu&#8221; _builder_version=&#8221;4.4.9&#8243; text_font=&#8221;Muli|300|||||||&#8221; text_text_color=&#8221;#1a1a1a&#8221; text_font_size=&#8221;14px&#8221; text_line_height=&#8221;1.1em&#8221; link_text_color=&#8221;#333333&#8243; background_layout=&#8221;dark&#8221; width=&#8221;100%&#8221; hover_enabled=&#8221;0&#8243; content_last_edited=&#8221;on|phone&#8221;]<p><a href=\"http:\/\/www.boisdelaune.fr\/\">TH\u00c9\u00c2TRE DU BOIS DE L&#8217;AUNE<\/a><\/p>\n[\/et_pb_text][\/et_pb_column][et_pb_column type=&#8221;1_5&#8243; _builder_version=&#8221;4.2.2&#8243;][et_pb_text admin_label=&#8221;Pays + ville &#8221; _builder_version=&#8221;4.4.9&#8243; text_font=&#8221;Muli|600|||||||&#8221; text_line_height=&#8221;1.1em&#8221; header_font=&#8221;Muli|100|||||||&#8221; hover_enabled=&#8221;0&#8243;]<p>Aix-en-Provence (13)<\/p>\n[\/et_pb_text][\/et_pb_column][\/et_pb_row][et_pb_row admin_label=&#8221;Transmission&#8221; _builder_version=&#8221;4.2.2&#8243; custom_margin=&#8221;||0px||false|false&#8221; custom_padding=&#8221;||0px||false|false&#8221;][et_pb_column type=&#8221;4_4&#8243; _builder_version=&#8221;4.2.2&#8243;][et_pb_text _builder_version=&#8221;4.2.2&#8243; header_2_font=&#8221;Muli|200||on|||||&#8221; header_2_text_color=&#8221;#666666&#8243; header_2_font_size=&#8221;55px&#8221; background_color=&#8221;rgba(255,255,255,0.85)&#8221; custom_margin=&#8221;20px||||false|false&#8221; custom_padding=&#8221;15px|15px|0px|15px|false|false&#8221;]<h2>TRANSMISSION<\/h2>[\/et_pb_text][et_pb_text _builder_version=&#8221;4.4.0&#8243; header_2_font=&#8221;Muli|200||on|||||&#8221; header_2_text_color=&#8221;#666666&#8243; header_2_font_size=&#8221;55px&#8221; header_5_text_color=&#8221;#666666&#8243; background_color=&#8221;rgba(255,255,255,0.85)&#8221; min_height=&#8221;39px&#8221; custom_margin=&#8221;||||false|false&#8221; custom_padding=&#8221;15px|15px|0px|15px|false|false&#8221; locked=&#8221;off&#8221;]<h5>Workshops<\/h5>[\/et_pb_text][\/et_pb_column][\/et_pb_row][et_pb_row column_structure=&#8221;1_5,3_5,1_5&#8243; _builder_version=&#8221;4.2.2&#8243; background_color=&#8221;rgba(255,255,255,0.85)&#8221; custom_margin=&#8221;0px||||false|false&#8221; custom_padding=&#8221;15px|15px|15px|15px|false|false&#8221; border_width_top=&#8221;1px&#8221; border_color_top=&#8221;#919191&#8243; border_style_top=&#8221;dotted&#8221; locked=&#8221;off&#8221;][et_pb_column type=&#8221;1_5&#8243; _builder_version=&#8221;4.2.2&#8243; background_enable_color=&#8221;off&#8221;][et_pb_text admin_label=&#8221;date&#8221; _builder_version=&#8221;4.3.4&#8243; text_font=&#8221;Muli|300|||||||&#8221; text_font_size=&#8221;13px&#8221; text_line_height=&#8221;1.1em&#8221; header_font=&#8221;Muli|300|||||||&#8221; custom_margin=&#8221;||10px||false|false&#8221;]<p><span class=\"dates\">05 mar <\/span>14:00 \u2192 17:00<\/p>[\/et_pb_text][\/et_pb_column][et_pb_column type=&#8221;3_5&#8243; _builder_version=&#8221;4.2.2&#8243;][et_pb_text admin_label=&#8221;Lieu&#8221; _builder_version=&#8221;4.3.4&#8243; text_font=&#8221;Muli|300|||||||&#8221; text_text_color=&#8221;#1a1a1a&#8221; text_font_size=&#8221;14px&#8221; text_line_height=&#8221;1.1em&#8221; link_text_color=&#8221;#333333&#8243; background_layout=&#8221;dark&#8221; width=&#8221;100%&#8221;]<p><a href=\"https:\/\/uqam.ca\/\">UQAM &#8211; UNIVERSITE DU QUEBEC A MONTREAL<\/a><\/p>[\/et_pb_text][\/et_pb_column][et_pb_column type=&#8221;1_5&#8243; _builder_version=&#8221;4.2.2&#8243;][et_pb_text admin_label=&#8221;Pays + ville &#8221; _builder_version=&#8221;4.3.2&#8243; text_font=&#8221;Muli|600|||||||&#8221;]<p>Montr\u00e9al (Ca)<\/p>[\/et_pb_text][\/et_pb_column][\/et_pb_row][et_pb_row column_structure=&#8221;1_5,3_5,1_5&#8243; _builder_version=&#8221;4.2.2&#8243; background_color=&#8221;rgba(255,255,255,0.85)&#8221; custom_margin=&#8221;0px||||false|false&#8221; custom_padding=&#8221;15px|15px|15px|15px|false|false&#8221; border_width_top=&#8221;1px&#8221; border_color_top=&#8221;#919191&#8243; border_style_top=&#8221;dotted&#8221; locked=&#8221;off&#8221;][et_pb_column type=&#8221;1_5&#8243; _builder_version=&#8221;4.2.2&#8243; background_enable_color=&#8221;off&#8221;][et_pb_text admin_label=&#8221;date&#8221; _builder_version=&#8221;4.3.4&#8243; text_font=&#8221;Muli|300|||||||&#8221; text_font_size=&#8221;13px&#8221; text_line_height=&#8221;1.1em&#8221; header_font=&#8221;Muli|300|||||||&#8221; custom_margin=&#8221;||10px||false|false&#8221;]<p><span class=\"dates\">20 mar <\/span>\u00e0 partir de 15:00<\/p>[\/et_pb_text][\/et_pb_column][et_pb_column type=&#8221;3_5&#8243; _builder_version=&#8221;4.2.2&#8243;][et_pb_text admin_label=&#8221;Lieu&#8221; _builder_version=&#8221;4.4.1&#8243; text_font=&#8221;Muli|300|||||||&#8221; text_text_color=&#8221;#1a1a1a&#8221; text_font_size=&#8221;14px&#8221; text_line_height=&#8221;1.1em&#8221; link_text_color=&#8221;#333333&#8243; background_layout=&#8221;dark&#8221; width=&#8221;100%&#8221;]<p><a href=\"https:\/\/www.tjp-strasbourg.com\/giboulees2020\">BIENNALE CORPS OBJET IMAGE [CANCELED]<\/a><\/p>[\/et_pb_text][\/et_pb_column][et_pb_column type=&#8221;1_5&#8243; _builder_version=&#8221;4.2.2&#8243;][et_pb_text admin_label=&#8221;Pays + ville &#8221; _builder_version=&#8221;4.2.2&#8243; text_font=&#8221;Muli|600|||||||&#8221;]Strasbourg (67)[\/et_pb_text][\/et_pb_column][\/et_pb_row][et_pb_row column_structure=&#8221;1_5,3_5,1_5&#8243; _builder_version=&#8221;4.3.4&#8243; background_color=&#8221;rgba(255,255,255,0.85)&#8221; custom_margin=&#8221;0px||0px||false|false&#8221; custom_padding=&#8221;15px|15px|15px|15px|false|false&#8221; border_width_top=&#8221;1px&#8221; border_color_top=&#8221;#919191&#8243; border_style_top=&#8221;dotted&#8221; locked=&#8221;off&#8221;][et_pb_column type=&#8221;1_5&#8243; _builder_version=&#8221;4.2.2&#8243; background_enable_color=&#8221;off&#8221;][et_pb_text admin_label=&#8221;date&#8221; _builder_version=&#8221;4.4.0&#8243; text_font=&#8221;Muli|300|||||||&#8221; text_font_size=&#8221;13px&#8221; text_line_height=&#8221;1.1em&#8221; header_font=&#8221;Muli|300|||||||&#8221; custom_margin=&#8221;||10px||false|false&#8221;]<span class=\"dates\">06 apr <\/span>13:00 \u2192 18:00\n<span class=\"dates\">07 apr<\/span>\n<span class=\"dates\">08 apr<\/span>\n<span class=\"dates\">09 apr<\/span>\n<span class=\"dates\">10 apr<\/span>[\/et_pb_text][\/et_pb_column][et_pb_column type=&#8221;3_5&#8243; _builder_version=&#8221;4.2.2&#8243;][et_pb_text content_tablet=&#8221;<p>DEUST THEATRE &#8211; UNIVERSITE AIX-EN-PROVENCE \/ MARSEILLE<span style=%22color: #999999;%22><\/span><\/p>\n&#8221; content_phone=&#8221;<p>DEUST THEATRE &#8211; UNIVERSITE AIX-EN-PROVENCE \/ MARSEILLE<span style=%22color: #999999;%22><\/span><\/p>\n&#8221; content_last_edited=&#8221;on|phone&#8221; disabled_on=&#8221;off|off|off&#8221; admin_label=&#8221;Lieu&#8221; _builder_version=&#8221;4.3.4&#8243; text_font=&#8221;Muli|300|||||||&#8221; text_text_color=&#8221;#666666&#8243; text_font_size=&#8221;14px&#8221; text_line_height=&#8221;1.1em&#8221; background_layout=&#8221;dark&#8221; width=&#8221;100%&#8221;]<p><span style=\"color: #333333;\">DEUST THEATRE &#8211; UNIVERSITE AIX-EN-PROVENCE \/ MARSEILLE<\/span><br \/> <span style=\"color: #999999;\">DEUST THEATRE &#8211; UNIVERSITE AIX-EN-PROVENCE \/ MARSEILLE<\/span><br \/> <span style=\"color: #999999;\"> DEUST THEATRE &#8211; UNIVERSITE AIX-EN-PROVENCE \/ MARSEILLE<\/span><br \/> <span style=\"color: #999999;\"> DEUST THEATRE &#8211; UNIVERSITE AIX-EN-PROVENCE \/ MARSEILLE<\/span><br \/> <span style=\"color: #999999;\"> DEUST THEATRE &#8211; UNIVERSITE AIX-EN-PROVENCE \/ MARSEILLE<\/span><\/p>[\/et_pb_text][\/et_pb_column][et_pb_column type=&#8221;1_5&#8243; _builder_version=&#8221;4.2.2&#8243;][et_pb_text admin_label=&#8221;Pays + ville &#8221; _builder_version=&#8221;4.3.2&#8243; text_font=&#8221;Muli|600|||||||&#8221;]<p>Aix-en-Provence (13)<\/p>[\/et_pb_text][\/et_pb_column][\/et_pb_row][et_pb_row admin_label=&#8221;ateleir univ titre&#8221; _builder_version=&#8221;4.2.2&#8243; custom_margin=&#8221;||0px||false|false&#8221; custom_padding=&#8221;0px||0px||false|false&#8221;][et_pb_column type=&#8221;4_4&#8243; _builder_version=&#8221;4.2.2&#8243;][et_pb_text _builder_version=&#8221;4.4.0&#8243; header_2_font=&#8221;Muli|200||on|||||&#8221; header_2_text_color=&#8221;#666666&#8243; header_2_font_size=&#8221;55px&#8221; header_5_text_color=&#8221;#666666&#8243; background_color=&#8221;rgba(255,255,255,0.85)&#8221; custom_margin=&#8221;||||false|false&#8221; custom_padding=&#8221;0px|15px|0px|15px|false|false&#8221; locked=&#8221;off&#8221;]<h5>Talks<\/h5>[\/et_pb_text][\/et_pb_column][\/et_pb_row][et_pb_row column_structure=&#8221;1_5,3_5,1_5&#8243; _builder_version=&#8221;4.2.2&#8243; background_color=&#8221;rgba(255,255,255,0.85)&#8221; custom_margin=&#8221;0px||||false|false&#8221; custom_padding=&#8221;15px|15px|15px|15px|false|false&#8221; border_width_top=&#8221;1px&#8221; border_color_top=&#8221;#919191&#8243; border_style_top=&#8221;dotted&#8221; locked=&#8221;off&#8221;][et_pb_column type=&#8221;1_5&#8243; _builder_version=&#8221;4.2.2&#8243; background_enable_color=&#8221;off&#8221;][et_pb_text admin_label=&#8221;date&#8221; _builder_version=&#8221;4.4.0&#8243; text_font=&#8221;Muli|300|||||||&#8221; text_font_size=&#8221;13px&#8221; text_line_height=&#8221;1.1em&#8221; header_font=&#8221;Muli|300|||||||&#8221; custom_margin=&#8221;||10px||false|false&#8221;]<span class=\"dates\">05 march <\/span>12:30 \u2192 13:30[\/et_pb_text][\/et_pb_column][et_pb_column type=&#8221;3_5&#8243; _builder_version=&#8221;4.2.2&#8243;][et_pb_text admin_label=&#8221;Lieu&#8221; _builder_version=&#8221;4.3.4&#8243; text_font=&#8221;Muli|300|||||||&#8221; text_text_color=&#8221;#1a1a1a&#8221; text_font_size=&#8221;14px&#8221; text_line_height=&#8221;1.1em&#8221; link_text_color=&#8221;#333333&#8243; background_layout=&#8221;dark&#8221; width=&#8221;100%&#8221;]<p><a href=\"https:\/\/uqam.ca\/\">UQAM &#8211; UNIVERSITE DU QUEBEC A MONTREAL<\/a><\/p>[\/et_pb_text][\/et_pb_column][et_pb_column type=&#8221;1_5&#8243; _builder_version=&#8221;4.2.2&#8243;][et_pb_text admin_label=&#8221;Pays + ville &#8221; _builder_version=&#8221;4.3.2&#8243; text_font=&#8221;Muli|600|||||||&#8221;]<p>Montr\u00e9al (Ca)<\/p>[\/et_pb_text][\/et_pb_column][\/et_pb_row][\/et_pb_section]\n","protected":false},"excerpt":{"rendered":"<p>Agenda 2019 \u2013 2020l&#8217;enfant &#8211; the childPerformances20 sep 18:00 21 sep 14:00 21 sep 19:00 22 sep 12:00 22 sep 16:00 22 sep 20:00FESTIVAL MONDIAL DES TH\u00c9\u00c2TRES DE MARIONNETTES FESTIVAL [&hellip;]<\/p>\n","protected":false},"author":2,"featured_media":0,"parent":0,"menu_order":1,"comment_status":"closed","ping_status":"closed","template":"","meta":{"_et_pb_use_builder":"on","_et_pb_old_content":"<!-- wp:paragraph -->\n<p>[:fr]<\/p>\n<!-- \/wp:paragraph -->\n\n<!-- wp:html -->\n<div style=\"width: 40%; padding: 0 10px 0 0; float: left;\">\n<figure><figure><figure><a href=\"http:\/\/test.lentrouvert.com\/wp-content\/uploads\/2018\/09\/ANYweb2.jpg\"><img class=\"alignnone size-full wp-image-2454\" src=\"http:\/\/test.lentrouvert.com\/wp-content\/uploads\/2018\/09\/ANYweb2.jpg\" alt=\"ANYweb2\" width=\"567\" height=\"113\"><\/a><\/figure><\/figure><\/figure><p><\/p>\n<p><strong><span style=\"color: #000000;\"><a style=\"color: #000000;\" href=\"https:\/\/www.lot-theater.de\/2019\/07\/12\/weitblick-festival-2019\/\">Festival of Weitblick<\/a>,<\/span> Braunschweig \/ Allemagne<br><\/strong>- Samedi 19 octobre 20h00<\/p>\n<p><strong><span style=\"color: #000000;\"><a style=\"color: #000000;\" href=\"https:\/\/www.unidram.de\/\">Festival Unidram<\/a>,<\/span> Postdam \/ Allemagne<br><\/strong>- Samedi 2 novembre 21h45<\/p>\n<p><strong>Festival Th\u00e9\u00e2tre de Daliangshan, Xichang \/ Chine<br><\/strong>- Samedi 22 novembre 19h30<br>- Dimanche 23 novembre 19h30<br>- Lundi 24 novembre 19h30<\/p>\n<p><strong><span style=\"color: #000000;\"><a style=\"color: #000000;\" href=\"https:\/\/www.le140.be\/\">Le 140, Bruxelles<\/a><\/span> \/ Belgique<br><\/strong>- Mardi 3 d\u00e9cembre 20h30 <br>- Mercredi 4 d\u00e9cembre 19h<br>- Jeudi 5 d\u00e9cembre 10h & 20h30<br>- Vendredi 6 d\u00e9cembre 10h<\/p>\n<p><strong><span style=\"color: #000000;\"><a style=\"color: #000000;\" href=\"https:\/\/festival.casteliers.ca\/\">Festival de Castelliers<\/a><\/span>, Montr\u00e9al \/ Canada<br><\/strong>- Samedi 7 mars 19h<br>- Dimanche 8 mars 13h30<\/p>\n<p><strong><span style=\"color: #000000;\"><a style=\"color: #000000;\" href=\"https:\/\/here.org\/\">Here Art Center<\/a><\/span>, New-York \/ Etats-Unis<\/strong> <br>- Mercredi 11 Mars 20h30 <br>- Jeudi 12 Mars 20h30 <br>- Vendredi 13 Mars 20h30 <br>- Samedi 14 Mars 20h30 <br>- Dimanche 15 Mars 16h <br>\n<p><strong><span style=\"color: #000000;\"><a style=\"color: #000000;\" href=\"https:\/\/www.banialuka.pl\/\">Bianaluka Theater Festival,<\/a><\/span> Bielsko Biala \/ Pologne <\/strong> <br>- Du 26 au 30 mai (en cours)<br>\n<\/p><\/div>\n<!-- \/wp:html -->\n\n<!-- wp:html -->\n<div style=\"width: 40%; padding: 0 10px 0 0; float: right;\">\n<figure><a href=\"http:\/\/test.lentrouvert.com\/wp-content\/uploads\/2018\/09\/ENFweb3.jpg\"><img class=\"alignnone wp-image-2456 size-full\" src=\"http:\/\/test.lentrouvert.com\/wp-content\/uploads\/2018\/09\/ENFweb3.jpg\" alt=\"\" width=\"567\" height=\"113\"><\/a><\/figure><p><br><span style=\"color: #000000;\"><br><\/span><strong><span style=\"color: #000000;\"><a style=\"color: #000000;\" href=\"http:\/\/www.festival-marionnette.com\/fr\/\">Festival Mondial des Th\u00e9\u00e2tres de Marionnettes<\/a><\/span>, Charleville-M\u00e9zi\u00e8res (08)<br><\/strong>- Vendredi 20 septembre 18h<br>- Samedi 21 septembre 14h & 19h<br>- Dimanche 22 septembre 12h & 16h & 20h (anglais)<\/p>\n\n<figure><a href=\"http:\/\/test.lentrouvert.com\/wp-content\/uploads\/2019\/09\/Capture-d%E2%80%99e%CC%81cran-2019-09-27-a%CC%80-10.28.33.png\"><img class=\"aligncenter wp-image-3700 size-full\" src=\"http:\/\/test.lentrouvert.com\/wp-content\/uploads\/2019\/09\/Capture-d%E2%80%99e%CC%81cran-2019-09-27-a%CC%80-10.28.33.png\" alt=\"\" width=\"1402\" height=\"278\"><\/a><\/figure><p><\/p>\n<p><strong><span style=\"color: #000000;\"><a style=\"color: #000000;\" href=\"https:\/\/www.theatrelouisaragon.fr\/la-belle-saison-1523.html\">La belle saison \u00e0 la Poudrerie<\/a><\/span>, <br>Vaujours (93)<br><\/strong>Samedi 30 mai 16h<\/p>\n<\/div>\n<!-- \/wp:html -->\n\n<!-- wp:paragraph -->\n<p>[:en]<\/p>\n<!-- \/wp:paragraph -->\n\n<!-- wp:html -->\n<div style=\"width: 40%; padding: 0 10px 0 0; float: left;\">\n<figure><figure><a href=\"http:\/\/test.lentrouvert.com\/wp-content\/uploads\/2018\/09\/ANYweb2.jpg\"><img class=\"alignnone size-full wp-image-2454\" src=\"http:\/\/test.lentrouvert.com\/wp-content\/uploads\/2018\/09\/ANYweb2.jpg\" alt=\"ANYweb2\" width=\"567\" height=\"113\"><\/a><\/figure><\/figure><p><\/p>\n<p><strong><span style=\"color: #000000;\"><a style=\"color: #000000;\" href=\"https:\/\/www.lot-theater.de\/2019\/07\/12\/weitblick-festival-2019\/\">Festival of Weitblick<\/a>,<\/span> Braunschweig \/ Allemagne<br><\/strong>- Saturday 19th october 8p.m. <\/p>\n<p><strong><span style=\"color: #000000;\"><a style=\"color: #000000;\" href=\"https:\/\/www.unidram.de\/\">Festival Unidram<\/a><\/span>, Postdam \/ Germany<br><\/strong>- Saturday 2nd november 9.45 p.m.<\/p>\n<p><strong>Festival Daliangshan Theater, Xichang \/ China<\/strong><br>- Saturday 22nd November 7.30 p.m.<br>- Sunday 23rd November 7.30 p.m.<br>- Monday 24th November 7.30 p.m.<\/p>\n<p><strong><span style=\"color: #000000;\"><a style=\"color: #000000;\" href=\"https:\/\/www.le140.be\/\">The 140<\/a><\/span>, Bruxelles \/ Belgium<br><\/strong>- Tuesday 3rd December 8.30 p.m.<br>- Wednesday 4th December 7p.m.<br>- Thursday 5th December 10a.m. & 8.30p.m<br>- Friday 6th December 10p.m.<\/p>\n<p><strong><span style=\"color: #000000;\"><a style=\"color: #000000;\" href=\"https:\/\/festival.casteliers.ca\/\">Festival of Castelliers<\/a><\/span>, Montr\u00e9al \/ Canada<br><\/strong>- Saturday 7th March 7 p.m.<br>- Sunday 8th March 1.30 p.m.<\/p>\n<p><strong><span style=\"color: #000000;\"><a style=\"color: #000000;\" href=\"https:\/\/here.org\/\">Here Art Center<\/a><\/span>, New-York \/ Etats-Unis<\/strong> <br>- Wednesday 11th March 8.30 p.m.<br>- Thursday 12th March 8.30 p.m.<br>- Friday 13th March 8.30 p.m. <br>- Saturday 14th March 8.30 p.m.<br>- Sunday 15th March 4.00 p.m.<br>\n<p><strong><span style=\"color: #000000;\"><a style=\"color: #000000;\" href=\"https:\/\/www.banialuka.pl\/\">Bianaluka Theater Festival,<\/a><\/span> Bielsko Biala \/ Pologne <\/strong> <br>- From May 26th - 30th (in progress) <br>\n<\/div>\n<!-- \/wp:html -->\n\n<!-- wp:html -->\n<div style=\"width: 40%; padding: 0 10px 0 0; float: right;\">\n<figure><a href=\"http:\/\/test.lentrouvert.com\/wp-content\/uploads\/2018\/09\/ENFweb3.jpg\"><img class=\"alignnone wp-image-2456 size-full\" src=\"http:\/\/test.lentrouvert.com\/wp-content\/uploads\/2018\/09\/ENFweb3.jpg\" alt=\"\" width=\"567\" height=\"113\"><\/a><\/figure><p><\/p>\n<p><strong><span style=\"color: #000000;\"><a style=\"color: #000000;\" href=\"http:\/\/www.festival-marionnette.com\/fr\/\">Mondial Festival of puppet theater<\/a><\/span>, Charleville-M\u00e9zi\u00e8res (08)<br>-<\/strong>Friday 20th September 6 a.m.<br>- Saturday 21st September 2 a.m. & 7a.m.<br>- Sunday 22nd september 12 p.m. & 4 p.m. & 8 p.m. (in English)<\/p>\n\n<figure><a href=\"http:\/\/test.lentrouvert.com\/wp-content\/uploads\/2019\/09\/Capture-d%E2%80%99e%CC%81cran-2019-09-27-a%CC%80-10.28.33.png\"><img class=\"aligncenter wp-image-3700 size-full\" src=\"http:\/\/test.lentrouvert.com\/wp-content\/uploads\/2019\/09\/Capture-d%E2%80%99e%CC%81cran-2019-09-27-a%CC%80-10.28.33.png\" alt=\"\" width=\"1402\" height=\"278\"><\/a><\/figure><p><\/p>\n<p><strong><span style=\"color: #000000;\"><a style=\"color: #000000;\" href=\"https:\/\/www.theatrelouisaragon.fr\/la-belle-saison-1523.html\">La belle saison \u00e0 la Poudrerie<\/a><\/span>, <br>Vaujours (93)<br><\/strong>Saturday 30th May 4 p.m.<\/p>\n<\/div>\n<!-- \/wp:html -->\n\n<!-- wp:paragraph -->\n<p><\/p>\n<!-- \/wp:paragraph -->","_et_gb_content_width":"","footnotes":""},"class_list":["post-6232","page","type-page","status-publish","hentry"],"yoast_head":"<!-- This site is optimized with the Yoast SEO plugin v27.5 - https:\/\/yoast.com\/product\/yoast-seo-wordpress\/ -->\n<title>2019 - 2020 - Th\u00e9\u00e2tre de l&#039;Entrouvert<\/title>\n<meta name=\"robots\" content=\"index, follow, max-snippet:-1, max-image-preview:large, max-video-preview:-1\" \/>\n<link rel=\"canonical\" href=\"https:\/\/lentrouvert.com\/en\/agenda\/\" \/>\n<meta property=\"og:locale\" content=\"en_US\" \/>\n<meta property=\"og:type\" content=\"article\" \/>\n<meta property=\"og:title\" content=\"2019 - 2020 - Th\u00e9\u00e2tre de l&#039;Entrouvert\" \/>\n<meta property=\"og:description\" content=\"Agenda 2019 \u2013 2020l&#039;enfant - the childPerformances20 sep 18:00 21 sep 14:00 21 sep 19:00 22 sep 12:00 22 sep 16:00 22 sep 20:00FESTIVAL MONDIAL DES TH\u00c9\u00c2TRES DE MARIONNETTES FESTIVAL [&hellip;]\" \/>\n<meta property=\"og:url\" content=\"https:\/\/lentrouvert.com\/en\/agenda\/\" \/>\n<meta property=\"og:site_name\" content=\"Th\u00e9\u00e2tre de l&#039;Entrouvert\" \/>\n<meta property=\"article:modified_time\" content=\"2020-08-18T09:38:25+00:00\" \/>\n<meta name=\"twitter:card\" content=\"summary_large_image\" \/>\n<meta name=\"twitter:label1\" content=\"Est. reading time\" \/>\n\t<meta name=\"twitter:data1\" content=\"20 minutes\" \/>\n<script type=\"application\/ld+json\" class=\"yoast-schema-graph\">{\"@context\":\"https:\\\/\\\/schema.org\",\"@graph\":[{\"@type\":\"WebPage\",\"@id\":\"https:\\\/\\\/lentrouvert.com\\\/en\\\/agenda\\\/\",\"url\":\"https:\\\/\\\/lentrouvert.com\\\/en\\\/agenda\\\/\",\"name\":\"2019 - 2020 - Th\u00e9\u00e2tre de l&#039;Entrouvert\",\"isPartOf\":{\"@id\":\"https:\\\/\\\/lentrouvert.com\\\/en\\\/#website\"},\"datePublished\":\"2020-02-13T14:02:13+00:00\",\"dateModified\":\"2020-08-18T09:38:25+00:00\",\"breadcrumb\":{\"@id\":\"https:\\\/\\\/lentrouvert.com\\\/en\\\/agenda\\\/#breadcrumb\"},\"inLanguage\":\"en-US\",\"potentialAction\":[{\"@type\":\"ReadAction\",\"target\":[\"https:\\\/\\\/lentrouvert.com\\\/en\\\/agenda\\\/\"]}]},{\"@type\":\"BreadcrumbList\",\"@id\":\"https:\\\/\\\/lentrouvert.com\\\/en\\\/agenda\\\/#breadcrumb\",\"itemListElement\":[{\"@type\":\"ListItem\",\"position\":1,\"name\":\"Accueil\",\"item\":\"https:\\\/\\\/lentrouvert.com\\\/en\\\/spectacle-de-marionnette-contemporaine\\\/\"},{\"@type\":\"ListItem\",\"position\":2,\"name\":\"2019 &#8211; 2020\"}]},{\"@type\":\"WebSite\",\"@id\":\"https:\\\/\\\/lentrouvert.com\\\/en\\\/#website\",\"url\":\"https:\\\/\\\/lentrouvert.com\\\/en\\\/\",\"name\":\"Th\u00e9\u00e2tre de l&#039;Entrouvert\",\"description\":\"Elise Vigneron\",\"publisher\":{\"@id\":\"https:\\\/\\\/lentrouvert.com\\\/en\\\/#organization\"},\"potentialAction\":[{\"@type\":\"SearchAction\",\"target\":{\"@type\":\"EntryPoint\",\"urlTemplate\":\"https:\\\/\\\/lentrouvert.com\\\/en\\\/?s={search_term_string}\"},\"query-input\":{\"@type\":\"PropertyValueSpecification\",\"valueRequired\":true,\"valueName\":\"search_term_string\"}}],\"inLanguage\":\"en-US\"},{\"@type\":\"Organization\",\"@id\":\"https:\\\/\\\/lentrouvert.com\\\/en\\\/#organization\",\"name\":\"Th\u00e9\u00e2tre de l\u2019Entrouvert\",\"url\":\"https:\\\/\\\/lentrouvert.com\\\/en\\\/\",\"logo\":{\"@type\":\"ImageObject\",\"inLanguage\":\"en-US\",\"@id\":\"https:\\\/\\\/lentrouvert.com\\\/en\\\/#\\\/schema\\\/logo\\\/image\\\/\",\"url\":\"\",\"contentUrl\":\"\",\"caption\":\"Th\u00e9\u00e2tre de l\u2019Entrouvert\"},\"image\":{\"@id\":\"https:\\\/\\\/lentrouvert.com\\\/en\\\/#\\\/schema\\\/logo\\\/image\\\/\"}}]}<\/script>\n<!-- \/ Yoast SEO plugin. -->","yoast_head_json":{"title":"2019 - 2020 - Th\u00e9\u00e2tre de l&#039;Entrouvert","robots":{"index":"index","follow":"follow","max-snippet":"max-snippet:-1","max-image-preview":"max-image-preview:large","max-video-preview":"max-video-preview:-1"},"canonical":"https:\/\/lentrouvert.com\/en\/agenda\/","og_locale":"en_US","og_type":"article","og_title":"2019 - 2020 - Th\u00e9\u00e2tre de l&#039;Entrouvert","og_description":"Agenda 2019 \u2013 2020l'enfant - the childPerformances20 sep 18:00 21 sep 14:00 21 sep 19:00 22 sep 12:00 22 sep 16:00 22 sep 20:00FESTIVAL MONDIAL DES TH\u00c9\u00c2TRES DE MARIONNETTES FESTIVAL [&hellip;]","og_url":"https:\/\/lentrouvert.com\/en\/agenda\/","og_site_name":"Th\u00e9\u00e2tre de l&#039;Entrouvert","article_modified_time":"2020-08-18T09:38:25+00:00","twitter_card":"summary_large_image","twitter_misc":{"Est. reading time":"20 minutes"},"schema":{"@context":"https:\/\/schema.org","@graph":[{"@type":"WebPage","@id":"https:\/\/lentrouvert.com\/en\/agenda\/","url":"https:\/\/lentrouvert.com\/en\/agenda\/","name":"2019 - 2020 - Th\u00e9\u00e2tre de l&#039;Entrouvert","isPartOf":{"@id":"https:\/\/lentrouvert.com\/en\/#website"},"datePublished":"2020-02-13T14:02:13+00:00","dateModified":"2020-08-18T09:38:25+00:00","breadcrumb":{"@id":"https:\/\/lentrouvert.com\/en\/agenda\/#breadcrumb"},"inLanguage":"en-US","potentialAction":[{"@type":"ReadAction","target":["https:\/\/lentrouvert.com\/en\/agenda\/"]}]},{"@type":"BreadcrumbList","@id":"https:\/\/lentrouvert.com\/en\/agenda\/#breadcrumb","itemListElement":[{"@type":"ListItem","position":1,"name":"Accueil","item":"https:\/\/lentrouvert.com\/en\/spectacle-de-marionnette-contemporaine\/"},{"@type":"ListItem","position":2,"name":"2019 &#8211; 2020"}]},{"@type":"WebSite","@id":"https:\/\/lentrouvert.com\/en\/#website","url":"https:\/\/lentrouvert.com\/en\/","name":"Th\u00e9\u00e2tre de l&#039;Entrouvert","description":"Elise Vigneron","publisher":{"@id":"https:\/\/lentrouvert.com\/en\/#organization"},"potentialAction":[{"@type":"SearchAction","target":{"@type":"EntryPoint","urlTemplate":"https:\/\/lentrouvert.com\/en\/?s={search_term_string}"},"query-input":{"@type":"PropertyValueSpecification","valueRequired":true,"valueName":"search_term_string"}}],"inLanguage":"en-US"},{"@type":"Organization","@id":"https:\/\/lentrouvert.com\/en\/#organization","name":"Th\u00e9\u00e2tre de l\u2019Entrouvert","url":"https:\/\/lentrouvert.com\/en\/","logo":{"@type":"ImageObject","inLanguage":"en-US","@id":"https:\/\/lentrouvert.com\/en\/#\/schema\/logo\/image\/","url":"","contentUrl":"","caption":"Th\u00e9\u00e2tre de l\u2019Entrouvert"},"image":{"@id":"https:\/\/lentrouvert.com\/en\/#\/schema\/logo\/image\/"}}]}},"_links":{"self":[{"href":"https:\/\/lentrouvert.com\/en\/wp-json\/wp\/v2\/pages\/6232","targetHints":{"allow":["GET"]}}],"collection":[{"href":"https:\/\/lentrouvert.com\/en\/wp-json\/wp\/v2\/pages"}],"about":[{"href":"https:\/\/lentrouvert.com\/en\/wp-json\/wp\/v2\/types\/page"}],"author":[{"embeddable":true,"href":"https:\/\/lentrouvert.com\/en\/wp-json\/wp\/v2\/users\/2"}],"replies":[{"embeddable":true,"href":"https:\/\/lentrouvert.com\/en\/wp-json\/wp\/v2\/comments?post=6232"}],"version-history":[{"count":0,"href":"https:\/\/lentrouvert.com\/en\/wp-json\/wp\/v2\/pages\/6232\/revisions"}],"wp:attachment":[{"href":"https:\/\/lentrouvert.com\/en\/wp-json\/wp\/v2\/media?parent=6232"}],"curies":[{"name":"wp","href":"https:\/\/api.w.org\/{rel}","templated":true}]}}