{"id":7888,"date":"2020-07-07T09:04:25","date_gmt":"2020-07-07T08:04:25","guid":{"rendered":"https:\/\/lentrouvert.com\/calendrier-2011-2012\/"},"modified":"2025-10-14T12:20:00","modified_gmt":"2025-10-14T10:20:00","slug":"calendrier-2011-2012","status":"publish","type":"page","link":"https:\/\/lentrouvert.com\/en\/calendrier-2011-2012\/","title":{"rendered":"2011-2012"},"content":{"rendered":"<p>[et_pb_section fb_built=&#8221;1&#8243; _builder_version=&#8221;4.4.7&#8243; background_image=&#8221;https:\/\/lentrouvert.com\/wp-content\/uploads\/2020\/01\/contact.jpg&#8221; parallax=&#8221;on&#8221; parallax_method=&#8221;off&#8221; custom_padding=&#8221;||16px|||&#8221; locked=&#8221;off&#8221;][\/et_pb_section][et_pb_section fb_built=&#8221;1&#8243; admin_label=&#8221;section g\u00e9n\u00e9rale&#8221; _builder_version=&#8221;4.4.6&#8243; background_image=&#8221;https:\/\/lentrouvert.com\/wp-content\/uploads\/2020\/01\/contact.jpg&#8221; parallax=&#8221;on&#8221; parallax_method=&#8221;off&#8221; locked=&#8221;off&#8221; collapsed=&#8221;on&#8221;][et_pb_row column_structure=&#8221;2_3,1_3&#8243; use_custom_gutter=&#8221;on&#8221; gutter_width=&#8221;3&#8243; admin_label=&#8221;row&#8221; _builder_version=&#8221;4.2.2&#8243; background_color=&#8221;rgba(255,255,255,0.85)&#8221; background_size=&#8221;initial&#8221; background_position=&#8221;top_left&#8221; background_repeat=&#8221;repeat&#8221; custom_padding=&#8221;5px|5px|5px|5px|false|false&#8221;][et_pb_column type=&#8221;2_3&#8243; _builder_version=&#8221;3.25&#8243; custom_padding=&#8221;|||&#8221; custom_padding__hover=&#8221;|||&#8221;][et_pb_text admin_label=&#8221;Titre de page&#8221; _builder_version=&#8221;4.4.6&#8243; header_font=&#8221;Muli|200|||||||&#8221; header_text_color=&#8221;#666666&#8243; header_font_size=&#8221;60px&#8221; header_5_font=&#8221;Muli|600||on|||||&#8221; header_5_text_color=&#8221;#666666&#8243; header_5_font_size=&#8221;14px&#8221; header_5_line_height=&#8221;1.4em&#8221; background_enable_color=&#8221;off&#8221; custom_margin=&#8221;||0px||false|false&#8221; custom_padding=&#8221;15px|15px|15px|15px|false|false&#8221; header_font_size_tablet=&#8221;50px&#8221; header_font_size_phone=&#8221;&#8221; header_font_size_last_edited=&#8221;on|phone&#8221;]<\/p>\n<h1>Calendrier 2011 \u2013 2012<\/h1>\n<p>[\/et_pb_text][\/et_pb_column][et_pb_column type=&#8221;1_3&#8243; _builder_version=&#8221;3.25&#8243; custom_padding=&#8221;|||&#8221; custom_padding__hover=&#8221;|||&#8221;][et_pb_menu menu_id=&#8221;14&#8243; _builder_version=&#8221;4.4.7&#8243; menu_font=&#8221;|||on|||||&#8221; menu_font_size=&#8221;12px&#8221; menu_line_height=&#8221;0.9em&#8221; background_enable_color=&#8221;off&#8221; custom_padding=&#8221;5px|5px|5px|5px|false|false&#8221; global_module=&#8221;7618&#8243; saved_tabs=&#8221;all&#8221; locked=&#8221;off&#8221;][\/et_pb_menu][\/et_pb_column][\/et_pb_row][et_pb_row admin_label=&#8221;Anywhere titre&#8221; _builder_version=&#8221;4.2.2&#8243; custom_margin=&#8221;||0px||false|false&#8221; custom_padding=&#8221;||0px||false|false&#8221;][et_pb_column type=&#8221;4_4&#8243; _builder_version=&#8221;4.2.2&#8243;][et_pb_text _builder_version=&#8221;4.4.6&#8243; header_2_font=&#8221;Muli|200||on|||||&#8221; header_2_text_color=&#8221;#666666&#8243; header_2_font_size=&#8221;55px&#8221; background_color=&#8221;rgba(255,255,255,0.85)&#8221; custom_padding=&#8221;15px|15px|0px|15px|false|false&#8221;]<\/p>\n<h2>Travers\u00e9es\/fragments<\/h2>\n<p>[\/et_pb_text][et_pb_text _builder_version=&#8221;4.4.6&#8243; header_2_font=&#8221;Muli|200||on|||||&#8221; header_2_text_color=&#8221;#666666&#8243; header_2_font_size=&#8221;55px&#8221; header_5_text_color=&#8221;#666666&#8243; background_color=&#8221;rgba(255,255,255,0.85)&#8221; min_height=&#8221;39px&#8221; custom_margin=&#8221;||||false|false&#8221; custom_padding=&#8221;15px|15px|0px|15px|false|false&#8221; locked=&#8221;off&#8221;]<\/p>\n<h5>Repr\u00e9sentations<\/h5>\n<p>[\/et_pb_text][\/et_pb_column][\/et_pb_row][et_pb_row column_structure=&#8221;1_5,3_5,1_5&#8243; _builder_version=&#8221;4.2.2&#8243; background_color=&#8221;rgba(255,255,255,0.85)&#8221; custom_margin=&#8221;0px||||false|false&#8221; custom_padding=&#8221;15px|15px|15px|15px|false|false&#8221; border_width_top=&#8221;1px&#8221; border_color_top=&#8221;#919191&#8243; border_style_top=&#8221;dotted&#8221;][et_pb_column type=&#8221;1_5&#8243; _builder_version=&#8221;4.2.2&#8243;][et_pb_text admin_label=&#8221;date&#8221; _builder_version=&#8221;4.4.7&#8243; text_font=&#8221;Muli|300|||||||&#8221; text_font_size=&#8221;13px&#8221; text_line_height=&#8221;1.2em&#8221; header_font=&#8221;Muli|300|||||||&#8221; custom_margin=&#8221;||10px||false|false&#8221;]<\/p>\n<p>color: #000000;color: #000000;<g id=\"gid_0\">FESTIVAL ORBIS PICTUS<\/g><br \/> <g id=\"gid_1\">FESTIVAL ORBIS PICTUS<\/g><br \/> <g id=\"gid_2\"> FESTIVAL ORBIS PICTUS<br \/>FESTIVAL ORBIS PICTUS<br \/> FESTIVAL ORBIS PICTUS<br \/>FESTIVAL ORBIS PICTUS<br \/><\/g>color: #999999;color: #999999;color: #999999;color: #999999;color: #000000;color: #000000;FESTIVAL ORBIS PICTUSFESTIVAL ORBIS PICTUSReims (51)Reims (51)24 SEP 15:00<br \/>24 SEP 17:0024 SEP 15:00<br \/>24 SEP 17:00color: #000000;color: #000000;FESTIVAL MACHIN BIDULE<br \/><span style=\"color: #999999;\">FESTIVAL MACHIN BIDULE<\/span>FESTIVAL MACHIN BIDULE<br \/><span style=\"color: #999999;\">FESTIVAL MACHIN BIDULE<\/span>color: #999999;color: #999999;color: #999999;color: #999999;color: #000000;color: #000000;FESTIVAL MACHIN BIDULEFESTIVAL MACHIN BIDULEcolor: #999999;color: #999999;Sault (84)Sault (84)<span class=\"dates\">26 NOV<\/span> 19:00<br \/>26 NOV 21:00<span class=\"dates\">26 NOV<\/span> 19:00<br \/>26 NOV 21:00color: #333333;color: #333333;color: #000000;color: #000000;<span style=\"color: #000000;\">CHAPELLE DE SAINT-MARTIN<\/span> <br \/><span style=\"color: #999999;\">CHAPELLE DE SAINT-MARTIN <\/span><span style=\"color: #000000;\">CHAPELLE DE SAINT-MARTIN<\/span> <br \/><span style=\"color: #999999;\">CHAPELLE DE SAINT-MARTIN <\/span>color: #999999;color: #999999;color: #333333;color: #333333;color: #000000;color: #000000;CHAPELLE DE SAINT-MARTIN CHAPELLE DE SAINT-MARTINcolor: #333333;color: #333333;color: #000000;color: #000000;CHAPELLE DE SAINT-MARTINCHAPELLE DE SAINT-MARTINSaint-Martin de Castillon (84)Saint-Martin de Castillon (84)11 NOV 16:00<br \/>11 NOV 20:30<br \/> 12 NOV 16:00<br \/>12 NOV 20:3011 NOV 16:00<br \/>11 NOV 20:30<br \/>12 NOV 16:00<br \/>12 NOV 20:30color: #000000;color: #000000;FESTIVAL FORMES ET PETITES FORMES MOUVANTES<br \/> <span style=\"color: #999999;\">FESTIVAL FORMES ET PETITES FORMES MOUVANTES<\/span><br \/><span style=\"color: #999999;\">FESTIVAL FORMES ET PETITES FORMES MOUVANTES<\/span><br \/><span style=\"color: #999999;\">FESTIVAL FORMES ET PETITES FORMES MOUVANTES<\/span>FESTIVAL FORMES ET PETITES FORMES MOUVANTES<br \/>\n  <span style=\"color: #999999;\">FESTIVAL FORMES ET PETITES FORMES MOUVANTES<\/span><br \/>\n  <br \/>\n    <span style=\"color: #999999;\">FESTIVAL FORMES ET PETITES FORMES MOUVANTES<\/span><br \/>\n    <br \/>\n      <span style=\"color: #999999;\">FESTIVAL FORMES ET PETITES FORMES MOUVANTES<\/span><\/p>\n<p>color: #999999;color: #999999;color: #999999;color: #999999;color: #999999;color: #999999;color: #000000;color: #000000;FESTIVAL FORMES ET PETITES FORMES MOUVANTESFESTIVAL FORMES ET PETITES FORMES MOUVANTESMeng-Sur-Loire (45)Meng-Sur-Loire (45)08 MAR 17:00<br \/>08 MAR 19:0008 MAR 17:00<br \/>08 MAR 19:00color: #000000;color: #000000;LE TEMPLE<br \/><span style=\"color: #999999;\">LE TEMPLE<\/span>LE TEMPLE<br \/><span style=\"color: #999999;\">LE TEMPLE<\/span>color: #999999;color: #999999;color: #000000;color: #000000;LE TEMPLELE TEMPLELacoste (84)Lacoste (84)15 MAR 17:00<br \/>15 MAR 19:0015 MAR 17:00<br \/>15 MAR 19:00PHA+PHA+PHNwYW4gc3R5bGU9ImNvbG9yOiAjMDAwMDAwOyI+PHNwYW4gc3R5bGU9ImNvbG9yOiAjMDAwMDAwOyI+SALLE YVES-MONTAND<br \/> <span style=\"color: #999999;\">SALLE YVES-MONTAND<\/span>SALLE YVES-MONTAND<br \/>\n  <span style=\"color: #999999;\">SALLE YVES-MONTAND<\/span><br \/>\ncolor: #999999;color: #999999;color: #999999;color: #999999;color: #000000;color: #000000;SALLE YVES-MONTANDSALLE YVES-MONTANDCadenet (84)Cadenet (84)11 MAI 18:00<br \/>11 MAI 20:0011 MAI 18:00<br \/>11 MAI 20:00color: #000000;color: #000000;FESTIVAL \u00c9MERGENCES<br \/><span style=\"color: #999999;\">FESTIVAL \u00c9MERGENCES<\/span>FESTIVAL \u00c9MERGENCES<br \/>\n  <span style=\"color: #999999;\">FESTIVAL \u00c9MERGENCES<\/span><br \/>\ncolor: #999999;color: #999999;color: #999999;color: #999999;color: #000000;color: #000000;FESTIVAL \u00c9MERGENCESFESTIVAL \u00c9MERGENCESAvignon (84)Avignon (84)01 JUI 15:00<br \/>01 JUI 17:00<br \/>01 JUI 19:0001 JUI 15:00<br \/>01 JUI 17:00<br \/>01 JUI 19:00color: #000000;color: #000000;<span style=\"color: #000000;\">FESTIVAL KIKILOCH<br \/><\/span><span style=\"color: #999999;\">FESTIVAL KIKILOCH<\/span><br \/><span style=\"color: #999999;\">FESTIVAL KIKILOCH<\/span><span style=\"color: #000000;\">FESTIVAL KIKILOCH<br \/><\/span><span style=\"color: #999999;\">FESTIVAL KIKILOCH<\/span><br \/><span style=\"color: #999999;\">FESTIVAL KIKILOCH<\/span>color: #999999;color: #999999;color: #999999;color: #999999;color: #000000;color: #000000;color: #999999;color: #999999;color: #000000;color: #000000;FESTIVAL KIKILOCHFESTIVAL KIKILOCHMoulins le Carbonnel (72)Moulins le Carbonnel (72)27 JUI 11:00<br \/>27 JUI 16:0027 JUI 11:00<br \/>27 JUI 16:00color: #000000;color: #000000;PETIT FESTIVAL<br \/><span style=\"color: #999999;\">PETIT FESTIVAL<\/span>PETIT FESTIVAL<br \/><span style=\"color: #999999;\">PETIT FESTIVAL<\/span>color: #999999;color: #999999;color: #999999;color: #999999;color: #000000;color: #000000;PETIT FESTIVALPETIT FESTIVALViens (84)Viens (84)02 AOU 15:00<br \/>02 AOU 17:00<br \/>03 AOU 15:00<br \/> 03 AOU 17:0002 AOU 15:00<br \/>02 AOU 17:00<br \/>03 AOU 15:00<br \/>03 AOU 17:00color: #000000;color: #000000;FESTIVAL MIMA<br \/> <g id=\"gid_0\">FESTIVAL MIMA<br \/>FESTIVAL MIMA<br \/>FESTIVAL MIMA<br \/><\/g>FESTIVAL MIMA<br \/>\n  <g id=\"gid_0\">FESTIVAL MIMA<br \/>FESTIVAL MIMA<br \/>FESTIVAL MIMA<br \/>\n<\/g><note from=\"otgs-segmenter\"><\/note><\/p>\n<p>color: #999999;color: #999999;color: #999999;color: #999999;color: #000000;color: #000000;FESTIVAL MIMAFESTIVAL MIMAMirepoix (09)Mirepoix (09)TRAVERS\u00c9ESTRAVERS\u00c9ESRepr\u00e9sentationsRepr\u00e9sentations06 SEP 15:00<br \/>06 SEP 17:0006 SEP 15:00<br \/>06 SEP 17:00color: #000000;color: #000000;FESTIVAL INTERNATIONAL DE MARIONNETTE PIF<br \/><span style=\"color: #999999;\">FESTIVAL INTERNATIONAL DE MARIONNETTE PIF<\/span>FESTIVAL INTERNATIONAL DE MARIONNETTE PIF<br \/><span style=\"color: #999999;\">FESTIVAL INTERNATIONAL DE MARIONNETTE PIF<\/span>color: #999999;color: #999999;color: #000000;color: #000000;color: #999999;color: #999999;color: #999999;color: #999999;color: #000000;color: #000000;FESTIVAL INTERNATIONAL DE MARIONNETTE PIFFESTIVAL INTERNATIONAL DE MARIONNETTE PIFcolor: #000000;color: #000000;color: #999999;color: #999999;color: #999999;color: #999999;color: #000000;color: #000000;FESTIVAL INTERNATIONAL DE MARIONNETTE PIFFESTIVAL INTERNATIONAL DE MARIONNETTE PIFcolor: #999999;color: #999999;Zagreb (CRO)Zagreb (CRO)15 NOV 09:30<br \/> 15 NOV 14:30<br \/> 15 NOV 19:3015 NOV 09:30<br \/>15 NOV 14:30<br \/>15 NOV 19:3016 NOV 09:00<br \/> 16 NOV 11:00<br \/> 17 NOV 09:30<br \/> 17 NOV 14:30<br \/> 17 NOV 19:3016 NOV 09:00<br \/>16 NOV 11:00<br \/>17 NOV 09:30<br \/>17 NOV 14:30<br \/>17 NOV 19:3018 NOV 09:00<br \/> 18 NOV 14:3018 NOV 09:00<br \/>18 NOV 14:30color: #000000;color: #000000;<g id=\"gid_0\">ESPACE 600<\/g><br \/> <g id=\"gid_1\">ESPACE 600<br \/> ESPACE 600<br \/> ESPACE 600<br \/> ESPACE 600<br \/> ESPACE 600<br \/> ESPACE 600<br \/> ESPACE 600<br \/> ESPACE 600<br \/>ESPACE 600<br \/> <\/g>color: #999999;color: #999999;color: #000000;color: #000000;ESPACE 600ESPACE 600color: #999999;color: #999999;color: #000000;color: #000000;ESPACE 600ESPACE 600Grenoble (38)Grenoble (38)24 MAR 18:00<br \/>24 MAR 20:3024 MAR 18:00<br \/>24 MAR 20:30color: #000000;color: #000000;FESTIVAL IMAGINALE<br \/> <span style=\"color: #999999;\">FESTIVAL IMAGINALE<\/span>FESTIVAL IMAGINALE<br \/>\n  <span style=\"color: #999999;\">FESTIVAL IMAGINALE<\/span><br \/>\ncolor: #999999;color: #999999;color: #000000;color: #000000;FESTIVAL IMAGINALE FESTIVAL IMAGINALEcolor: #999999;color: #999999;color: #000000;color: #000000;FESTIVAL IMAGINALE FESTIVAL IMAGINALEStuttgart (DE)Stuttgart (DE)15 FEV 16:30<br \/>15 FEV 19:30<br \/> 15 FEV 22:3015 FEV 16:30<br \/>15 FEV 19:30<br \/>15 FEV 22:30FIGURA THEATER FESTIVAL<br \/><span style=\"color: #999999;\">FIGURA THEATER FESTIVAL<\/span><br \/><span style=\"color: #999999;\">FIGURA THEATER FESTIVAL<\/span>FIGURA THEATER FESTIVAL<br \/><span style=\"color: #999999;\">FIGURA THEATER FESTIVAL<\/span><br \/><span style=\"color: #999999;\">FIGURA THEATER FESTIVAL<\/span>color: #999999;color: #999999;color: #999999;color: #999999;color: #000000;color: #000000;color: #999999;color: #999999;color: #000000;color: #000000;color: #999999;color: #999999;color: #000000;color: #000000;FIGURA THEATER FESTIVALFIGURA THEATER FESTIVALcolor: #000000;color: #000000;FIGURA THEATER FESTIVALFIGURA THEATER FESTIVALBaden (CH)Baden (CH)<\/p>\n<p>[\/et_pb_text][\/et_pb_column][et_pb_column type=&#8221;3_5&#8243; _builder_version=&#8221;4.2.2&#8243;][et_pb_text content_tablet=&#8221;<\/p>\n<p>\n            <span style=%22color: #000000;%22>FESTIVAL ORBIS PICTUS<\/span>\n          <\/p>\n<p>        &#8221; content_phone=&#8221;<\/p>\n<p>\n            <span style=%22color: #000000;%22>FESTIVAL ORBIS PICTUS<\/span>\n          <\/p>\n<p>        &#8221; content_last_edited=&#8221;on|tablet&#8221; admin_label=&#8221;Lieu&#8221; _builder_version=&#8221;4.4.7&#8243; text_font=&#8221;Muli|300|||||||&#8221; text_text_color=&#8221;#666666&#8243; text_font_size=&#8221;14px&#8221; text_line_height=&#8221;1.1em&#8221; background_layout=&#8221;dark&#8221; width=&#8221;100%&#8221; hover_enabled=&#8221;0&#8243;]<\/p>\n<p>color: #999999;color: #999999;color: #999999;color: #999999;color: #000000;color: #000000;FESTIVAL ORBIS PICTUSFESTIVAL ORBIS PICTUSReims (51)Reims (51)24 SEP 15:00<br \/>24 SEP 17:0024 SEP 15:00<br \/>24 SEP 17:00color: #000000;color: #000000;FESTIVAL MACHIN BIDULE<br \/><span style=\"color: #999999;\">FESTIVAL MACHIN BIDULE<\/span>FESTIVAL MACHIN BIDULE<br \/><span style=\"color: #999999;\">FESTIVAL MACHIN BIDULE<\/span>color: #999999;color: #999999;color: #999999;color: #999999;color: #000000;color: #000000;FESTIVAL MACHIN BIDULEFESTIVAL MACHIN BIDULEcolor: #999999;color: #999999;Sault (84)Sault (84)<span class=\"dates\">26 NOV<\/span> 19:00<br \/>26 NOV 21:00<span class=\"dates\">26 NOV<\/span> 19:00<br \/>26 NOV 21:00color: #333333;color: #333333;color: #000000;color: #000000;<span style=\"color: #000000;\">CHAPELLE DE SAINT-MARTIN<\/span> <br \/><span style=\"color: #999999;\">CHAPELLE DE SAINT-MARTIN <\/span><span style=\"color: #000000;\">CHAPELLE DE SAINT-MARTIN<\/span> <br \/><span style=\"color: #999999;\">CHAPELLE DE SAINT-MARTIN <\/span>color: #999999;color: #999999;color: #333333;color: #333333;color: #000000;color: #000000;CHAPELLE DE SAINT-MARTIN CHAPELLE DE SAINT-MARTINcolor: #333333;color: #333333;color: #000000;color: #000000;CHAPELLE DE SAINT-MARTINCHAPELLE DE SAINT-MARTINSaint-Martin de Castillon (84)Saint-Martin de Castillon (84)11 NOV 16:00<br \/>11 NOV 20:30<br \/> 12 NOV 16:00<br \/>12 NOV 20:3011 NOV 16:00<br \/>11 NOV 20:30<br \/>12 NOV 16:00<br \/>12 NOV 20:30color: #000000;color: #000000;FESTIVAL FORMES ET PETITES FORMES MOUVANTES<br \/> <span style=\"color: #999999;\">FESTIVAL FORMES ET PETITES FORMES MOUVANTES<\/span><br \/><span style=\"color: #999999;\">FESTIVAL FORMES ET PETITES FORMES MOUVANTES<\/span><br \/><span style=\"color: #999999;\">FESTIVAL FORMES ET PETITES FORMES MOUVANTES<\/span>FESTIVAL FORMES ET PETITES FORMES MOUVANTES<br \/>\n  <span style=\"color: #999999;\">FESTIVAL FORMES ET PETITES FORMES MOUVANTES<\/span><br \/>\n  <br \/>\n    <span style=\"color: #999999;\">FESTIVAL FORMES ET PETITES FORMES MOUVANTES<\/span><br \/>\n    <br \/>\n      <span style=\"color: #999999;\">FESTIVAL FORMES ET PETITES FORMES MOUVANTES<\/span><\/p>\n<p>color: #999999;color: #999999;color: #999999;color: #999999;color: #999999;color: #999999;color: #000000;color: #000000;FESTIVAL FORMES ET PETITES FORMES MOUVANTESFESTIVAL FORMES ET PETITES FORMES MOUVANTESMeng-Sur-Loire (45)Meng-Sur-Loire (45)08 MAR 17:00<br \/>08 MAR 19:0008 MAR 17:00<br \/>08 MAR 19:00color: #000000;color: #000000;LE TEMPLE<br \/><span style=\"color: #999999;\">LE TEMPLE<\/span>LE TEMPLE<br \/><span style=\"color: #999999;\">LE TEMPLE<\/span>color: #999999;color: #999999;color: #000000;color: #000000;LE TEMPLELE TEMPLELacoste (84)Lacoste (84)15 MAR 17:00<br \/>15 MAR 19:0015 MAR 17:00<br \/>15 MAR 19:00PHA+PHA+PHNwYW4gc3R5bGU9ImNvbG9yOiAjMDAwMDAwOyI+PHNwYW4gc3R5bGU9ImNvbG9yOiAjMDAwMDAwOyI+SALLE YVES-MONTAND<br \/> <span style=\"color: #999999;\">SALLE YVES-MONTAND<\/span>SALLE YVES-MONTAND<br \/>\n  <span style=\"color: #999999;\">SALLE YVES-MONTAND<\/span><br \/>\ncolor: #999999;color: #999999;color: #999999;color: #999999;color: #000000;color: #000000;SALLE YVES-MONTANDSALLE YVES-MONTANDCadenet (84)Cadenet (84)11 MAI 18:00<br \/>11 MAI 20:0011 MAI 18:00<br \/>11 MAI 20:00color: #000000;color: #000000;FESTIVAL \u00c9MERGENCES<br \/><span style=\"color: #999999;\">FESTIVAL \u00c9MERGENCES<\/span>FESTIVAL \u00c9MERGENCES<br \/>\n  <span style=\"color: #999999;\">FESTIVAL \u00c9MERGENCES<\/span><br \/>\ncolor: #999999;color: #999999;color: #999999;color: #999999;color: #000000;color: #000000;FESTIVAL \u00c9MERGENCESFESTIVAL \u00c9MERGENCESAvignon (84)Avignon (84)01 JUI 15:00<br \/>01 JUI 17:00<br \/>01 JUI 19:0001 JUI 15:00<br \/>01 JUI 17:00<br \/>01 JUI 19:00color: #000000;color: #000000;<span style=\"color: #000000;\">FESTIVAL KIKILOCH<br \/><\/span><span style=\"color: #999999;\">FESTIVAL KIKILOCH<\/span><br \/><span style=\"color: #999999;\">FESTIVAL KIKILOCH<\/span><span style=\"color: #000000;\">FESTIVAL KIKILOCH<br \/><\/span><span style=\"color: #999999;\">FESTIVAL KIKILOCH<\/span><br \/><span style=\"color: #999999;\">FESTIVAL KIKILOCH<\/span>color: #999999;color: #999999;color: #999999;color: #999999;color: #000000;color: #000000;color: #999999;color: #999999;color: #000000;color: #000000;FESTIVAL KIKILOCHFESTIVAL KIKILOCHMoulins le Carbonnel (72)Moulins le Carbonnel (72)27 JUI 11:00<br \/>27 JUI 16:0027 JUI 11:00<br \/>27 JUI 16:00color: #000000;color: #000000;PETIT FESTIVAL<br \/><span style=\"color: #999999;\">PETIT FESTIVAL<\/span>PETIT FESTIVAL<br \/><span style=\"color: #999999;\">PETIT FESTIVAL<\/span>color: #999999;color: #999999;color: #999999;color: #999999;color: #000000;color: #000000;PETIT FESTIVALPETIT FESTIVALViens (84)Viens (84)02 AOU 15:00<br \/>02 AOU 17:00<br \/>03 AOU 15:00<br \/> 03 AOU 17:0002 AOU 15:00<br \/>02 AOU 17:00<br \/>03 AOU 15:00<br \/>03 AOU 17:00color: #000000;color: #000000;FESTIVAL MIMA<br \/> <g id=\"gid_0\">FESTIVAL MIMA<br \/>FESTIVAL MIMA<br \/>FESTIVAL MIMA<br \/><\/g>FESTIVAL MIMA<br \/>\n  <g id=\"gid_0\">FESTIVAL MIMA<br \/>FESTIVAL MIMA<br \/>FESTIVAL MIMA<br \/>\n<\/g><note from=\"otgs-segmenter\"><\/note><\/p>\n<p>color: #999999;color: #999999;color: #999999;color: #999999;color: #000000;color: #000000;FESTIVAL MIMAFESTIVAL MIMAMirepoix (09)Mirepoix (09)TRAVERS\u00c9ESTRAVERS\u00c9ESRepr\u00e9sentationsRepr\u00e9sentations06 SEP 15:00<br \/>06 SEP 17:0006 SEP 15:00<br \/>06 SEP 17:00color: #000000;color: #000000;FESTIVAL INTERNATIONAL DE MARIONNETTE PIF<br \/><span style=\"color: #999999;\">FESTIVAL INTERNATIONAL DE MARIONNETTE PIF<\/span>FESTIVAL INTERNATIONAL DE MARIONNETTE PIF<br \/><span style=\"color: #999999;\">FESTIVAL INTERNATIONAL DE MARIONNETTE PIF<\/span>color: #999999;color: #999999;color: #000000;color: #000000;color: #999999;color: #999999;color: #999999;color: #999999;color: #000000;color: #000000;FESTIVAL INTERNATIONAL DE MARIONNETTE PIFFESTIVAL INTERNATIONAL DE MARIONNETTE PIFcolor: #000000;color: #000000;color: #999999;color: #999999;color: #999999;color: #999999;color: #000000;color: #000000;FESTIVAL INTERNATIONAL DE MARIONNETTE PIFFESTIVAL INTERNATIONAL DE MARIONNETTE PIFcolor: #999999;color: #999999;Zagreb (CRO)Zagreb (CRO)15 NOV 09:30<br \/> 15 NOV 14:30<br \/> 15 NOV 19:3015 NOV 09:30<br \/>15 NOV 14:30<br \/>15 NOV 19:3016 NOV 09:00<br \/> 16 NOV 11:00<br \/> 17 NOV 09:30<br \/> 17 NOV 14:30<br \/> 17 NOV 19:3016 NOV 09:00<br \/>16 NOV 11:00<br \/>17 NOV 09:30<br \/>17 NOV 14:30<br \/>17 NOV 19:3018 NOV 09:00<br \/> 18 NOV 14:3018 NOV 09:00<br \/>18 NOV 14:30color: #000000;color: #000000;<g id=\"gid_0\">ESPACE 600<\/g><br \/> <g id=\"gid_1\">ESPACE 600<br \/> ESPACE 600<br \/> ESPACE 600<br \/> ESPACE 600<br \/> ESPACE 600<br \/> ESPACE 600<br \/> ESPACE 600<br \/> ESPACE 600<br \/>ESPACE 600<br \/> <\/g>color: #999999;color: #999999;color: #000000;color: #000000;ESPACE 600ESPACE 600color: #999999;color: #999999;color: #000000;color: #000000;ESPACE 600ESPACE 600Grenoble (38)Grenoble (38)24 MAR 18:00<br \/>24 MAR 20:3024 MAR 18:00<br \/>24 MAR 20:30color: #000000;color: #000000;FESTIVAL IMAGINALE<br \/> <span style=\"color: #999999;\">FESTIVAL IMAGINALE<\/span>FESTIVAL IMAGINALE<br \/>\n  <span style=\"color: #999999;\">FESTIVAL IMAGINALE<\/span><br \/>\ncolor: #999999;color: #999999;color: #000000;color: #000000;FESTIVAL IMAGINALE FESTIVAL IMAGINALEcolor: #999999;color: #999999;color: #000000;color: #000000;FESTIVAL IMAGINALE FESTIVAL IMAGINALEStuttgart (DE)Stuttgart (DE)15 FEV 16:30<br \/>15 FEV 19:30<br \/> 15 FEV 22:3015 FEV 16:30<br \/>15 FEV 19:30<br \/>15 FEV 22:30FIGURA THEATER FESTIVAL<br \/><span style=\"color: #999999;\">FIGURA THEATER FESTIVAL<\/span><br \/><span style=\"color: #999999;\">FIGURA THEATER FESTIVAL<\/span>FIGURA THEATER FESTIVAL<br \/><span style=\"color: #999999;\">FIGURA THEATER FESTIVAL<\/span><br \/><span style=\"color: #999999;\">FIGURA THEATER FESTIVAL<\/span>color: #999999;color: #999999;color: #999999;color: #999999;color: #000000;color: #000000;color: #999999;color: #999999;color: #000000;color: #000000;color: #999999;color: #999999;color: #000000;color: #000000;FIGURA THEATER FESTIVALFIGURA THEATER FESTIVALcolor: #000000;color: #000000;FIGURA THEATER FESTIVALFIGURA THEATER FESTIVALBaden (CH)Baden (CH)<\/p>\n<p>[\/et_pb_text][\/et_pb_column][et_pb_column type=&#8221;1_5&#8243; _builder_version=&#8221;4.2.2&#8243;][et_pb_text admin_label=&#8221;Pays + ville &#8221; _builder_version=&#8221;4.4.6&#8243; text_font=&#8221;Muli|600|||||||&#8221;]<\/p>\n<p>Reims (51)<\/p>\n<p>[\/et_pb_text][\/et_pb_column][\/et_pb_row][et_pb_row column_structure=&#8221;1_5,3_5,1_5&#8243; _builder_version=&#8221;4.2.2&#8243; background_color=&#8221;rgba(255,255,255,0.85)&#8221; custom_margin=&#8221;0px||||false|false&#8221; custom_padding=&#8221;15px|15px|15px|15px|false|false&#8221; border_width_top=&#8221;1px&#8221; border_color_top=&#8221;#919191&#8243; border_style_top=&#8221;dotted&#8221;][et_pb_column type=&#8221;1_5&#8243; _builder_version=&#8221;4.2.2&#8243;][et_pb_text admin_label=&#8221;date&#8221; _builder_version=&#8221;4.4.7&#8243; text_font=&#8221;Muli|300|||||||&#8221; text_font_size=&#8221;13px&#8221; text_line_height=&#8221;1.2em&#8221; custom_margin=&#8221;||10px||false|false&#8221; header_font=&#8221;Muli|300|||||||&#8221;]<\/p>\n<p>\n            <span class=\"dates\">24 SEP 15:00<br \/>24 SEP 17:00<br \/><\/span>\n          <\/p>\n<p>[\/et_pb_text][\/et_pb_column][et_pb_column type=&#8221;3_5&#8243; _builder_version=&#8221;4.2.2&#8243;][et_pb_text content_tablet=&#8221;<\/p>\n<p>\n            <span style=%22color: #000000;%22>FESTIVAL MACHIN BIDULE<span style=%22color: #999999;%22><\/span><br \/> <\/span>\n          <\/p>\n<p>        &#8221; content_phone=&#8221;<\/p>\n<p>\n            <span style=%22color: #000000;%22>FESTIVAL MACHIN BIDULE<span style=%22color: #999999;%22><\/span><br \/> <\/span>\n          <\/p>\n<p>        &#8221; content_last_edited=&#8221;on|tablet&#8221; admin_label=&#8221;Lieu&#8221; _builder_version=&#8221;4.4.7&#8243; text_font=&#8221;Muli|300|||||||&#8221; text_text_color=&#8221;#666666&#8243; text_font_size=&#8221;14px&#8221; text_line_height=&#8221;1.1em&#8221; background_layout=&#8221;dark&#8221; width=&#8221;100%&#8221; hover_enabled=&#8221;0&#8243;]<\/p>\n<p>\n            <span style=\"color: #000000;\">FESTIVAL MACHIN BIDULE<br \/><span style=\"color: #999999;\">FESTIVAL MACHIN BIDULE<\/span><br \/> <\/span><br \/>\n            <span style=\"color: #999999;\"><\/span>\n          <\/p>\n<p>[\/et_pb_text][\/et_pb_column][et_pb_column type=&#8221;1_5&#8243; _builder_version=&#8221;4.2.2&#8243;][et_pb_text admin_label=&#8221;Pays + ville &#8221; _builder_version=&#8221;4.4.6&#8243; text_font=&#8221;Muli|600|||||||&#8221;]<\/p>\n<p>Sault (84)<\/p>\n<p>[\/et_pb_text][\/et_pb_column][\/et_pb_row][et_pb_row column_structure=&#8221;1_5,3_5,1_5&#8243; _builder_version=&#8221;4.3.4&#8243; background_color=&#8221;rgba(255,255,255,0.85)&#8221; custom_margin=&#8221;0px||||false|false&#8221; custom_padding=&#8221;15px|15px|15px|15px|false|false&#8221; border_width_top=&#8221;1px&#8221; border_color_top=&#8221;#919191&#8243; border_style_top=&#8221;dotted&#8221;][et_pb_column type=&#8221;1_5&#8243; _builder_version=&#8221;4.2.2&#8243;][et_pb_text admin_label=&#8221;date&#8221; _builder_version=&#8221;4.4.7&#8243; text_font=&#8221;Muli|300|||||||&#8221; text_font_size=&#8221;13px&#8221; text_line_height=&#8221;1.2em&#8221; custom_margin=&#8221;||10px||false|false&#8221; header_font=&#8221;Muli|300|||||||&#8221;]<\/p>\n<p><span class=\"dates\">26 NOV<\/span> 19:00<br \/>26 NOV 21:00<\/p>\n<p>[\/et_pb_text][\/et_pb_column][et_pb_column type=&#8221;3_5&#8243; _builder_version=&#8221;4.2.2&#8243;][et_pb_text content_tablet=&#8221;<\/p>\n<p>\n            <span style=%22color: #333333;%22><br \/>\n              <span style=%22color: #000000;%22>CHAPELLE DE SAINT-MARTIN <\/span><br \/>\n            <\/span>\n          <\/p>\n<p>        &#8221; content_phone=&#8221;<\/p>\n<p>\n            <span style=%22color: #333333;%22><span style=%22color: #000000;%22>CHAPELLE DE SAINT-MARTIN<\/span> <\/span>\n          <\/p>\n<p>        &#8221; content_last_edited=&#8221;on|phone&#8221; admin_label=&#8221;Lieu&#8221; _builder_version=&#8221;4.4.7&#8243; text_font=&#8221;Muli|300|||||||&#8221; text_text_color=&#8221;#666666&#8243; text_font_size=&#8221;14px&#8221; text_line_height=&#8221;1.1em&#8221; background_layout=&#8221;dark&#8221; width=&#8221;100%&#8221; hover_enabled=&#8221;0&#8243;]<\/p>\n<p>\n            <span style=\"color: #333333;\"><span style=\"color: #000000;\">CHAPELLE DE SAINT-MARTIN<\/span> <br \/><span style=\"color: #999999;\">CHAPELLE DE SAINT-MARTIN <\/span> <br \/><\/span>\n          <\/p>\n<p>[\/et_pb_text][\/et_pb_column][et_pb_column type=&#8221;1_5&#8243; _builder_version=&#8221;4.2.2&#8243;][et_pb_text admin_label=&#8221;Pays + ville &#8221; _builder_version=&#8221;4.4.6&#8243; text_font=&#8221;Muli|600|||||||&#8221;]<\/p>\n<p>Saint-Martin de Castillon (84)<\/p>\n<p>[\/et_pb_text][\/et_pb_column][\/et_pb_row][et_pb_row column_structure=&#8221;1_5,3_5,1_5&#8243; _builder_version=&#8221;4.4.6&#8243; background_color=&#8221;rgba(255,255,255,0.85)&#8221; custom_margin=&#8221;0px||||false|false&#8221; custom_padding=&#8221;15px|15px|15px|15px|false|false&#8221; border_width_top=&#8221;1px&#8221; border_color_top=&#8221;#919191&#8243; border_style_top=&#8221;dotted&#8221;][et_pb_column type=&#8221;1_5&#8243; _builder_version=&#8221;4.2.2&#8243;][et_pb_text admin_label=&#8221;date&#8221; _builder_version=&#8221;4.4.7&#8243; text_font=&#8221;Muli|300|||||||&#8221; text_font_size=&#8221;13px&#8221; text_line_height=&#8221;1.2em&#8221; custom_margin=&#8221;||10px||false|false&#8221; header_font=&#8221;Muli|300|||||||&#8221;]<\/p>\n<p>\n            <span class=\"dates\">11 NOV 16:00<br \/>11 NOV 20:30<br \/>12 NOV 16:00<br \/>12 NOV 20:30<br \/> <\/span><br \/>\n            <span class=\"dates\"><\/span>\n          <\/p>\n<p>[\/et_pb_text][\/et_pb_column][et_pb_column type=&#8221;3_5&#8243; _builder_version=&#8221;4.2.2&#8243;][et_pb_text content_tablet=&#8221;<\/p>\n<p>\n            <span style=%22color: #000000;%22>FESTIVAL FORMES ET PETITES FORMES MOUVANTES<\/span>\n          <\/p>\n<p>        &#8221; content_phone=&#8221;<\/p>\n<p>\n            <span style=%22color: #000000;%22>FESTIVAL FORMES ET PETITES FORMES MOUVANTES<\/span>\n          <\/p>\n<p>        &#8221; content_last_edited=&#8221;on|phone&#8221; admin_label=&#8221;Lieu&#8221; _builder_version=&#8221;4.4.7&#8243; text_font=&#8221;Muli|300|||||||&#8221; text_text_color=&#8221;#666666&#8243; text_font_size=&#8221;14px&#8221; text_line_height=&#8221;1.1em&#8221; link_text_color=&#8221;#333333&#8243; background_layout=&#8221;dark&#8221; width=&#8221;100%&#8221; hover_enabled=&#8221;0&#8243;]<\/p>\n<p>\n            <span style=\"color: #000000;\">FESTIVAL FORMES ET PETITES FORMES MOUVANTES<br \/>\n  <span style=\"color: #999999;\">FESTIVAL FORMES ET PETITES FORMES MOUVANTES<\/span><br \/>\n  <br \/>\n    <span style=\"color: #999999;\">FESTIVAL FORMES ET PETITES FORMES MOUVANTES<\/span><br \/>\n    <br \/>\n      <span style=\"color: #999999;\">FESTIVAL FORMES ET PETITES FORMES MOUVANTES<\/span><\/p>\n<p> <\/span>\n          <\/p>\n<p>[\/et_pb_text][\/et_pb_column][et_pb_column type=&#8221;1_5&#8243; _builder_version=&#8221;4.2.2&#8243;][et_pb_text admin_label=&#8221;Pays + ville &#8221; _builder_version=&#8221;4.4.6&#8243; text_font=&#8221;Muli|600|||||||&#8221;]<\/p>\n<p>Meng-Sur-Loire (45)<\/p>\n<p>[\/et_pb_text][\/et_pb_column][\/et_pb_row][et_pb_row column_structure=&#8221;1_5,3_5,1_5&#8243; _builder_version=&#8221;4.2.2&#8243; background_color=&#8221;rgba(255,255,255,0.85)&#8221; custom_margin=&#8221;0px||||false|false&#8221; custom_padding=&#8221;15px|15px|15px|15px|false|false&#8221; border_width_top=&#8221;1px&#8221; border_color_top=&#8221;#919191&#8243; border_style_top=&#8221;dotted&#8221;][et_pb_column type=&#8221;1_5&#8243; _builder_version=&#8221;4.2.2&#8243;][et_pb_text admin_label=&#8221;date&#8221; _builder_version=&#8221;4.4.7&#8243; text_font=&#8221;Muli|300|||||||&#8221; text_font_size=&#8221;13px&#8221; text_line_height=&#8221;1.2em&#8221; custom_margin=&#8221;||10px||false|false&#8221; header_font=&#8221;Muli|300|||||||&#8221;]<\/p>\n<p>\n            <span class=\"dates\">08 MAR 17:00<br \/>08 MAR 19:00<\/span><br \/>\n            <span class=\"dates\"><\/span>\n          <\/p>\n<p>[\/et_pb_text][\/et_pb_column][et_pb_column type=&#8221;3_5&#8243; _builder_version=&#8221;4.2.2&#8243;][et_pb_text content_tablet=&#8221;<\/p>\n<p>\n            <span style=%22color: #000000;%22>LE TEMPLE<\/span>\n          <\/p>\n<p>        &#8221; content_phone=&#8221;<\/p>\n<p>\n            <span style=%22color: #000000;%22>LE TEMPLE<\/span>\n          <\/p>\n<p>        &#8221; content_last_edited=&#8221;on|desktop&#8221; admin_label=&#8221;Lieu&#8221; _builder_version=&#8221;4.4.7&#8243; text_font=&#8221;Muli|300|||||||&#8221; text_text_color=&#8221;#666666&#8243; text_font_size=&#8221;14px&#8221; text_line_height=&#8221;1.1em&#8221; link_text_color=&#8221;#333333&#8243; background_layout=&#8221;dark&#8221; width=&#8221;100%&#8221; hover_enabled=&#8221;0&#8243;]<\/p>\n<p>\n            <span style=\"color: #000000;\">LE TEMPLE<br \/><span style=\"color: #999999;\">LE TEMPLE<\/span><br \/><\/span>\n          <\/p>\n<p>[\/et_pb_text][\/et_pb_column][et_pb_column type=&#8221;1_5&#8243; _builder_version=&#8221;4.2.2&#8243;][et_pb_text admin_label=&#8221;Pays + ville &#8221; _builder_version=&#8221;4.4.6&#8243; text_font=&#8221;Muli|600|||||||&#8221;]<\/p>\n<p>Lacoste (84)<\/p>\n<p>[\/et_pb_text][\/et_pb_column][\/et_pb_row][et_pb_row column_structure=&#8221;1_5,3_5,1_5&#8243; _builder_version=&#8221;4.2.2&#8243; background_color=&#8221;rgba(255,255,255,0.85)&#8221; custom_margin=&#8221;0px||||false|false&#8221; custom_padding=&#8221;15px|15px|15px|15px|false|false&#8221; border_width_top=&#8221;1px&#8221; border_color_top=&#8221;#919191&#8243; border_style_top=&#8221;dotted&#8221;][et_pb_column type=&#8221;1_5&#8243; _builder_version=&#8221;4.2.2&#8243;][et_pb_text admin_label=&#8221;date&#8221; _builder_version=&#8221;4.4.7&#8243; text_font=&#8221;Muli|300|||||||&#8221; text_font_size=&#8221;13px&#8221; text_line_height=&#8221;1.2em&#8221; custom_margin=&#8221;||10px||false|false&#8221; header_font=&#8221;Muli|300|||||||&#8221;]<\/p>\n<p>\n            <span class=\"dates\">15 MAR 17:00<br \/>15 MAR 19:00<br \/><\/span>\n          <\/p>\n<p>[\/et_pb_text][\/et_pb_column][et_pb_column type=&#8221;3_5&#8243; _builder_version=&#8221;4.2.2&#8243;][et_pb_text content_tablet=&#8221;<\/p>\n<p>\n            <span style=%22color: #000000;%22>SALLE YVES-MONTAND<\/span>\n          <\/p>\n<p>        &#8221; content_phone=&#8221;<\/p>\n<p>\n            <span style=%22color: #000000;%22>SALLE YVES-MONTAND<\/span>\n          <\/p>\n<p>        &#8221; content_last_edited=&#8221;on|phone&#8221; admin_label=&#8221;Lieu&#8221; _builder_version=&#8221;4.4.7&#8243; text_font=&#8221;Muli|300|||||||&#8221; text_text_color=&#8221;#666666&#8243; text_font_size=&#8221;14px&#8221; text_line_height=&#8221;1.1em&#8221; link_text_color=&#8221;#333333&#8243; background_layout=&#8221;dark&#8221; width=&#8221;100%&#8221; hover_enabled=&#8221;0&#8243;]<\/p>\n<p><span style=\"color: #000000;\">SALLE YVES-MONTAND<br \/>\n  <span style=\"color: #999999;\">SALLE YVES-MONTAND<\/span>\n<\/p>\n<p><\/span><span style=\"color: #999999;\"><\/span><\/p>\n<p>[\/et_pb_text][\/et_pb_column][et_pb_column type=&#8221;1_5&#8243; _builder_version=&#8221;4.2.2&#8243;][et_pb_text admin_label=&#8221;Pays + ville &#8221; _builder_version=&#8221;4.4.6&#8243; text_font=&#8221;Muli|600|||||||&#8221;]<\/p>\n<p>Cadenet (84)<\/p>\n<p>[\/et_pb_text][\/et_pb_column][\/et_pb_row][et_pb_row column_structure=&#8221;1_5,3_5,1_5&#8243; _builder_version=&#8221;4.2.2&#8243; background_color=&#8221;rgba(255,255,255,0.85)&#8221; custom_margin=&#8221;0px||||false|false&#8221; custom_padding=&#8221;15px|15px|15px|15px|false|false&#8221; border_width_top=&#8221;1px&#8221; border_color_top=&#8221;#919191&#8243; border_style_top=&#8221;dotted&#8221;][et_pb_column type=&#8221;1_5&#8243; _builder_version=&#8221;4.2.2&#8243;][et_pb_text admin_label=&#8221;date&#8221; _builder_version=&#8221;4.4.7&#8243; text_font=&#8221;Muli|300|||||||&#8221; text_font_size=&#8221;13px&#8221; text_line_height=&#8221;1.2em&#8221; custom_margin=&#8221;||10px||false|false&#8221; header_font=&#8221;Muli|300|||||||&#8221;]<\/p>\n<p>\n            <span class=\"dates\">11 MAI 18:00<br \/>11 MAI 20:00<br \/><\/span>\n          <\/p>\n<p>[\/et_pb_text][\/et_pb_column][et_pb_column type=&#8221;3_5&#8243; _builder_version=&#8221;4.2.2&#8243;][et_pb_text content_tablet=&#8221;<\/p>\n<p>\n            <span style=%22color: #000000;%22>FESTIVAL \u00c9MERGENCES<\/span>\n          <\/p>\n<p>        &#8221; content_phone=&#8221;<\/p>\n<p>\n            <span style=%22color: #000000;%22>FESTIVAL \u00c9MERGENCES<\/span>\n          <\/p>\n<p>        &#8221; content_last_edited=&#8221;on|phone&#8221; admin_label=&#8221;Lieu&#8221; _builder_version=&#8221;4.4.7&#8243; text_font=&#8221;Muli|300|||||||&#8221; text_text_color=&#8221;#666666&#8243; text_font_size=&#8221;14px&#8221; text_line_height=&#8221;1.1em&#8221; link_text_color=&#8221;#333333&#8243; background_layout=&#8221;dark&#8221; width=&#8221;100%&#8221; hover_enabled=&#8221;0&#8243;]<\/p>\n<p>\n            <span style=\"color: #000000;\">FESTIVAL \u00c9MERGENCES<br \/>\n  <span style=\"color: #999999;\">FESTIVAL \u00c9MERGENCES<\/span><br \/>\n<br \/><\/span><br \/>\n            <span style=\"color: #999999;\"><\/span>\n          <\/p>\n<p>[\/et_pb_text][\/et_pb_column][et_pb_column type=&#8221;1_5&#8243; _builder_version=&#8221;4.2.2&#8243;][et_pb_text admin_label=&#8221;Pays + ville &#8221; _builder_version=&#8221;4.4.7&#8243; text_font=&#8221;Muli|600|||||||&#8221; hover_enabled=&#8221;0&#8243;]<\/p>\n<p>Avignon (84)<\/p>\n<p>[\/et_pb_text][\/et_pb_column][\/et_pb_row][et_pb_row column_structure=&#8221;1_5,3_5,1_5&#8243; _builder_version=&#8221;4.2.2&#8243; background_color=&#8221;rgba(255,255,255,0.85)&#8221; custom_margin=&#8221;0px||||false|false&#8221; custom_padding=&#8221;15px|15px|15px|15px|false|false&#8221; border_width_top=&#8221;1px&#8221; border_color_top=&#8221;#919191&#8243; border_style_top=&#8221;dotted&#8221;][et_pb_column type=&#8221;1_5&#8243; _builder_version=&#8221;4.2.2&#8243;][et_pb_text admin_label=&#8221;date&#8221; _builder_version=&#8221;4.4.7&#8243; text_font=&#8221;Muli|300|||||||&#8221; text_font_size=&#8221;13px&#8221; text_line_height=&#8221;1.2em&#8221; custom_margin=&#8221;||10px||false|false&#8221; header_font=&#8221;Muli|300|||||||&#8221;]<\/p>\n<p>\n            <span class=\"dates\">01 JUI 15:00<br \/>01 JUI 17:00<br \/>01 JUI 19:00<br \/> <\/span>\n          <\/p>\n<p>[\/et_pb_text][\/et_pb_column][et_pb_column type=&#8221;3_5&#8243; _builder_version=&#8221;4.2.2&#8243;][et_pb_text content_tablet=&#8221;<\/p>\n<p>\n            <span style=%22color: #000000;%22>FESTIVAL KIKILOCH<\/span>\n          <\/p>\n<p>        &#8221; content_phone=&#8221;<\/p>\n<p>\n            <span style=%22color: #000000;%22>FESTIVAL KIKILOCH<\/span>\n          <\/p>\n<p>        &#8221; content_last_edited=&#8221;on|phone&#8221; admin_label=&#8221;Lieu&#8221; _builder_version=&#8221;4.4.7&#8243; text_font=&#8221;Muli|300|||||||&#8221; text_text_color=&#8221;#666666&#8243; text_font_size=&#8221;14px&#8221; text_line_height=&#8221;1.1em&#8221; link_text_color=&#8221;#333333&#8243; background_layout=&#8221;dark&#8221; width=&#8221;100%&#8221; hover_enabled=&#8221;0&#8243;]<\/p>\n<p><span style=\"color: #000000;\">FESTIVAL KIKILOCH<br \/><\/span><span style=\"color: #999999;\">FESTIVAL KIKILOCH<\/span><br \/><span style=\"color: #999999;\">FESTIVAL KIKILOCH<\/span><span style=\"color: #000000;\"><br \/><\/span><span style=\"color: #999999;\"><\/span><\/p>\n<p>[\/et_pb_text][\/et_pb_column][et_pb_column type=&#8221;1_5&#8243; _builder_version=&#8221;4.2.2&#8243;][et_pb_text admin_label=&#8221;Pays + ville &#8221; _builder_version=&#8221;4.4.6&#8243; text_font=&#8221;Muli|600|||||||&#8221;]<\/p>\n<p>Moulins le Carbonnel (72)<\/p>\n<p>[\/et_pb_text][\/et_pb_column][\/et_pb_row][et_pb_row column_structure=&#8221;1_5,3_5,1_5&#8243; _builder_version=&#8221;4.2.2&#8243; background_color=&#8221;rgba(255,255,255,0.85)&#8221; custom_margin=&#8221;0px||||false|false&#8221; custom_padding=&#8221;15px|15px|15px|15px|false|false&#8221; border_width_top=&#8221;1px&#8221; border_color_top=&#8221;#919191&#8243; border_style_top=&#8221;dotted&#8221;][et_pb_column type=&#8221;1_5&#8243; _builder_version=&#8221;4.2.2&#8243;][et_pb_text admin_label=&#8221;date&#8221; _builder_version=&#8221;4.4.7&#8243; text_font=&#8221;Muli|300|||||||&#8221; text_font_size=&#8221;13px&#8221; text_line_height=&#8221;1.2em&#8221; custom_margin=&#8221;||10px||false|false&#8221; header_font=&#8221;Muli|300|||||||&#8221;]<\/p>\n<p>\n            <span class=\"dates\">27 JUI 11:00<br \/>27 JUI 16:00<br \/> <\/span>\n          <\/p>\n<p>[\/et_pb_text][\/et_pb_column][et_pb_column type=&#8221;3_5&#8243; _builder_version=&#8221;4.2.2&#8243;][et_pb_text content_tablet=&#8221;<\/p>\n<p>\n            <span style=%22color: #000000;%22>PETIT FESTIVAL<\/span>\n          <\/p>\n<p>        &#8221; content_phone=&#8221;<\/p>\n<p>\n            <span style=%22color: #000000;%22>PETIT FESTIVAL<\/span>\n          <\/p>\n<p>        &#8221; content_last_edited=&#8221;on|phone&#8221; admin_label=&#8221;Lieu&#8221; _builder_version=&#8221;4.4.7&#8243; text_font=&#8221;Muli|300|||||||&#8221; text_text_color=&#8221;#666666&#8243; text_font_size=&#8221;14px&#8221; text_line_height=&#8221;1.1em&#8221; link_text_color=&#8221;#333333&#8243; background_layout=&#8221;dark&#8221; width=&#8221;100%&#8221; hover_enabled=&#8221;0&#8243;]<\/p>\n<p>\n            <span style=\"color: #000000;\">PETIT FESTIVAL<br \/><span style=\"color: #999999;\">PETIT FESTIVAL<\/span><br \/> <\/span><br \/>\n            <span style=\"color: #999999;\"><\/span>\n          <\/p>\n<p>[\/et_pb_text][\/et_pb_column][et_pb_column type=&#8221;1_5&#8243; _builder_version=&#8221;4.2.2&#8243;][et_pb_text admin_label=&#8221;Pays + ville &#8221; _builder_version=&#8221;4.4.6&#8243; text_font=&#8221;Muli|600|||||||&#8221;]<\/p>\n<p>Viens (84)<\/p>\n<p>[\/et_pb_text][\/et_pb_column][\/et_pb_row][et_pb_row column_structure=&#8221;1_5,3_5,1_5&#8243; _builder_version=&#8221;4.2.2&#8243; background_color=&#8221;rgba(255,255,255,0.85)&#8221; custom_margin=&#8221;0px||||false|false&#8221; custom_padding=&#8221;15px|15px|15px|15px|false|false&#8221; border_width_top=&#8221;1px&#8221; border_color_top=&#8221;#919191&#8243; border_style_top=&#8221;dotted&#8221;][et_pb_column type=&#8221;1_5&#8243; _builder_version=&#8221;4.2.2&#8243;][et_pb_text admin_label=&#8221;date&#8221; _builder_version=&#8221;4.4.7&#8243; text_font=&#8221;Muli|300|||||||&#8221; text_font_size=&#8221;13px&#8221; text_line_height=&#8221;1.2em&#8221; custom_margin=&#8221;||10px||false|false&#8221; header_font=&#8221;Muli|300|||||||&#8221;]<\/p>\n<p>\n            <span class=\"dates\">02 AOU 15:00<br \/>02 AOU 17:00<br \/>03 AOU 15:00<br \/>03 AOU 17:00<br \/> <\/span>\n          <\/p>\n<p>[\/et_pb_text][\/et_pb_column][et_pb_column type=&#8221;3_5&#8243; _builder_version=&#8221;4.2.2&#8243;][et_pb_text content_tablet=&#8221;<\/p>\n<p>\n            <span style=%22color: #000000;%22>FESTIVAL MIMA<br \/> <\/span>\n          <\/p>\n<p>        &#8221; content_phone=&#8221;<\/p>\n<p>\n            <span style=%22color: #000000;%22>FESTIVAL MIMA<br \/> <\/span>\n          <\/p>\n<p>        &#8221; content_last_edited=&#8221;on|phone&#8221; admin_label=&#8221;Lieu&#8221; _builder_version=&#8221;4.4.7&#8243; text_font=&#8221;Muli|300|||||||&#8221; text_text_color=&#8221;#666666&#8243; text_font_size=&#8221;14px&#8221; text_line_height=&#8221;1.1em&#8221; link_text_color=&#8221;#333333&#8243; background_layout=&#8221;dark&#8221; width=&#8221;100%&#8221; hover_enabled=&#8221;0&#8243;]<\/p>\n<p>\n            <span style=\"color: #000000;\">FESTIVAL MIMA<br \/>\n  <g id=\"gid_0\">FESTIVAL MIMA<br \/>FESTIVAL MIMA<br \/>FESTIVAL MIMA<br \/>\n<\/g><note from=\"otgs-segmenter\"><\/note><\/p>\n<p>color: #999999;color: #999999;color: #999999;color: #999999;color: #000000;color: #000000;FESTIVAL MIMAFESTIVAL MIMAMirepoix (09)Mirepoix (09)TRAVERS\u00c9ESTRAVERS\u00c9ESRepr\u00e9sentationsRepr\u00e9sentations06 SEP 15:00<br \/>06 SEP 17:0006 SEP 15:00<br \/>06 SEP 17:00color: #000000;color: #000000;FESTIVAL INTERNATIONAL DE MARIONNETTE PIF<br \/><span style=\"color: #999999;\">FESTIVAL INTERNATIONAL DE MARIONNETTE PIF<\/span>FESTIVAL INTERNATIONAL DE MARIONNETTE PIF<br \/><span style=\"color: #999999;\">FESTIVAL INTERNATIONAL DE MARIONNETTE PIF<\/span>color: #999999;color: #999999;color: #000000;color: #000000;color: #999999;color: #999999;color: #999999;color: #999999;color: #000000;color: #000000;FESTIVAL INTERNATIONAL DE MARIONNETTE PIFFESTIVAL INTERNATIONAL DE MARIONNETTE PIFcolor: #000000;color: #000000;color: #999999;color: #999999;color: #999999;color: #999999;color: #000000;color: #000000;FESTIVAL INTERNATIONAL DE MARIONNETTE PIFFESTIVAL INTERNATIONAL DE MARIONNETTE PIFcolor: #999999;color: #999999;Zagreb (CRO)Zagreb (CRO)15 NOV 09:30<br \/> 15 NOV 14:30<br \/> 15 NOV 19:3015 NOV 09:30<br \/>15 NOV 14:30<br \/>15 NOV 19:3016 NOV 09:00<br \/> 16 NOV 11:00<br \/> 17 NOV 09:30<br \/> 17 NOV 14:30<br \/> 17 NOV 19:3016 NOV 09:00<br \/>16 NOV 11:00<br \/>17 NOV 09:30<br \/>17 NOV 14:30<br \/>17 NOV 19:3018 NOV 09:00<br \/> 18 NOV 14:3018 NOV 09:00<br \/>18 NOV 14:30color: #000000;color: #000000;<g id=\"gid_0\">ESPACE 600<\/g><br \/> <g id=\"gid_1\">ESPACE 600<br \/> ESPACE 600<br \/> ESPACE 600<br \/> ESPACE 600<br \/> ESPACE 600<br \/> ESPACE 600<br \/> ESPACE 600<br \/> ESPACE 600<br \/>ESPACE 600<br \/> <\/g>color: #999999;color: #999999;color: #000000;color: #000000;ESPACE 600ESPACE 600color: #999999;color: #999999;color: #000000;color: #000000;ESPACE 600ESPACE 600Grenoble (38)Grenoble (38)24 MAR 18:00<br \/>24 MAR 20:3024 MAR 18:00<br \/>24 MAR 20:30color: #000000;color: #000000;FESTIVAL IMAGINALE<br \/> <span style=\"color: #999999;\">FESTIVAL IMAGINALE<\/span>FESTIVAL IMAGINALE<br \/>\n  <span style=\"color: #999999;\">FESTIVAL IMAGINALE<\/span><br \/>\ncolor: #999999;color: #999999;color: #000000;color: #000000;FESTIVAL IMAGINALE FESTIVAL IMAGINALEcolor: #999999;color: #999999;color: #000000;color: #000000;FESTIVAL IMAGINALE FESTIVAL IMAGINALEStuttgart (DE)Stuttgart (DE)15 FEV 16:30<br \/>15 FEV 19:30<br \/> 15 FEV 22:3015 FEV 16:30<br \/>15 FEV 19:30<br \/>15 FEV 22:30FIGURA THEATER FESTIVAL<br \/><span style=\"color: #999999;\">FIGURA THEATER FESTIVAL<\/span><br \/><span style=\"color: #999999;\">FIGURA THEATER FESTIVAL<\/span>FIGURA THEATER FESTIVAL<br \/><span style=\"color: #999999;\">FIGURA THEATER FESTIVAL<\/span><br \/><span style=\"color: #999999;\">FIGURA THEATER FESTIVAL<\/span>color: #999999;color: #999999;color: #999999;color: #999999;color: #000000;color: #000000;color: #999999;color: #999999;color: #000000;color: #000000;color: #999999;color: #999999;color: #000000;color: #000000;FIGURA THEATER FESTIVALFIGURA THEATER FESTIVALcolor: #000000;color: #000000;FIGURA THEATER FESTIVALFIGURA THEATER FESTIVALBaden (CH)Baden (CH)<\/span>\n          <\/p>\n<p>\n            <span style=\"color: #999999;\"><\/span>\n          <\/p>\n<p>[\/et_pb_text][\/et_pb_column][et_pb_column type=&#8221;1_5&#8243; _builder_version=&#8221;4.2.2&#8243;][et_pb_text admin_label=&#8221;Pays + ville &#8221; _builder_version=&#8221;4.4.6&#8243; text_font=&#8221;Muli|600|||||||&#8221;]<\/p>\n<p>Mirepoix (09)<\/p>\n<p>[\/et_pb_text][\/et_pb_column][\/et_pb_row][et_pb_row _builder_version=&#8221;4.2.2&#8243; custom_padding=&#8221;||0px|||&#8221; locked=&#8221;off&#8221;][et_pb_column type=&#8221;4_4&#8243; _builder_version=&#8221;4.2.2&#8243;][et_pb_text _builder_version=&#8221;4.4.6&#8243; header_2_font=&#8221;Muli|200||on|||||&#8221; header_2_text_color=&#8221;#666666&#8243; header_2_font_size=&#8221;55px&#8221; background_color=&#8221;rgba(255,255,255,0.85)&#8221; custom_padding=&#8221;15px|15px|0px|15px|false|false&#8221;]<\/p>\n<h2>TRAVERS\u00c9ES<\/h2>\n<p>[\/et_pb_text][et_pb_text _builder_version=&#8221;4.4.6&#8243; header_2_font=&#8221;Muli|200||on|||||&#8221; header_2_text_color=&#8221;#666666&#8243; header_2_font_size=&#8221;55px&#8221; header_5_text_color=&#8221;#666666&#8243; background_color=&#8221;rgba(255,255,255,0.85)&#8221; min_height=&#8221;39px&#8221; custom_margin=&#8221;||||false|false&#8221; custom_padding=&#8221;15px|15px|0px|15px|false|false&#8221; locked=&#8221;off&#8221;]<\/p>\n<h5>Repr\u00e9sentations<\/h5>\n<p>[\/et_pb_text][\/et_pb_column][\/et_pb_row][et_pb_row column_structure=&#8221;1_5,3_5,1_5&#8243; _builder_version=&#8221;4.2.2&#8243; background_color=&#8221;rgba(255,255,255,0.85)&#8221; custom_margin=&#8221;0px||||false|false&#8221; custom_padding=&#8221;15px|15px|15px|15px|false|false&#8221; border_width_top=&#8221;1px&#8221; border_color_top=&#8221;#919191&#8243; border_style_top=&#8221;dotted&#8221; locked=&#8221;off&#8221;][et_pb_column type=&#8221;1_5&#8243; _builder_version=&#8221;4.2.2&#8243; background_enable_color=&#8221;off&#8221;][et_pb_text admin_label=&#8221;date&#8221; _builder_version=&#8221;4.4.7&#8243; text_font=&#8221;Muli|300|||||||&#8221; text_font_size=&#8221;13px&#8221; text_line_height=&#8221;1.2em&#8221; header_font=&#8221;Muli|300|||||||&#8221; custom_margin=&#8221;||10px||false|false&#8221;]<\/p>\n<p>\n            <span class=\"dates\">06 SEP 15:00<br \/>06 SEP 17:00<br \/> <\/span>\n          <\/p>\n<p>[\/et_pb_text][\/et_pb_column][et_pb_column type=&#8221;3_5&#8243; _builder_version=&#8221;4.2.2&#8243;][et_pb_text content_tablet=&#8221;<\/p>\n<p><span style=%22color: #000000;%22>FESTIVAL INTERNATIONAL DE MARIONNETTE PIF<\/span><span style=%22color: #000000;%22><span style=%22color: #999999;%22><\/span><\/span> <br \/><span style=%22color: #999999;%22><\/span><\/p>\n<p>        &#8221; content_phone=&#8221;<\/p>\n<p>\n            <span style=%22color: #000000;%22>FESTIVAL INTERNATIONAL DE MARIONNETTE PIF<span style=%22color: #999999;%22><\/span> <\/span>\n          <\/p>\n<p>        &#8221; content_last_edited=&#8221;on|tablet&#8221; admin_label=&#8221;Lieu&#8221; _builder_version=&#8221;4.4.7&#8243; text_font=&#8221;Muli|300|||||||&#8221; text_text_color=&#8221;#1a1a1a&#8221; text_font_size=&#8221;14px&#8221; text_line_height=&#8221;1.1em&#8221; link_text_color=&#8221;#333333&#8243; background_layout=&#8221;dark&#8221; width=&#8221;100%&#8221; hover_enabled=&#8221;0&#8243;]<\/p>\n<p><span style=\"color: #000000;\">FESTIVAL INTERNATIONAL DE MARIONNETTE PIF<br \/><span style=\"color: #999999;\">FESTIVAL INTERNATIONAL DE MARIONNETTE PIF<\/span><\/span><span style=\"color: #000000;\"><span style=\"color: #999999;\"><\/span><\/span><br \/> <span style=\"color: #999999;\"><\/span><\/p>\n<p>[\/et_pb_text][\/et_pb_column][et_pb_column type=&#8221;1_5&#8243; _builder_version=&#8221;4.2.2&#8243;][et_pb_text admin_label=&#8221;Pays + ville &#8221; _builder_version=&#8221;4.4.6&#8243; text_font=&#8221;Muli|600|||||||&#8221; text_line_height=&#8221;1.1em&#8221; header_font=&#8221;Muli|100|||||||&#8221;]<\/p>\n<p>Zagreb (CRO)<\/p>\n<p>[\/et_pb_text][\/et_pb_column][\/et_pb_row][et_pb_row column_structure=&#8221;1_5,3_5,1_5&#8243; _builder_version=&#8221;4.2.2&#8243; background_color=&#8221;rgba(255,255,255,0.85)&#8221; custom_margin=&#8221;0px||||false|false&#8221; custom_padding=&#8221;15px|15px|15px|15px|false|false&#8221; border_width_top=&#8221;1px&#8221; border_color_top=&#8221;#919191&#8243; border_style_top=&#8221;dotted&#8221; locked=&#8221;off&#8221;][et_pb_column type=&#8221;1_5&#8243; _builder_version=&#8221;4.2.2&#8243; background_enable_color=&#8221;off&#8221;][et_pb_text admin_label=&#8221;date&#8221; _builder_version=&#8221;4.4.7&#8243; text_font=&#8221;Muli|300|||||||&#8221; text_font_size=&#8221;13px&#8221; text_line_height=&#8221;1.2em&#8221; header_font=&#8221;Muli|300|||||||&#8221; custom_margin=&#8221;||10px||false|false&#8221; hover_enabled=&#8221;0&#8243;]<\/p>\n<p>\n            <span class=\"dates\">15 NOV 09:30<br \/>15 NOV 14:30<br \/>15 NOV 19:30<br \/> <\/span><br \/>\n            <span class=\"dates\">16 NOV 09:00<br \/>16 NOV 11:00<br \/>17 NOV 09:30<br \/>17 NOV 14:30<br \/>17 NOV 19:30<br \/> <\/span><br \/>\n            <span class=\"dates\">18 NOV 09:00<br \/>18 NOV 14:30<br \/> <\/span>\n          <\/p>\n<p>[\/et_pb_text][\/et_pb_column][et_pb_column type=&#8221;3_5&#8243; _builder_version=&#8221;4.2.2&#8243;][et_pb_text content_tablet=&#8221;<\/p>\n<p>\n            <span style=%22color: #000000;%22>ESPACE 600<\/span><br \/>\n            <span style=%22color: #999999;%22><\/span>\n          <\/p>\n<p>        &#8221; content_phone=&#8221;<\/p>\n<p>\n            <span style=%22color: #000000;%22>ESPACE 600<\/span>\n          <\/p>\n<p>        &#8221; content_last_edited=&#8221;on|phone&#8221; admin_label=&#8221;Lieu&#8221; _builder_version=&#8221;4.4.7&#8243; text_font=&#8221;Muli|300|||||||&#8221; text_text_color=&#8221;#1a1a1a&#8221; text_font_size=&#8221;14px&#8221; text_line_height=&#8221;1.1em&#8221; link_text_color=&#8221;#333333&#8243; background_layout=&#8221;dark&#8221; width=&#8221;100%&#8221; hover_enabled=&#8221;0&#8243;]<\/p>\n<p>color: #999999;color: #999999;color: #000000;color: #000000;ESPACE 600ESPACE 600color: #999999;color: #999999;color: #000000;color: #000000;ESPACE 600ESPACE 600Grenoble (38)Grenoble (38)24 MAR 18:00<br \/>24 MAR 20:3024 MAR 18:00<br \/>24 MAR 20:30color: #000000;color: #000000;FESTIVAL IMAGINALE<br \/> <span style=\"color: #999999;\">FESTIVAL IMAGINALE<\/span>FESTIVAL IMAGINALE<br \/>\n  <span style=\"color: #999999;\">FESTIVAL IMAGINALE<\/span><br \/>\ncolor: #999999;color: #999999;color: #000000;color: #000000;FESTIVAL IMAGINALE FESTIVAL IMAGINALEcolor: #999999;color: #999999;color: #000000;color: #000000;FESTIVAL IMAGINALE FESTIVAL IMAGINALEStuttgart (DE)Stuttgart (DE)15 FEV 16:30<br \/>15 FEV 19:30<br \/> 15 FEV 22:3015 FEV 16:30<br \/>15 FEV 19:30<br \/>15 FEV 22:30FIGURA THEATER FESTIVAL<br \/><span style=\"color: #999999;\">FIGURA THEATER FESTIVAL<\/span><br \/><span style=\"color: #999999;\">FIGURA THEATER FESTIVAL<\/span>FIGURA THEATER FESTIVAL<br \/><span style=\"color: #999999;\">FIGURA THEATER FESTIVAL<\/span><br \/><span style=\"color: #999999;\">FIGURA THEATER FESTIVAL<\/span>color: #999999;color: #999999;color: #999999;color: #999999;color: #000000;color: #000000;color: #999999;color: #999999;color: #000000;color: #000000;color: #999999;color: #999999;color: #000000;color: #000000;FIGURA THEATER FESTIVALFIGURA THEATER FESTIVALcolor: #000000;color: #000000;FIGURA THEATER FESTIVALFIGURA THEATER FESTIVALBaden (CH)Baden (CH) <\/p>\n<p>[\/et_pb_text][\/et_pb_column][et_pb_column type=&#8221;1_5&#8243; _builder_version=&#8221;4.2.2&#8243;][et_pb_text admin_label=&#8221;Pays + ville &#8221; _builder_version=&#8221;4.4.6&#8243; text_font=&#8221;Muli|600|||||||&#8221; text_line_height=&#8221;1.1em&#8221; header_font=&#8221;Muli|100|||||||&#8221;]<\/p>\n<p>Grenoble (38)<\/p>\n<p>[\/et_pb_text][\/et_pb_column][\/et_pb_row][et_pb_row column_structure=&#8221;1_5,3_5,1_5&#8243; _builder_version=&#8221;4.2.2&#8243; background_color=&#8221;rgba(255,255,255,0.85)&#8221; custom_margin=&#8221;0px||||false|false&#8221; custom_padding=&#8221;15px|15px|15px|15px|false|false&#8221; border_width_top=&#8221;1px&#8221; border_color_top=&#8221;#919191&#8243; border_style_top=&#8221;dotted&#8221; locked=&#8221;off&#8221;][et_pb_column type=&#8221;1_5&#8243; _builder_version=&#8221;4.2.2&#8243; background_enable_color=&#8221;off&#8221;][et_pb_text admin_label=&#8221;date&#8221; _builder_version=&#8221;4.4.7&#8243; text_font=&#8221;Muli|300|||||||&#8221; text_font_size=&#8221;13px&#8221; text_line_height=&#8221;1.2em&#8221; header_font=&#8221;Muli|300|||||||&#8221; custom_margin=&#8221;||10px||false|false&#8221;]<\/p>\n<p>\n            <span class=\"dates\">24 MAR 18:00<br \/>24 MAR 20:30<br \/><\/span><br \/>\n            <span class=\"dates\"><\/span>\n          <\/p>\n<p>[\/et_pb_text][\/et_pb_column][et_pb_column type=&#8221;3_5&#8243; _builder_version=&#8221;4.2.2&#8243;][et_pb_text content_tablet=&#8221;<\/p>\n<p>\n            <span style=%22color: #000000;%22>FESTIVAL IMAGINALE <br \/> <\/span><br \/>\n            <span style=%22color: #999999;%22><\/span>\n          <\/p>\n<p>        &#8221; content_phone=&#8221;<\/p>\n<p>\n            <span style=%22color: #000000;%22>FESTIVAL IMAGINALE <br \/> <\/span>\n          <\/p>\n<p>        &#8221; content_last_edited=&#8221;on|phone&#8221; admin_label=&#8221;Lieu&#8221; _builder_version=&#8221;4.4.7&#8243; text_font=&#8221;Muli|300|||||||&#8221; text_text_color=&#8221;#1a1a1a&#8221; text_font_size=&#8221;14px&#8221; text_line_height=&#8221;1.1em&#8221; link_text_color=&#8221;#333333&#8243; background_layout=&#8221;dark&#8221; width=&#8221;100%&#8221; hover_enabled=&#8221;0&#8243;]<\/p>\n<p>\n            <span style=\"color: #000000;\">FESTIVAL IMAGINALE<br \/>\n  <span style=\"color: #999999;\">FESTIVAL IMAGINALE<\/span><br \/>\n<br \/> <\/span>\n          <\/p>\n<p>[\/et_pb_text][\/et_pb_column][et_pb_column type=&#8221;1_5&#8243; _builder_version=&#8221;4.2.2&#8243;][et_pb_text admin_label=&#8221;Pays + ville &#8221; _builder_version=&#8221;4.4.6&#8243; text_font=&#8221;Muli|600|||||||&#8221; text_line_height=&#8221;1.1em&#8221; header_font=&#8221;Muli|100|||||||&#8221;]<\/p>\n<p>Stuttgart (DE)<\/p>\n<p>[\/et_pb_text][\/et_pb_column][\/et_pb_row][et_pb_row column_structure=&#8221;1_5,3_5,1_5&#8243; _builder_version=&#8221;4.2.2&#8243; background_color=&#8221;rgba(255,255,255,0.85)&#8221; custom_margin=&#8221;0px||||false|false&#8221; custom_padding=&#8221;15px|15px|15px|15px|false|false&#8221; border_width_top=&#8221;1px&#8221; border_color_top=&#8221;#919191&#8243; border_style_top=&#8221;dotted&#8221; locked=&#8221;off&#8221;][et_pb_column type=&#8221;1_5&#8243; _builder_version=&#8221;4.2.2&#8243; background_enable_color=&#8221;off&#8221;][et_pb_text admin_label=&#8221;date&#8221; _builder_version=&#8221;4.4.7&#8243; text_font=&#8221;Muli|300|||||||&#8221; text_font_size=&#8221;13px&#8221; text_line_height=&#8221;1.2em&#8221; header_font=&#8221;Muli|300|||||||&#8221; custom_margin=&#8221;||10px||false|false&#8221;]<\/p>\n<p>15 FEV 16:30<br \/>15 FEV 19:30<br \/>15 FEV 22:30<\/p>\n<p>[\/et_pb_text][\/et_pb_column][et_pb_column type=&#8221;3_5&#8243; _builder_version=&#8221;4.2.2&#8243;][et_pb_text content_tablet=&#8221;<\/p>\n<p>\n            <span style=%22color: #000000;%22><\/span><br \/>\n            <span style=%22color: #999999;%22><br \/>\n              <span style=%22color: #000000;%22>FIGURA THEATER FESTIVAL<\/span><br \/>\n            <\/span>\n          <\/p>\n<p>        &#8221; content_phone=&#8221;<\/p>\n<p>\n            <span style=%22color: #000000;%22>FIGURA THEATER FESTIVAL<\/span>\n          <\/p>\n<p>        &#8221; content_last_edited=&#8221;on|phone&#8221; admin_label=&#8221;Lieu&#8221; _builder_version=&#8221;4.4.7&#8243; text_font=&#8221;Muli|300|||||||&#8221; text_text_color=&#8221;#1a1a1a&#8221; text_font_size=&#8221;14px&#8221; text_line_height=&#8221;1.1em&#8221; link_text_color=&#8221;#333333&#8243; background_layout=&#8221;dark&#8221; width=&#8221;100%&#8221; hover_enabled=&#8221;0&#8243;]<\/p>\n<p>FIGURA THEATER FESTIVAL<br \/><span style=\"color: #999999;\">FIGURA THEATER FESTIVAL<\/span><br \/><span style=\"color: #999999;\">FIGURA THEATER FESTIVAL<\/span><span style=\"color: #000000;\"><br \/> <\/span><span style=\"color: #999999;\"><\/span><\/p>\n<p>[\/et_pb_text][\/et_pb_column][et_pb_column type=&#8221;1_5&#8243; _builder_version=&#8221;4.2.2&#8243;][et_pb_text admin_label=&#8221;Pays + ville &#8221; _builder_version=&#8221;4.4.6&#8243; text_font=&#8221;Muli|600|||||||&#8221; text_line_height=&#8221;1.1em&#8221; header_font=&#8221;Muli|100|||||||&#8221;]<\/p>\n<p>Baden (CH)<\/p>\n<p>[\/et_pb_text][\/et_pb_column][\/et_pb_row][\/et_pb_section][et_pb_section fb_built=&#8221;1&#8243; _builder_version=&#8221;4.4.1&#8243; background_image=&#8221;https:\/\/lentrouvert.com\/wp-content\/uploads\/2020\/01\/contact.jpg&#8221; parallax=&#8221;on&#8221; parallax_method=&#8221;off&#8221; custom_padding=&#8221;||16px|||&#8221; locked=&#8221;off&#8221;][\/et_pb_section]<\/p>\n","protected":false},"excerpt":{"rendered":"<p>Calendrier 2011 \u2013 2012Travers\u00e9es\/fragmentsRepr\u00e9sentationscolor: #000000;color: #000000;FESTIVAL ORBIS PICTUS FESTIVAL ORBIS PICTUS FESTIVAL ORBIS PICTUSFESTIVAL ORBIS PICTUS FESTIVAL ORBIS PICTUSFESTIVAL ORBIS PICTUScolor: #999999;color: #999999;color: #999999;color: #999999;color: #000000;color: #000000;FESTIVAL ORBIS PICTUSFESTIVAL ORBIS [&hellip;]<\/p>\n","protected":false},"author":2,"featured_media":0,"parent":0,"menu_order":1,"comment_status":"closed","ping_status":"closed","template":"","meta":{"_et_pb_use_builder":"on","_et_pb_old_content":"","_et_gb_content_width":"","footnotes":""},"class_list":["post-7888","page","type-page","status-publish","hentry"],"yoast_head":"<!-- This site is optimized with the Yoast SEO plugin v27.5 - https:\/\/yoast.com\/product\/yoast-seo-wordpress\/ -->\n<title>2011-2012 - Th\u00e9\u00e2tre de l&#039;Entrouvert<\/title>\n<meta name=\"robots\" content=\"index, follow, max-snippet:-1, max-image-preview:large, max-video-preview:-1\" \/>\n<link rel=\"canonical\" href=\"https:\/\/lentrouvert.com\/en\/calendrier-2011-2012\/\" \/>\n<meta property=\"og:locale\" content=\"en_US\" \/>\n<meta property=\"og:type\" content=\"article\" \/>\n<meta property=\"og:title\" content=\"2011-2012 - Th\u00e9\u00e2tre de l&#039;Entrouvert\" \/>\n<meta property=\"og:description\" content=\"Calendrier 2011 \u2013 2012Travers\u00e9es\/fragmentsRepr\u00e9sentationscolor: #000000;color: #000000;FESTIVAL ORBIS PICTUS FESTIVAL ORBIS PICTUS FESTIVAL ORBIS PICTUSFESTIVAL ORBIS PICTUS FESTIVAL ORBIS PICTUSFESTIVAL ORBIS PICTUScolor: #999999;color: #999999;color: #999999;color: #999999;color: #000000;color: #000000;FESTIVAL ORBIS PICTUSFESTIVAL ORBIS [&hellip;]\" \/>\n<meta property=\"og:url\" content=\"https:\/\/lentrouvert.com\/en\/calendrier-2011-2012\/\" \/>\n<meta property=\"og:site_name\" content=\"Th\u00e9\u00e2tre de l&#039;Entrouvert\" \/>\n<meta property=\"article:modified_time\" content=\"2025-10-14T10:20:00+00:00\" \/>\n<meta name=\"twitter:card\" content=\"summary_large_image\" \/>\n<meta name=\"twitter:label1\" content=\"Est. reading time\" \/>\n\t<meta name=\"twitter:data1\" content=\"21 minutes\" \/>\n<script type=\"application\/ld+json\" class=\"yoast-schema-graph\">{\"@context\":\"https:\\\/\\\/schema.org\",\"@graph\":[{\"@type\":\"WebPage\",\"@id\":\"https:\\\/\\\/lentrouvert.com\\\/en\\\/calendrier-2011-2012\\\/\",\"url\":\"https:\\\/\\\/lentrouvert.com\\\/en\\\/calendrier-2011-2012\\\/\",\"name\":\"2011-2012 - Th\u00e9\u00e2tre de l&#039;Entrouvert\",\"isPartOf\":{\"@id\":\"https:\\\/\\\/lentrouvert.com\\\/en\\\/#website\"},\"datePublished\":\"2020-07-07T08:04:25+00:00\",\"dateModified\":\"2025-10-14T10:20:00+00:00\",\"breadcrumb\":{\"@id\":\"https:\\\/\\\/lentrouvert.com\\\/en\\\/calendrier-2011-2012\\\/#breadcrumb\"},\"inLanguage\":\"en-US\",\"potentialAction\":[{\"@type\":\"ReadAction\",\"target\":[\"https:\\\/\\\/lentrouvert.com\\\/en\\\/calendrier-2011-2012\\\/\"]}]},{\"@type\":\"BreadcrumbList\",\"@id\":\"https:\\\/\\\/lentrouvert.com\\\/en\\\/calendrier-2011-2012\\\/#breadcrumb\",\"itemListElement\":[{\"@type\":\"ListItem\",\"position\":1,\"name\":\"Accueil\",\"item\":\"https:\\\/\\\/lentrouvert.com\\\/en\\\/spectacle-de-marionnette-contemporaine\\\/\"},{\"@type\":\"ListItem\",\"position\":2,\"name\":\"2011-2012\"}]},{\"@type\":\"WebSite\",\"@id\":\"https:\\\/\\\/lentrouvert.com\\\/en\\\/#website\",\"url\":\"https:\\\/\\\/lentrouvert.com\\\/en\\\/\",\"name\":\"Th\u00e9\u00e2tre de l&#039;Entrouvert\",\"description\":\"Elise Vigneron\",\"publisher\":{\"@id\":\"https:\\\/\\\/lentrouvert.com\\\/en\\\/#organization\"},\"potentialAction\":[{\"@type\":\"SearchAction\",\"target\":{\"@type\":\"EntryPoint\",\"urlTemplate\":\"https:\\\/\\\/lentrouvert.com\\\/en\\\/?s={search_term_string}\"},\"query-input\":{\"@type\":\"PropertyValueSpecification\",\"valueRequired\":true,\"valueName\":\"search_term_string\"}}],\"inLanguage\":\"en-US\"},{\"@type\":\"Organization\",\"@id\":\"https:\\\/\\\/lentrouvert.com\\\/en\\\/#organization\",\"name\":\"Th\u00e9\u00e2tre de l\u2019Entrouvert\",\"url\":\"https:\\\/\\\/lentrouvert.com\\\/en\\\/\",\"logo\":{\"@type\":\"ImageObject\",\"inLanguage\":\"en-US\",\"@id\":\"https:\\\/\\\/lentrouvert.com\\\/en\\\/#\\\/schema\\\/logo\\\/image\\\/\",\"url\":\"\",\"contentUrl\":\"\",\"caption\":\"Th\u00e9\u00e2tre de l\u2019Entrouvert\"},\"image\":{\"@id\":\"https:\\\/\\\/lentrouvert.com\\\/en\\\/#\\\/schema\\\/logo\\\/image\\\/\"}}]}<\/script>\n<!-- \/ Yoast SEO plugin. -->","yoast_head_json":{"title":"2011-2012 - Th\u00e9\u00e2tre de l&#039;Entrouvert","robots":{"index":"index","follow":"follow","max-snippet":"max-snippet:-1","max-image-preview":"max-image-preview:large","max-video-preview":"max-video-preview:-1"},"canonical":"https:\/\/lentrouvert.com\/en\/calendrier-2011-2012\/","og_locale":"en_US","og_type":"article","og_title":"2011-2012 - Th\u00e9\u00e2tre de l&#039;Entrouvert","og_description":"Calendrier 2011 \u2013 2012Travers\u00e9es\/fragmentsRepr\u00e9sentationscolor: #000000;color: #000000;FESTIVAL ORBIS PICTUS FESTIVAL ORBIS PICTUS FESTIVAL ORBIS PICTUSFESTIVAL ORBIS PICTUS FESTIVAL ORBIS PICTUSFESTIVAL ORBIS PICTUScolor: #999999;color: #999999;color: #999999;color: #999999;color: #000000;color: #000000;FESTIVAL ORBIS PICTUSFESTIVAL ORBIS [&hellip;]","og_url":"https:\/\/lentrouvert.com\/en\/calendrier-2011-2012\/","og_site_name":"Th\u00e9\u00e2tre de l&#039;Entrouvert","article_modified_time":"2025-10-14T10:20:00+00:00","twitter_card":"summary_large_image","twitter_misc":{"Est. reading time":"21 minutes"},"schema":{"@context":"https:\/\/schema.org","@graph":[{"@type":"WebPage","@id":"https:\/\/lentrouvert.com\/en\/calendrier-2011-2012\/","url":"https:\/\/lentrouvert.com\/en\/calendrier-2011-2012\/","name":"2011-2012 - Th\u00e9\u00e2tre de l&#039;Entrouvert","isPartOf":{"@id":"https:\/\/lentrouvert.com\/en\/#website"},"datePublished":"2020-07-07T08:04:25+00:00","dateModified":"2025-10-14T10:20:00+00:00","breadcrumb":{"@id":"https:\/\/lentrouvert.com\/en\/calendrier-2011-2012\/#breadcrumb"},"inLanguage":"en-US","potentialAction":[{"@type":"ReadAction","target":["https:\/\/lentrouvert.com\/en\/calendrier-2011-2012\/"]}]},{"@type":"BreadcrumbList","@id":"https:\/\/lentrouvert.com\/en\/calendrier-2011-2012\/#breadcrumb","itemListElement":[{"@type":"ListItem","position":1,"name":"Accueil","item":"https:\/\/lentrouvert.com\/en\/spectacle-de-marionnette-contemporaine\/"},{"@type":"ListItem","position":2,"name":"2011-2012"}]},{"@type":"WebSite","@id":"https:\/\/lentrouvert.com\/en\/#website","url":"https:\/\/lentrouvert.com\/en\/","name":"Th\u00e9\u00e2tre de l&#039;Entrouvert","description":"Elise Vigneron","publisher":{"@id":"https:\/\/lentrouvert.com\/en\/#organization"},"potentialAction":[{"@type":"SearchAction","target":{"@type":"EntryPoint","urlTemplate":"https:\/\/lentrouvert.com\/en\/?s={search_term_string}"},"query-input":{"@type":"PropertyValueSpecification","valueRequired":true,"valueName":"search_term_string"}}],"inLanguage":"en-US"},{"@type":"Organization","@id":"https:\/\/lentrouvert.com\/en\/#organization","name":"Th\u00e9\u00e2tre de l\u2019Entrouvert","url":"https:\/\/lentrouvert.com\/en\/","logo":{"@type":"ImageObject","inLanguage":"en-US","@id":"https:\/\/lentrouvert.com\/en\/#\/schema\/logo\/image\/","url":"","contentUrl":"","caption":"Th\u00e9\u00e2tre de l\u2019Entrouvert"},"image":{"@id":"https:\/\/lentrouvert.com\/en\/#\/schema\/logo\/image\/"}}]}},"_links":{"self":[{"href":"https:\/\/lentrouvert.com\/en\/wp-json\/wp\/v2\/pages\/7888","targetHints":{"allow":["GET"]}}],"collection":[{"href":"https:\/\/lentrouvert.com\/en\/wp-json\/wp\/v2\/pages"}],"about":[{"href":"https:\/\/lentrouvert.com\/en\/wp-json\/wp\/v2\/types\/page"}],"author":[{"embeddable":true,"href":"https:\/\/lentrouvert.com\/en\/wp-json\/wp\/v2\/users\/2"}],"replies":[{"embeddable":true,"href":"https:\/\/lentrouvert.com\/en\/wp-json\/wp\/v2\/comments?post=7888"}],"version-history":[{"count":0,"href":"https:\/\/lentrouvert.com\/en\/wp-json\/wp\/v2\/pages\/7888\/revisions"}],"wp:attachment":[{"href":"https:\/\/lentrouvert.com\/en\/wp-json\/wp\/v2\/media?parent=7888"}],"curies":[{"name":"wp","href":"https:\/\/api.w.org\/{rel}","templated":true}]}}