{"id":7952,"date":"2020-07-16T10:01:32","date_gmt":"2020-07-16T09:01:32","guid":{"rendered":"https:\/\/lentrouvert.com\/calendrier-2014-2015\/"},"modified":"2025-10-14T12:24:37","modified_gmt":"2025-10-14T10:24:37","slug":"calendrier-2014-2015","status":"publish","type":"page","link":"https:\/\/lentrouvert.com\/en\/calendrier-2014-2015\/","title":{"rendered":"2014-2015"},"content":{"rendered":"<p>[et_pb_section fb_built=&#8221;1&#8243; _builder_version=&#8221;4.4.1&#8243; background_image=&#8221;https:\/\/lentrouvert.com\/wp-content\/uploads\/2020\/01\/contact.jpg&#8221; parallax=&#8221;on&#8221; parallax_method=&#8221;off&#8221; custom_padding=&#8221;||16px|||&#8221; locked=&#8221;off&#8221;][\/et_pb_section][et_pb_section fb_built=&#8221;1&#8243; admin_label=&#8221;section g\u00e9n\u00e9rale&#8221; _builder_version=&#8221;4.4.1&#8243; background_image=&#8221;https:\/\/lentrouvert.com\/wp-content\/uploads\/2020\/01\/contact.jpg&#8221; parallax=&#8221;on&#8221; parallax_method=&#8221;off&#8221; locked=&#8221;off&#8221; collapsed=&#8221;off&#8221;][et_pb_row use_custom_gutter=&#8221;on&#8221; gutter_width=&#8221;3&#8243; admin_label=&#8221;row&#8221; _builder_version=&#8221;4.2.2&#8243; column_structure=&#8221;2_3,1_3&#8243; background_size=&#8221;initial&#8221; background_position=&#8221;top_left&#8221; background_repeat=&#8221;repeat&#8221; background_color=&#8221;rgba(255,255,255,0.85)&#8221; custom_padding=&#8221;5px|5px|5px|5px|false|false&#8221;][et_pb_column type=&#8221;2_3&#8243; _builder_version=&#8221;3.25&#8243; custom_padding=&#8221;|||&#8221; custom_padding__hover=&#8221;|||&#8221;][et_pb_text admin_label=&#8221;Titre de page&#8221; _builder_version=&#8221;4.4.6&#8243; header_font=&#8221;Muli|200|||||||&#8221; header_text_color=&#8221;#666666&#8243; header_font_size=&#8221;60px&#8221; header_5_font=&#8221;Muli|600||on|||||&#8221; header_5_text_color=&#8221;#666666&#8243; header_5_font_size=&#8221;14px&#8221; header_5_line_height=&#8221;1.4em&#8221; custom_margin=&#8221;||0px||false|false&#8221; custom_padding=&#8221;15px|15px|15px|15px|false|false&#8221; header_font_size_tablet=&#8221;50px&#8221; header_font_size_phone=&#8221;&#8221; header_font_size_last_edited=&#8221;on|phone&#8221; background_enable_color=&#8221;off&#8221;]<\/p>\n<h1>Calendrier 2014 \u2013 2015<\/h1>\n<p>[\/et_pb_text][\/et_pb_column][et_pb_column type=&#8221;1_3&#8243; _builder_version=&#8221;3.25&#8243; custom_padding=&#8221;|||&#8221; custom_padding__hover=&#8221;|||&#8221;][et_pb_menu _builder_version=&#8221;4.4.7&#8243; menu_id=&#8221;14&#8243; menu_font=&#8221;|||on|||||&#8221; menu_font_size=&#8221;12px&#8221; menu_line_height=&#8221;0.9em&#8221; hover_enabled=&#8221;0&#8243; custom_padding=&#8221;5px|5px|5px|5px|false|false&#8221; background_enable_color=&#8221;off&#8221; global_module=&#8221;7618&#8243; saved_tabs=&#8221;all&#8221; locked=&#8221;off&#8221;][\/et_pb_menu][\/et_pb_column][\/et_pb_row][et_pb_row admin_label=&#8221;Anywhere titre&#8221; _builder_version=&#8221;4.2.2&#8243; custom_margin=&#8221;||0px||false|false&#8221; custom_padding=&#8221;||0px||false|false&#8221;][et_pb_column type=&#8221;4_4&#8243; _builder_version=&#8221;4.2.2&#8243;][et_pb_text _builder_version=&#8221;4.4.6&#8243; header_2_font=&#8221;Muli|200||on|||||&#8221; header_2_text_color=&#8221;#666666&#8243; header_2_font_size=&#8221;55px&#8221; background_color=&#8221;rgba(255,255,255,0.85)&#8221; custom_padding=&#8221;15px|15px|0px|15px|false|false&#8221;]<\/p>\n<h2>Impermanence<\/h2>\n<p>[\/et_pb_text][et_pb_text _builder_version=&#8221;4.4.6&#8243; header_2_font=&#8221;Muli|200||on|||||&#8221; header_2_text_color=&#8221;#666666&#8243; header_2_font_size=&#8221;55px&#8221; header_5_text_color=&#8221;#666666&#8243; background_color=&#8221;rgba(255,255,255,0.85)&#8221; min_height=&#8221;39px&#8221; custom_margin=&#8221;||||false|false&#8221; custom_padding=&#8221;15px|15px|0px|15px|false|false&#8221; locked=&#8221;off&#8221;]<\/p>\n<h5>Repr\u00e9sentations<\/h5>\n<p>[\/et_pb_text][\/et_pb_column][\/et_pb_row][et_pb_row column_structure=&#8221;1_5,3_5,1_5&#8243; _builder_version=&#8221;4.2.2&#8243; background_color=&#8221;rgba(255,255,255,0.85)&#8221; custom_margin=&#8221;0px||||false|false&#8221; custom_padding=&#8221;15px|15px|15px|15px|false|false&#8221; border_width_top=&#8221;1px&#8221; border_color_top=&#8221;#919191&#8243; border_style_top=&#8221;dotted&#8221;][et_pb_column type=&#8221;1_5&#8243; _builder_version=&#8221;4.2.2&#8243;][et_pb_text admin_label=&#8221;date&#8221; _builder_version=&#8221;4.4.6&#8243; text_font=&#8221;Muli|300|||||||&#8221; text_font_size=&#8221;13px&#8221; text_line_height=&#8221;1.1em&#8221; custom_margin=&#8221;||10px||false|false&#8221;]<\/p>\n<p><span class=\"dates\">25 OCT<\/span> 20:00<br \/><span class=\"dates\">26 OCT<\/span> 17:00<br \/>27 OCT 15:00<br \/>27 OCT 20:00<\/p>\n<p>[\/et_pb_text][\/et_pb_column][et_pb_column type=&#8221;3_5&#8243; _builder_version=&#8221;4.2.2&#8243;][et_pb_text content_tablet=&#8221;<\/p>\n<p>\n            <span style=%22color: #000000;%22>FRICHE DE LA BELLE DE MAI<\/span>\n          <\/p>\n<p>        &#8221; content_phone=&#8221;&#8221; content_last_edited=&#8221;on|phone&#8221; admin_label=&#8221;Lieu&#8221; _builder_version=&#8221;4.4.6&#8243; text_font=&#8221;Muli|300|||||||&#8221; text_text_color=&#8221;#666666&#8243; text_font_size=&#8221;14px&#8221; text_line_height=&#8221;1.1em&#8221; background_layout=&#8221;dark&#8221; width=&#8221;100%&#8221;]<\/p>\n<p>\n            <span style=\"color: #000000;\">FRICHE DE LA BELLE DE MAI<br \/>\n  <span style=\"color: #999999;\">FRICHE DE LA BELLE DE MAI<\/span><br \/>\n  <br \/>\n    <span style=\"color: #999999;\">FRICHE DE LA BELLE DE MAI<\/span><br \/>\n    <br \/>\n      <span style=\"color: #999999;\">FRICHE DE LA BELLE DE MAI<\/span><\/p>\n<p> <\/span><br \/>\n            <span style=\"color: #999999;\"><\/span>\n          <\/p>\n<p>[\/et_pb_text][\/et_pb_column][et_pb_column type=&#8221;1_5&#8243; _builder_version=&#8221;4.2.2&#8243;][et_pb_text admin_label=&#8221;Pays + ville &#8221; _builder_version=&#8221;4.4.6&#8243; text_font=&#8221;Muli|600|||||||&#8221;]<\/p>\n<p>Marseille (13)<\/p>\n<p>[\/et_pb_text][\/et_pb_column][\/et_pb_row][et_pb_row column_structure=&#8221;1_5,3_5,1_5&#8243; _builder_version=&#8221;4.2.2&#8243; background_color=&#8221;rgba(255,255,255,0.85)&#8221; custom_margin=&#8221;0px||||false|false&#8221; custom_padding=&#8221;15px|15px|15px|15px|false|false&#8221; border_width_top=&#8221;1px&#8221; border_color_top=&#8221;#919191&#8243; border_style_top=&#8221;dotted&#8221;][et_pb_column type=&#8221;1_5&#8243; _builder_version=&#8221;4.2.2&#8243;][et_pb_text admin_label=&#8221;date&#8221; _builder_version=&#8221;4.4.6&#8243; text_font=&#8221;Muli|300|||||||&#8221; text_font_size=&#8221;13px&#8221; text_line_height=&#8221;1.1em&#8221; custom_margin=&#8221;||10px||false|false&#8221;]<\/p>\n<p><span class=\"dates\">18 NOV<\/span> 20:00<br \/><span class=\"dates\">19 NOV<\/span> 10:30<br \/><span class=\"dates\">19 NOV<\/span> 20:00<br \/>20 NOV 14:30<br \/><span class=\"dates\">20 NOV<\/span> 20:00<br \/><span class=\"dates\"><\/span><\/p>\n<p>[\/et_pb_text][\/et_pb_column][et_pb_column type=&#8221;3_5&#8243; _builder_version=&#8221;4.2.2&#8243;][et_pb_text content_tablet=&#8221;<\/p>\n<p>\n            <span style=%22color: #000000;%22>CARREAU DU TEMPLE<\/span>\n          <\/p>\n<p>        &#8221; content_phone=&#8221;<\/p>\n<p>\n            <span style=%22color: #000000;%22>CARREAU DU TEMPLE<\/span>\n          <\/p>\n<p>        &#8221; content_last_edited=&#8221;on|phone&#8221; admin_label=&#8221;Lieu&#8221; _builder_version=&#8221;4.4.6&#8243; text_font=&#8221;Muli|300|||||||&#8221; text_text_color=&#8221;#666666&#8243; text_font_size=&#8221;14px&#8221; text_line_height=&#8221;1.1em&#8221; link_text_color=&#8221;#333333&#8243; background_layout=&#8221;dark&#8221; width=&#8221;100%&#8221;]<\/p>\n<p>\n            <span style=\"color: #000000;\">CARREAU DU TEMPLE<br \/><span style=\"color: #999999;\">CARREAU DU TEMPLE<\/span><br \/><span style=\"color: #999999;\">CARREAU DU TEMPLE<\/span><br \/><span style=\"color: #999999;\">CARREAU DU TEMPLE<\/span><br \/><span style=\"color: #999999;\">CARREAU DU TEMPLE<\/span><br \/><\/span>\n          <\/p>\n<p>[\/et_pb_text][\/et_pb_column][et_pb_column type=&#8221;1_5&#8243; _builder_version=&#8221;4.2.2&#8243;][et_pb_text admin_label=&#8221;Pays + ville &#8221; _builder_version=&#8221;4.4.6&#8243; text_font=&#8221;Muli|600|||||||&#8221;]<\/p>\n<p>Paris (75)<\/p>\n<p>[\/et_pb_text][\/et_pb_column][\/et_pb_row][et_pb_row column_structure=&#8221;1_5,3_5,1_5&#8243; _builder_version=&#8221;4.2.2&#8243; background_color=&#8221;rgba(255,255,255,0.85)&#8221; custom_margin=&#8221;0px||||false|false&#8221; custom_padding=&#8221;15px|15px|15px|15px|false|false&#8221; border_width_top=&#8221;1px&#8221; border_color_top=&#8221;#919191&#8243; border_style_top=&#8221;dotted&#8221;][et_pb_column type=&#8221;1_5&#8243; _builder_version=&#8221;4.2.2&#8243;][et_pb_text admin_label=&#8221;date&#8221; _builder_version=&#8221;4.4.6&#8243; text_font=&#8221;Muli|300|||||||&#8221; text_font_size=&#8221;13px&#8221; text_line_height=&#8221;1.1em&#8221; custom_margin=&#8221;||10px||false|false&#8221;]<\/p>\n<p><span class=\"dates\">03 DEC<\/span> 20:00<span class=\"dates\"><\/span><br \/>04 <span class=\"dates\">DEC<\/span> 14:00<br \/>04 <span class=\"dates\">DEC<\/span> 20:00<br \/>05 <span class=\"dates\">DEC<\/span> 14:00<br \/>05 <span class=\"dates\">DEC<\/span> 20:00<\/p>\n<p>[\/et_pb_text][\/et_pb_column][et_pb_column type=&#8221;3_5&#8243; _builder_version=&#8221;4.2.2&#8243;][et_pb_text content_tablet=&#8221;<\/p>\n<p>\n            <span style=%22color: #000000;%22>TH\u00c9\u00c2TRE LE LIBERT\u00c9<\/span>\n          <\/p>\n<p>        &#8221; content_phone=&#8221;<\/p>\n<p>\n            <span style=%22color: #000000;%22>TH\u00c9\u00c2TRE LE LIBERT\u00c9<\/span>\n          <\/p>\n<p>        &#8221; content_last_edited=&#8221;on|phone&#8221; admin_label=&#8221;Lieu&#8221; _builder_version=&#8221;4.4.6&#8243; text_font=&#8221;Muli|300|||||||&#8221; text_text_color=&#8221;#666666&#8243; text_font_size=&#8221;14px&#8221; text_line_height=&#8221;1.1em&#8221; link_text_color=&#8221;#333333&#8243; background_layout=&#8221;dark&#8221; width=&#8221;100%&#8221;]<\/p>\n<p>\n            <span style=\"color: #000000;\">TH\u00c9\u00c2TRE LE LIBERT\u00c9<br \/>\n  <span style=\"color: #999999;\">TH\u00c9\u00c2TRE LE LIBERT\u00c9<\/span><br \/>\n  <br \/>\n    <span style=\"color: #999999;\">TH\u00c9\u00c2TRE LE LIBERT\u00c9<\/span><br \/>\n    <br \/>\n      <span style=\"color: #999999;\">TH\u00c9\u00c2TRE LE LIBERT\u00c9<\/span><br \/>\n      <br \/>\n        <span style=\"color: #999999;\">TH\u00c9\u00c2TRE LE LIBERT\u00c9<\/span><\/p>\n<p> <\/span>\n          <\/p>\n<p>[\/et_pb_text][\/et_pb_column][et_pb_column type=&#8221;1_5&#8243; _builder_version=&#8221;4.2.2&#8243;][et_pb_text admin_label=&#8221;Pays + ville &#8221; _builder_version=&#8221;4.4.6&#8243; text_font=&#8221;Muli|600|||||||&#8221;]<\/p>\n<p>Toulon (83)<\/p>\n<p>[\/et_pb_text][\/et_pb_column][\/et_pb_row][et_pb_row column_structure=&#8221;1_5,3_5,1_5&#8243; _builder_version=&#8221;4.2.2&#8243; background_color=&#8221;rgba(255,255,255,0.85)&#8221; custom_margin=&#8221;0px||||false|false&#8221; custom_padding=&#8221;15px|15px|15px|15px|false|false&#8221; border_width_top=&#8221;1px&#8221; border_color_top=&#8221;#919191&#8243; border_style_top=&#8221;dotted&#8221;][et_pb_column type=&#8221;1_5&#8243; _builder_version=&#8221;4.2.2&#8243;][et_pb_text admin_label=&#8221;date&#8221; _builder_version=&#8221;4.4.6&#8243; text_font=&#8221;Muli|300|||||||&#8221; text_font_size=&#8221;13px&#8221; text_line_height=&#8221;1.1em&#8221; custom_margin=&#8221;||10px||false|false&#8221;]<\/p>\n<p><span class=\"dates\">11 DEC<\/span> 14:30<br \/><span class=\"dates\">12 DEC<\/span> 10:00<br \/><span class=\"dates\">12 DEC<\/span> 20:30<\/p>\n<p>[\/et_pb_text][\/et_pb_column][et_pb_column type=&#8221;3_5&#8243; _builder_version=&#8221;4.2.2&#8243;][et_pb_text content_tablet=&#8221;<\/p>\n<p>\n            <span style=%22color: #000000;%22>V\u00c9LO-TH\u00c9\u00c2TRE, SC\u00c8NE CONVENTIONN\u00c9E<\/span>\n          <\/p>\n<p>        &#8221; content_phone=&#8221;<\/p>\n<p>\n            <span style=%22color: #000000;%22>V\u00c9LO-TH\u00c9\u00c2TRE, SC\u00c8NE CONVENTIONN\u00c9E<\/span>\n          <\/p>\n<p>        &#8221; content_last_edited=&#8221;on|phone&#8221; admin_label=&#8221;Lieu&#8221; _builder_version=&#8221;4.4.6&#8243; text_font=&#8221;Muli|300|||||||&#8221; text_text_color=&#8221;#666666&#8243; text_font_size=&#8221;14px&#8221; text_line_height=&#8221;1.1em&#8221; link_text_color=&#8221;#333333&#8243; background_layout=&#8221;dark&#8221; width=&#8221;100%&#8221;]<\/p>\n<p><span style=\"color: #000000;\">V\u00c9LO-TH\u00c9\u00c2TRE, SC\u00c8NE CONVENTIONN\u00c9E<\/span><br \/>\n  <span style=\"color: #999999;\">V\u00c9LO-TH\u00c9\u00c2TRE, SC\u00c8NE CONVENTIONN\u00c9E<\/span><br \/>\n  <br \/>\n    <span style=\"color: #999999;\">V\u00c9LO-TH\u00c9\u00c2TRE, SC\u00c8NE CONVENTIONN\u00c9E<\/span><\/p>\n<p>[\/et_pb_text][\/et_pb_column][et_pb_column type=&#8221;1_5&#8243; _builder_version=&#8221;4.2.2&#8243;][et_pb_text admin_label=&#8221;Pays + ville &#8221; _builder_version=&#8221;4.4.6&#8243; text_font=&#8221;Muli|600|||||||&#8221;]<\/p>\n<p>Grenoble (38)<\/p>\n<p>[\/et_pb_text][\/et_pb_column][\/et_pb_row][et_pb_row column_structure=&#8221;1_5,3_5,1_5&#8243; _builder_version=&#8221;4.2.2&#8243; background_color=&#8221;rgba(255,255,255,0.85)&#8221; custom_margin=&#8221;0px||||false|false&#8221; custom_padding=&#8221;15px|15px|15px|15px|false|false&#8221; border_width_top=&#8221;1px&#8221; border_color_top=&#8221;#919191&#8243; border_style_top=&#8221;dotted&#8221;][et_pb_column type=&#8221;1_5&#8243; _builder_version=&#8221;4.2.2&#8243;][et_pb_text admin_label=&#8221;date&#8221; _builder_version=&#8221;4.4.6&#8243; text_font=&#8221;Muli|300|||||||&#8221; text_font_size=&#8221;13px&#8221; text_line_height=&#8221;1.1em&#8221; custom_margin=&#8221;||10px||false|false&#8221;]<\/p>\n<p><span class=\"dates\">14 MAR<\/span> 20:00<br \/><span class=\"dates\">15 MAR<\/span> 20:00<\/p>\n<p>[\/et_pb_text][\/et_pb_column][et_pb_column type=&#8221;3_5&#8243; _builder_version=&#8221;4.2.2&#8243;][et_pb_text content_tablet=&#8221;<\/p>\n<p>\n            <span style=%22color: #000000;%22>TEATRO CONTI &#8211; CENTRO CULTURAL DE LA MEMORIA<\/span>\n          <\/p>\n<p>        &#8221; content_phone=&#8221;<\/p>\n<p>\n            <span style=%22color: #000000;%22>TEATRO CONTI &#8211; CENTRO CULTURAL DE LA MEMORIA<\/span>\n          <\/p>\n<p>        &#8221; content_last_edited=&#8221;on|phone&#8221; admin_label=&#8221;Lieu&#8221; _builder_version=&#8221;4.4.6&#8243; text_font=&#8221;Muli|300|||||||&#8221; text_text_color=&#8221;#666666&#8243; text_font_size=&#8221;14px&#8221; text_line_height=&#8221;1.1em&#8221; link_text_color=&#8221;#333333&#8243; background_layout=&#8221;dark&#8221; width=&#8221;100%&#8221;]<\/p>\n<p><span style=\"color: #000000;\">TEATRO CONTI &#8211; CENTRO CULTURAL DE LA MEMORIA<\/span><br \/>\n  <span style=\"color: #999999;\">TEATRO CONTI &#8211; CENTRO CULTURAL DE LA MEMORIA<\/span>\n<\/p>\n<p>[\/et_pb_text][\/et_pb_column][et_pb_column type=&#8221;1_5&#8243; _builder_version=&#8221;4.2.2&#8243;][et_pb_text admin_label=&#8221;Pays + ville &#8221; _builder_version=&#8221;4.4.6&#8243; text_font=&#8221;Muli|600|||||||&#8221;]<\/p>\n<p>Buenos-Aire (ARG)<\/p>\n<p>[\/et_pb_text][\/et_pb_column][\/et_pb_row][et_pb_row column_structure=&#8221;1_5,3_5,1_5&#8243; _builder_version=&#8221;4.2.2&#8243; background_color=&#8221;rgba(255,255,255,0.85)&#8221; custom_margin=&#8221;0px||||false|false&#8221; custom_padding=&#8221;15px|15px|15px|15px|false|false&#8221; border_width_top=&#8221;1px&#8221; border_color_top=&#8221;#919191&#8243; border_style_top=&#8221;dotted&#8221;][et_pb_column type=&#8221;1_5&#8243; _builder_version=&#8221;4.2.2&#8243;][et_pb_text admin_label=&#8221;date&#8221; _builder_version=&#8221;4.4.6&#8243; text_font=&#8221;Muli|300|||||||&#8221; text_font_size=&#8221;13px&#8221; text_line_height=&#8221;1.1em&#8221; custom_margin=&#8221;||10px||false|false&#8221;]<\/p>\n<p><span class=\"dates\">19 MAR<\/span> 20:00<span class=\"dates\"><\/span><\/p>\n<p>[\/et_pb_text][\/et_pb_column][et_pb_column type=&#8221;3_5&#8243; _builder_version=&#8221;4.2.2&#8243;][et_pb_text content_tablet=&#8221;<\/p>\n<p>\n            <span style=%22color: #000000;%22>TEATRO MUNICIPAL LA COMEDIA<\/span>\n          <\/p>\n<p>        &#8221; content_phone=&#8221;<\/p>\n<p>\n            <span style=%22color: #000000;%22>TEATRO MUNICIPAL LA COMEDIA<\/span>\n          <\/p>\n<p>        &#8221; content_last_edited=&#8221;on|phone&#8221; admin_label=&#8221;Lieu&#8221; _builder_version=&#8221;4.4.6&#8243; text_font=&#8221;Muli|300|||||||&#8221; text_text_color=&#8221;#666666&#8243; text_font_size=&#8221;14px&#8221; text_line_height=&#8221;1.1em&#8221; link_text_color=&#8221;#333333&#8243; background_layout=&#8221;dark&#8221; width=&#8221;100%&#8221;]<\/p>\n<p>\n            <span style=\"color: #000000;\">TEATRO MUNICIPAL LA COMEDIA<\/span>\n          <\/p>\n<p>[\/et_pb_text][\/et_pb_column][et_pb_column type=&#8221;1_5&#8243; _builder_version=&#8221;4.2.2&#8243;][et_pb_text admin_label=&#8221;Pays + ville &#8221; _builder_version=&#8221;4.4.6&#8243; text_font=&#8221;Muli|600|||||||&#8221;]<\/p>\n<p>Rosario (ARG)<\/p>\n<p>[\/et_pb_text][\/et_pb_column][\/et_pb_row][et_pb_row column_structure=&#8221;1_5,3_5,1_5&#8243; _builder_version=&#8221;4.2.2&#8243; background_color=&#8221;rgba(255,255,255,0.85)&#8221; custom_margin=&#8221;0px||||false|false&#8221; custom_padding=&#8221;15px|15px|15px|15px|false|false&#8221; border_width_top=&#8221;1px&#8221; border_color_top=&#8221;#919191&#8243; border_style_top=&#8221;dotted&#8221;][et_pb_column type=&#8221;1_5&#8243; _builder_version=&#8221;4.2.2&#8243;][et_pb_text admin_label=&#8221;date&#8221; _builder_version=&#8221;4.4.6&#8243; text_font=&#8221;Muli|300|||||||&#8221; text_font_size=&#8221;13px&#8221; text_line_height=&#8221;1.1em&#8221; custom_margin=&#8221;||10px||false|false&#8221;]<\/p>\n<p><span class=\"dates\">24 MAR<\/span> 19:00<br \/><span class=\"dates\">25 MAR<\/span> 19:00<\/p>\n<p>[\/et_pb_text][\/et_pb_column][et_pb_column type=&#8221;3_5&#8243; _builder_version=&#8221;4.2.2&#8243;][et_pb_text content_tablet=&#8221;<\/p>\n<p>\n            <span style=%22color: #000000;%22>AUDITORIO NACIONAL DEL SODRE<\/span>\n          <\/p>\n<p>        &#8221; content_phone=&#8221;<\/p>\n<p>\n            <span style=%22color: #000000;%22>AUDITORIO NACIONAL DEL SODRE<\/span>\n          <\/p>\n<p>        &#8221; content_last_edited=&#8221;on|phone&#8221; admin_label=&#8221;Lieu&#8221; _builder_version=&#8221;4.4.6&#8243; text_font=&#8221;Muli|300|||||||&#8221; text_text_color=&#8221;#666666&#8243; text_font_size=&#8221;14px&#8221; text_line_height=&#8221;1.1em&#8221; link_text_color=&#8221;#333333&#8243; background_layout=&#8221;dark&#8221; width=&#8221;100%&#8221;]<\/p>\n<p><span style=\"color: #000000;\">AUDITORIO NACIONAL DEL SODRE<\/span><br \/>\n  <span style=\"color: #999999;\">AUDITORIO NACIONAL DEL SODRE<\/span>\n<\/p>\n<p>[\/et_pb_text][\/et_pb_column][et_pb_column type=&#8221;1_5&#8243; _builder_version=&#8221;4.2.2&#8243;][et_pb_text admin_label=&#8221;Pays + ville &#8221; _builder_version=&#8221;4.4.6&#8243; text_font=&#8221;Muli|600|||||||&#8221;]<\/p>\n<p>Montevideo (URU)<\/p>\n<p>[\/et_pb_text][\/et_pb_column][\/et_pb_row][et_pb_row column_structure=&#8221;1_5,3_5,1_5&#8243; _builder_version=&#8221;4.2.2&#8243; background_color=&#8221;rgba(255,255,255,0.85)&#8221; custom_margin=&#8221;0px||||false|false&#8221; custom_padding=&#8221;15px|15px|15px|15px|false|false&#8221; border_width_top=&#8221;1px&#8221; border_color_top=&#8221;#919191&#8243; border_style_top=&#8221;dotted&#8221;][et_pb_column type=&#8221;1_5&#8243; _builder_version=&#8221;4.2.2&#8243;][et_pb_text admin_label=&#8221;date&#8221; _builder_version=&#8221;4.4.6&#8243; text_font=&#8221;Muli|300|||||||&#8221; text_font_size=&#8221;13px&#8221; text_line_height=&#8221;1.1em&#8221; header_font=&#8221;Muli|300|||||||&#8221; custom_margin=&#8221;||10px||false|false&#8221;]<\/p>\n<p>09 AVR 14:00<br \/>10 AVR 19:30<\/p>\n<p>[\/et_pb_text][\/et_pb_column][et_pb_column type=&#8221;3_5&#8243; _builder_version=&#8221;4.2.2&#8243;][et_pb_text content_tablet=&#8221;<\/p>\n<p>\n            <span style=%22color: #000000;%22>TH\u00c9\u00c2TRE G\u00c9RARD-PHILIPPE<\/span>\n          <\/p>\n<p>        &#8221; content_phone=&#8221;<\/p>\n<p>\n            <span style=%22color: #000000;%22>TH\u00c9\u00c2TRE G\u00c9RARD-PHILIPPE<\/span>\n          <\/p>\n<p>        &#8221; content_last_edited=&#8221;on|phone&#8221; admin_label=&#8221;Lieu&#8221; _builder_version=&#8221;4.4.6&#8243; text_font=&#8221;Muli|300|||||||&#8221; text_text_color=&#8221;#999999&#8243; text_font_size=&#8221;14px&#8221; text_line_height=&#8221;1.1em&#8221; link_text_color=&#8221;#333333&#8243; background_layout=&#8221;dark&#8221; width=&#8221;100%&#8221;]<\/p>\n<p><span style=\"color: #000000;\">TH\u00c9\u00c2TRE G\u00c9RARD-PHILIPPE<\/span><br \/>\n  <span style=\"color: #999999;\">TH\u00c9\u00c2TRE G\u00c9RARD-PHILIPPE<\/span>\n<\/p>\n<p>[\/et_pb_text][\/et_pb_column][et_pb_column type=&#8221;1_5&#8243; _builder_version=&#8221;4.2.2&#8243;][et_pb_text admin_label=&#8221;Pays + ville &#8221; _builder_version=&#8221;4.4.6&#8243; text_font=&#8221;Muli|600|||||||&#8221;]<\/p>\n<p>Frouard (54)<\/p>\n<p>[\/et_pb_text][\/et_pb_column][\/et_pb_row][et_pb_row _builder_version=&#8221;4.2.2&#8243; custom_padding=&#8221;||0px|||&#8221; locked=&#8221;off&#8221;][et_pb_column type=&#8221;4_4&#8243; _builder_version=&#8221;4.2.2&#8243;][et_pb_text _builder_version=&#8221;4.4.6&#8243; header_2_font=&#8221;Muli|200||on|||||&#8221; header_2_text_color=&#8221;#666666&#8243; header_2_font_size=&#8221;55px&#8221; background_color=&#8221;rgba(255,255,255,0.85)&#8221; custom_padding=&#8221;15px|15px|0px|15px|false|false&#8221;]<\/p>\n<h2>TRAVERS\u00c9ES \/ fragments<\/h2>\n<p>[\/et_pb_text][et_pb_text _builder_version=&#8221;4.4.6&#8243; header_2_font=&#8221;Muli|200||on|||||&#8221; header_2_text_color=&#8221;#666666&#8243; header_2_font_size=&#8221;55px&#8221; header_5_text_color=&#8221;#666666&#8243; background_color=&#8221;rgba(255,255,255,0.85)&#8221; min_height=&#8221;39px&#8221; custom_margin=&#8221;||||false|false&#8221; custom_padding=&#8221;15px|15px|0px|15px|false|false&#8221; locked=&#8221;off&#8221;]<\/p>\n<h5>Repr\u00e9sentations<\/h5>\n<p>[\/et_pb_text][\/et_pb_column][\/et_pb_row][et_pb_row column_structure=&#8221;1_5,3_5,1_5&#8243; _builder_version=&#8221;4.2.2&#8243; background_color=&#8221;rgba(255,255,255,0.85)&#8221; custom_margin=&#8221;0px||||false|false&#8221; custom_padding=&#8221;15px|15px|15px|15px|false|false&#8221; border_width_top=&#8221;1px&#8221; border_color_top=&#8221;#919191&#8243; border_style_top=&#8221;dotted&#8221; locked=&#8221;off&#8221;][et_pb_column type=&#8221;1_5&#8243; _builder_version=&#8221;4.2.2&#8243; background_enable_color=&#8221;off&#8221;][et_pb_text admin_label=&#8221;date&#8221; _builder_version=&#8221;4.4.6&#8243; text_font=&#8221;Muli|300|||||||&#8221; text_font_size=&#8221;13px&#8221; text_line_height=&#8221;1.1em&#8221; header_font=&#8221;Muli|300|||||||&#8221; custom_margin=&#8221;||10px||false|false&#8221;]<\/p>\n<p>\n            <span class=\"dates\">21 FEV 21:00<br \/> <\/span>\n          <\/p>\n<p>[\/et_pb_text][\/et_pb_column][et_pb_column type=&#8221;3_5&#8243; _builder_version=&#8221;4.2.2&#8243;][et_pb_text content_tablet=&#8221;<\/p>\n<p>\n            <span style=%22color: #000000;%22>LE PARVIS DES ARTS<\/span><br \/>\n            <br \/>\n            <span style=%22color: #999999;%22><\/span>\n          <\/p>\n<p>        &#8221; content_phone=&#8221;&#8221; content_last_edited=&#8221;on|phone&#8221; admin_label=&#8221;Lieu&#8221; _builder_version=&#8221;4.4.6&#8243; text_font=&#8221;Muli|300|||||||&#8221; text_text_color=&#8221;#1a1a1a&#8221; text_font_size=&#8221;14px&#8221; text_line_height=&#8221;1.1em&#8221; link_text_color=&#8221;#333333&#8243; background_layout=&#8221;dark&#8221; width=&#8221;100%&#8221;]<\/p>\n<p>\n            <span style=\"color: #000000;\">LE PARVIS DES ARTS<\/span><br \/>\n            <span style=\"color: #999999;\"><\/span>\n          <\/p>\n<p>[\/et_pb_text][\/et_pb_column][et_pb_column type=&#8221;1_5&#8243; _builder_version=&#8221;4.2.2&#8243;][et_pb_text admin_label=&#8221;Pays + ville &#8221; _builder_version=&#8221;4.4.6&#8243; text_font=&#8221;Muli|600|||||||&#8221; text_line_height=&#8221;1.1em&#8221; header_font=&#8221;Muli|100|||||||&#8221;]<\/p>\n<p>Marseille (13)<\/p>\n<p>[\/et_pb_text][\/et_pb_column][\/et_pb_row][et_pb_row column_structure=&#8221;1_5,3_5,1_5&#8243; _builder_version=&#8221;4.2.2&#8243; background_color=&#8221;rgba(255,255,255,0.85)&#8221; custom_margin=&#8221;0px||||false|false&#8221; custom_padding=&#8221;15px|15px|15px|15px|false|false&#8221; border_width_top=&#8221;1px&#8221; border_color_top=&#8221;#919191&#8243; border_style_top=&#8221;dotted&#8221; locked=&#8221;off&#8221;][et_pb_column type=&#8221;1_5&#8243; _builder_version=&#8221;4.2.2&#8243; background_enable_color=&#8221;off&#8221;][et_pb_text admin_label=&#8221;date&#8221; _builder_version=&#8221;4.4.6&#8243; text_font=&#8221;Muli|300|||||||&#8221; text_font_size=&#8221;13px&#8221; text_line_height=&#8221;1.1em&#8221; header_font=&#8221;Muli|300|||||||&#8221; custom_margin=&#8221;||10px||false|false&#8221;]<\/p>\n<p>\n            <span class=\"dates\">30 MAI 13:30<br \/>30 MAI 17:45<br \/><\/span>\n          <\/p>\n<p>[\/et_pb_text][\/et_pb_column][et_pb_column type=&#8221;3_5&#8243; _builder_version=&#8221;4.2.2&#8243;][et_pb_text content_tablet=&#8221;<\/p>\n<p>\n            <span style=%22color: #000000;%22>FESTIVAL LE SON DU LUB&apos;<\/span>\n          <\/p>\n<p>        &#8221; content_phone=&#8221;&#8221; content_last_edited=&#8221;on|phone&#8221; admin_label=&#8221;Lieu&#8221; _builder_version=&#8221;4.4.6&#8243; text_font=&#8221;Muli|300|||||||&#8221; text_text_color=&#8221;#1a1a1a&#8221; text_font_size=&#8221;14px&#8221; text_line_height=&#8221;1.1em&#8221; link_text_color=&#8221;#333333&#8243; background_layout=&#8221;dark&#8221; width=&#8221;100%&#8221;]<\/p>\n<p>\n            <span style=\"color: #000000;\">FESTIVAL LE SON DU LUB&#8217;<br \/><span style=\"color: #999999;\">FESTIVAL LE SON DU LUB&#8217;<\/span><br \/><\/span><br \/>\n            <span style=\"color: #999999;\"><\/span>\n          <\/p>\n<p>[\/et_pb_text][\/et_pb_column][et_pb_column type=&#8221;1_5&#8243; _builder_version=&#8221;4.2.2&#8243;][et_pb_text admin_label=&#8221;Pays + ville &#8221; _builder_version=&#8221;4.4.6&#8243; text_font=&#8221;Muli|600|||||||&#8221; text_line_height=&#8221;1.1em&#8221; header_font=&#8221;Muli|100|||||||&#8221;]<\/p>\n<p>Beaumont de Pertuis (84)<\/p>\n<p>[\/et_pb_text][\/et_pb_column][\/et_pb_row][et_pb_row column_structure=&#8221;1_5,3_5,1_5&#8243; _builder_version=&#8221;4.2.2&#8243; background_color=&#8221;rgba(255,255,255,0.85)&#8221; custom_margin=&#8221;0px||||false|false&#8221; custom_padding=&#8221;15px|15px|15px|15px|false|false&#8221; border_width_top=&#8221;1px&#8221; border_color_top=&#8221;#919191&#8243; border_style_top=&#8221;dotted&#8221; locked=&#8221;off&#8221;][et_pb_column type=&#8221;1_5&#8243; _builder_version=&#8221;4.2.2&#8243; background_enable_color=&#8221;off&#8221;][et_pb_text admin_label=&#8221;date&#8221; _builder_version=&#8221;4.4.6&#8243; text_font=&#8221;Muli|300|||||||&#8221; text_font_size=&#8221;13px&#8221; text_line_height=&#8221;1.1em&#8221; header_font=&#8221;Muli|300|||||||&#8221; custom_margin=&#8221;||10px||false|false&#8221;]<\/p>\n<p>28 SEP 17:00<\/p>\n<p>[\/et_pb_text][\/et_pb_column][et_pb_column type=&#8221;3_5&#8243; _builder_version=&#8221;4.2.2&#8243;][et_pb_text content_tablet=&#8221;<\/p>\n<p>\n            <span style=%22color: #000000;%22>MAISON DU LIVRE ET DE LA CULTURE<\/span><br \/>\n            <span style=%22color: #999999;%22><br \/> <\/span>\n          <\/p>\n<p>        &#8221; content_phone=&#8221;&#8221; content_last_edited=&#8221;on|phone&#8221; admin_label=&#8221;Lieu&#8221; _builder_version=&#8221;4.4.6&#8243; text_font=&#8221;Muli|300|||||||&#8221; text_text_color=&#8221;#1a1a1a&#8221; text_font_size=&#8221;14px&#8221; text_line_height=&#8221;1.1em&#8221; link_text_color=&#8221;#333333&#8243; background_layout=&#8221;dark&#8221; width=&#8221;100%&#8221;]<\/p>\n<p>\n            <span style=\"color: #000000;\">MAISON DU LIVRE ET DE LA CULTURE<br \/> <\/span>\n          <\/p>\n<p>[\/et_pb_text][\/et_pb_column][et_pb_column type=&#8221;1_5&#8243; _builder_version=&#8221;4.2.2&#8243;][et_pb_text admin_label=&#8221;Pays + ville &#8221; _builder_version=&#8221;4.4.6&#8243; text_font=&#8221;Muli|600|||||||&#8221; text_line_height=&#8221;1.1em&#8221; header_font=&#8221;Muli|100|||||||&#8221;]<\/p>\n<p>Bonnieux (84)<\/p>\n<p>[\/et_pb_text][\/et_pb_column][\/et_pb_row][\/et_pb_section]<\/p>\n","protected":false},"excerpt":{"rendered":"<p>Calendrier 2014 \u2013 2015ImpermanenceRepr\u00e9sentations25 OCT 20:0026 OCT 17:0027 OCT 15:0027 OCT 20:00 FRICHE DE LA BELLE DE MAI FRICHE DE LA BELLE DE MAI FRICHE DE LA BELLE DE MAI [&hellip;]<\/p>\n","protected":false},"author":2,"featured_media":0,"parent":0,"menu_order":5,"comment_status":"closed","ping_status":"closed","template":"","meta":{"_et_pb_use_builder":"on","_et_pb_old_content":"","_et_gb_content_width":"","footnotes":""},"class_list":["post-7952","page","type-page","status-publish","hentry"],"yoast_head":"<!-- This site is optimized with the Yoast SEO plugin v27.5 - https:\/\/yoast.com\/product\/yoast-seo-wordpress\/ -->\n<title>2014-2015 - Th\u00e9\u00e2tre de l&#039;Entrouvert<\/title>\n<meta name=\"robots\" content=\"index, follow, max-snippet:-1, max-image-preview:large, max-video-preview:-1\" \/>\n<link rel=\"canonical\" href=\"https:\/\/lentrouvert.com\/en\/calendrier-2014-2015\/\" \/>\n<meta property=\"og:locale\" content=\"en_US\" \/>\n<meta property=\"og:type\" content=\"article\" \/>\n<meta property=\"og:title\" content=\"2014-2015 - Th\u00e9\u00e2tre de l&#039;Entrouvert\" \/>\n<meta property=\"og:description\" content=\"Calendrier 2014 \u2013 2015ImpermanenceRepr\u00e9sentations25 OCT 20:0026 OCT 17:0027 OCT 15:0027 OCT 20:00 FRICHE DE LA BELLE DE MAI FRICHE DE LA BELLE DE MAI FRICHE DE LA BELLE DE MAI [&hellip;]\" \/>\n<meta property=\"og:url\" content=\"https:\/\/lentrouvert.com\/en\/calendrier-2014-2015\/\" \/>\n<meta property=\"og:site_name\" content=\"Th\u00e9\u00e2tre de l&#039;Entrouvert\" \/>\n<meta property=\"article:modified_time\" content=\"2025-10-14T10:24:37+00:00\" \/>\n<meta name=\"twitter:card\" content=\"summary_large_image\" \/>\n<meta name=\"twitter:label1\" content=\"Est. reading time\" \/>\n\t<meta name=\"twitter:data1\" content=\"12 minutes\" \/>\n<script type=\"application\/ld+json\" class=\"yoast-schema-graph\">{\"@context\":\"https:\\\/\\\/schema.org\",\"@graph\":[{\"@type\":\"WebPage\",\"@id\":\"https:\\\/\\\/lentrouvert.com\\\/en\\\/calendrier-2014-2015\\\/\",\"url\":\"https:\\\/\\\/lentrouvert.com\\\/en\\\/calendrier-2014-2015\\\/\",\"name\":\"2014-2015 - Th\u00e9\u00e2tre de l&#039;Entrouvert\",\"isPartOf\":{\"@id\":\"https:\\\/\\\/lentrouvert.com\\\/en\\\/#website\"},\"datePublished\":\"2020-07-16T09:01:32+00:00\",\"dateModified\":\"2025-10-14T10:24:37+00:00\",\"breadcrumb\":{\"@id\":\"https:\\\/\\\/lentrouvert.com\\\/en\\\/calendrier-2014-2015\\\/#breadcrumb\"},\"inLanguage\":\"en-US\",\"potentialAction\":[{\"@type\":\"ReadAction\",\"target\":[\"https:\\\/\\\/lentrouvert.com\\\/en\\\/calendrier-2014-2015\\\/\"]}]},{\"@type\":\"BreadcrumbList\",\"@id\":\"https:\\\/\\\/lentrouvert.com\\\/en\\\/calendrier-2014-2015\\\/#breadcrumb\",\"itemListElement\":[{\"@type\":\"ListItem\",\"position\":1,\"name\":\"Accueil\",\"item\":\"https:\\\/\\\/lentrouvert.com\\\/en\\\/spectacle-de-marionnette-contemporaine\\\/\"},{\"@type\":\"ListItem\",\"position\":2,\"name\":\"2014-2015\"}]},{\"@type\":\"WebSite\",\"@id\":\"https:\\\/\\\/lentrouvert.com\\\/en\\\/#website\",\"url\":\"https:\\\/\\\/lentrouvert.com\\\/en\\\/\",\"name\":\"Th\u00e9\u00e2tre de l&#039;Entrouvert\",\"description\":\"Elise Vigneron\",\"publisher\":{\"@id\":\"https:\\\/\\\/lentrouvert.com\\\/en\\\/#organization\"},\"potentialAction\":[{\"@type\":\"SearchAction\",\"target\":{\"@type\":\"EntryPoint\",\"urlTemplate\":\"https:\\\/\\\/lentrouvert.com\\\/en\\\/?s={search_term_string}\"},\"query-input\":{\"@type\":\"PropertyValueSpecification\",\"valueRequired\":true,\"valueName\":\"search_term_string\"}}],\"inLanguage\":\"en-US\"},{\"@type\":\"Organization\",\"@id\":\"https:\\\/\\\/lentrouvert.com\\\/en\\\/#organization\",\"name\":\"Th\u00e9\u00e2tre de l\u2019Entrouvert\",\"url\":\"https:\\\/\\\/lentrouvert.com\\\/en\\\/\",\"logo\":{\"@type\":\"ImageObject\",\"inLanguage\":\"en-US\",\"@id\":\"https:\\\/\\\/lentrouvert.com\\\/en\\\/#\\\/schema\\\/logo\\\/image\\\/\",\"url\":\"\",\"contentUrl\":\"\",\"caption\":\"Th\u00e9\u00e2tre de l\u2019Entrouvert\"},\"image\":{\"@id\":\"https:\\\/\\\/lentrouvert.com\\\/en\\\/#\\\/schema\\\/logo\\\/image\\\/\"}}]}<\/script>\n<!-- \/ Yoast SEO plugin. -->","yoast_head_json":{"title":"2014-2015 - Th\u00e9\u00e2tre de l&#039;Entrouvert","robots":{"index":"index","follow":"follow","max-snippet":"max-snippet:-1","max-image-preview":"max-image-preview:large","max-video-preview":"max-video-preview:-1"},"canonical":"https:\/\/lentrouvert.com\/en\/calendrier-2014-2015\/","og_locale":"en_US","og_type":"article","og_title":"2014-2015 - Th\u00e9\u00e2tre de l&#039;Entrouvert","og_description":"Calendrier 2014 \u2013 2015ImpermanenceRepr\u00e9sentations25 OCT 20:0026 OCT 17:0027 OCT 15:0027 OCT 20:00 FRICHE DE LA BELLE DE MAI FRICHE DE LA BELLE DE MAI FRICHE DE LA BELLE DE MAI [&hellip;]","og_url":"https:\/\/lentrouvert.com\/en\/calendrier-2014-2015\/","og_site_name":"Th\u00e9\u00e2tre de l&#039;Entrouvert","article_modified_time":"2025-10-14T10:24:37+00:00","twitter_card":"summary_large_image","twitter_misc":{"Est. reading time":"12 minutes"},"schema":{"@context":"https:\/\/schema.org","@graph":[{"@type":"WebPage","@id":"https:\/\/lentrouvert.com\/en\/calendrier-2014-2015\/","url":"https:\/\/lentrouvert.com\/en\/calendrier-2014-2015\/","name":"2014-2015 - Th\u00e9\u00e2tre de l&#039;Entrouvert","isPartOf":{"@id":"https:\/\/lentrouvert.com\/en\/#website"},"datePublished":"2020-07-16T09:01:32+00:00","dateModified":"2025-10-14T10:24:37+00:00","breadcrumb":{"@id":"https:\/\/lentrouvert.com\/en\/calendrier-2014-2015\/#breadcrumb"},"inLanguage":"en-US","potentialAction":[{"@type":"ReadAction","target":["https:\/\/lentrouvert.com\/en\/calendrier-2014-2015\/"]}]},{"@type":"BreadcrumbList","@id":"https:\/\/lentrouvert.com\/en\/calendrier-2014-2015\/#breadcrumb","itemListElement":[{"@type":"ListItem","position":1,"name":"Accueil","item":"https:\/\/lentrouvert.com\/en\/spectacle-de-marionnette-contemporaine\/"},{"@type":"ListItem","position":2,"name":"2014-2015"}]},{"@type":"WebSite","@id":"https:\/\/lentrouvert.com\/en\/#website","url":"https:\/\/lentrouvert.com\/en\/","name":"Th\u00e9\u00e2tre de l&#039;Entrouvert","description":"Elise Vigneron","publisher":{"@id":"https:\/\/lentrouvert.com\/en\/#organization"},"potentialAction":[{"@type":"SearchAction","target":{"@type":"EntryPoint","urlTemplate":"https:\/\/lentrouvert.com\/en\/?s={search_term_string}"},"query-input":{"@type":"PropertyValueSpecification","valueRequired":true,"valueName":"search_term_string"}}],"inLanguage":"en-US"},{"@type":"Organization","@id":"https:\/\/lentrouvert.com\/en\/#organization","name":"Th\u00e9\u00e2tre de l\u2019Entrouvert","url":"https:\/\/lentrouvert.com\/en\/","logo":{"@type":"ImageObject","inLanguage":"en-US","@id":"https:\/\/lentrouvert.com\/en\/#\/schema\/logo\/image\/","url":"","contentUrl":"","caption":"Th\u00e9\u00e2tre de l\u2019Entrouvert"},"image":{"@id":"https:\/\/lentrouvert.com\/en\/#\/schema\/logo\/image\/"}}]}},"_links":{"self":[{"href":"https:\/\/lentrouvert.com\/en\/wp-json\/wp\/v2\/pages\/7952","targetHints":{"allow":["GET"]}}],"collection":[{"href":"https:\/\/lentrouvert.com\/en\/wp-json\/wp\/v2\/pages"}],"about":[{"href":"https:\/\/lentrouvert.com\/en\/wp-json\/wp\/v2\/types\/page"}],"author":[{"embeddable":true,"href":"https:\/\/lentrouvert.com\/en\/wp-json\/wp\/v2\/users\/2"}],"replies":[{"embeddable":true,"href":"https:\/\/lentrouvert.com\/en\/wp-json\/wp\/v2\/comments?post=7952"}],"version-history":[{"count":0,"href":"https:\/\/lentrouvert.com\/en\/wp-json\/wp\/v2\/pages\/7952\/revisions"}],"wp:attachment":[{"href":"https:\/\/lentrouvert.com\/en\/wp-json\/wp\/v2\/media?parent=7952"}],"curies":[{"name":"wp","href":"https:\/\/api.w.org\/{rel}","templated":true}]}}